{"id":39411,"date":"2026-08-27T08:00:20","date_gmt":"2026-08-27T06:00:20","guid":{"rendered":"https:\/\/www.monbailleur.fr\/offres-emploi\/poste\/gestionnaire-technique-h-f-3"},"modified":"2026-08-27T08:00:20","modified_gmt":"2026-08-27T06:00:20","slug":"gestionnaire-technique-h-f-3","status":"publish","type":"job_listing","link":"https:\/\/www.monbailleur.fr\/offres-emploi\/poste\/gestionnaire-technique-h-f-3","title":{"rendered":"Gestionnaire technique H\/F"},"content":{"rendered":"<h2>L&rsquo;entreprise:<\/h2>\n<\/p>\n<p>Alsace Habitat est une soci\u00e9t\u00e9 d\u2019\u00e9conomie mixte bas\u00e9e \u00e0 Strasbourg, partenaire privil\u00e9gi\u00e9 de la Collectivit\u00e9 europ\u00e9enne d\u2019Alsace. Avec plus de 230 collaborateurs et un parc de 17 000 logements, l\u2019entreprise construit, am\u00e9nage et r\u00e9habilite des logements aid\u00e9s, des r\u00e9sidences s\u00e9niors, des gendarmeries, des foyers \u00e9tudiants et jeunes travailleurs, sur l\u2019ensemble du territoire bas-rhinois. Mixit\u00e9, solidarit\u00e9, progr\u00e8s et d\u00e9veloppement durable sont les valeurs qui guident Alsace Habitat au quotidien. L\u2019entreprise est labellis\u00e9e \u00ab Alsace Excellence \u00bb depuis 2023, une reconnaissance qui distingue son engagement social, soci\u00e9tal et environnemental, ainsi que son ancrage profond dans le territoire alsacien.<\/p>\n<h2>Description:<\/h2>\n<\/p>\n<p>Votre r\u00f4le<\/p>\n<p>Rattach\u00e9(e) \u00e0 la responsable d\u2019Agence, vous g\u00e9rez la veille technique et s\u00e9curitaire du patrimoine et la qualit\u00e9 des prestations d\u2019entretien courant qu\u2019elles soient r\u00e9alis\u00e9es en interne ou par des entreprises.<\/p>\n<p>Vos missions<\/p>\n<p>Vous intervenez sur deux axes compl\u00e9mentaires.<\/p>\n<p>1 \u2013 Gestion technique et locative :<\/p>\n<p>\u2013 R\u00e9aliser les \u00ab visites conseil \u00bb dans le respect des proc\u00e9dures internes<\/p>\n<p>\u2013 R\u00e9aliser les \u00e9tats des lieux et si n\u00e9cessaire \u00e9tablir les bons de commande des travaux et g\u00e9rer les facturations aff\u00e9rentes<\/p>\n<p>\u2013 Traiter les r\u00e9clamations suite aux \u00e9tats des lieux, en lien direct avec le Conseiller Client\u00e8le<\/p>\n<p>\u2013 Organiser, planifier et suivre les travaux de remise en \u00e9tat des logements dans le cadre du respect des proc\u00e9dures internes<\/p>\n<p>\u2013 Prendre en charge le volet d\u00e9centralis\u00e9 des sinistres<\/p>\n<p>\u2013 Analyser et g\u00e9rer les demandes et r\u00e9clamations techniques sous le logiciel m\u00e9tier<\/p>\n<p>\u2013 Contr\u00f4ler l\u2019ex\u00e9cution et la facturation des travaux effectu\u00e9s par les entreprises et les collaborateurs internes<\/p>\n<p>\u2013 Traiter les demandes d\u2019am\u00e9nagement ou de transformation des logements<\/p>\n<p>\u2013 Assurer l\u2019astreinte selon les modalit\u00e9s en vigueur au sein de la structure<\/p>\n<p>2 \u2013 Maintenance technique g\u00e9n\u00e9rale :<\/p>\n<p>\u2013 Assurer une veille technique sur l\u2019ensemble des groupes immobiliers plac\u00e9s sous sa responsabilit\u00e9 dans une perspective d\u2019anticipation des demandes et r\u00e9clamations<\/p>\n<p>\u2013 Participer \u00e0 l\u2019\u00e9tablissement des plannings et au contr\u00f4le de l\u2019ex\u00e9cution des travaux et missions des personnels de proximit\u00e9<\/p>\n<p>\u2013 Signaler \u00e0 la Direction de l\u2019Investissement et du Patrimoine toute situation exc\u00e9dent les champs d\u2019intervention et de comp\u00e9tence de l\u2019Agence<\/p>\n<p>\u2013 G\u00e9rer l\u2019approvisionnement de l\u2019Agence en pi\u00e8ces, mat\u00e9riels et produits divers, contr\u00f4ler l\u2019\u00e9tanch\u00e9it\u00e9 des mouvements de stocks apr\u00e8s inventaire<\/p>\n<p>\u2013 Contribuer annuellement au recensement des priorit\u00e9s d\u2019intervention patrimoniales<\/p>\n<p>\u2013 Veiller au contr\u00f4le des prestations r\u00e9alis\u00e9es en interne ainsi que celles effectu\u00e9es par des entreprises externes<\/p>\n<h2>Profil:<\/h2>\n<\/p>\n<p>Votre profil <\/p>\n<p>Vous \u00eates titulaire d\u2019une formation de niveau Bac \u00e0 Bac +2, avec une sp\u00e9cialisation dans le domaine technique du b\u00e2timent. Vous justifiez d\u2019une exp\u00e9rience significative dans le secteur du b\u00e2timent.<\/p>\n<p>Le permis B est indispensable pour assurer vos d\u00e9placements professionnels.<\/p>\n<p>Comp\u00e9tences cl\u00e9s <\/p>\n<p>Vous ma\u00eetrisez les techniques du b\u00e2timent (\u00e9lectricit\u00e9, plomberie, peinture, serrurerie.) ainsi que les r\u00e9parations locatives.<\/p>\n<p>Vous savez estimer les d\u00e9lais et les co\u00fbts des travaux et proposer des solutions pour l\u2019entretien et l\u2019am\u00e9lioration du patrimoine.<\/p>\n<p>Vous ma\u00eetrisez les outils bureautiques et \u00eates \u00e0 l\u2019aise avec les logiciels m\u00e9tiers.<\/p>\n<p>Vous savez organiser, coordonner et contr\u00f4ler les interventions des prestataires dans le respect des d\u00e9lais et de la qualit\u00e9.<\/p>\n<p>Vous faites preuve d\u2019un excellent sens de l\u2019organisation, d\u2019autonomie et de rigueur.<\/p>\n<p>Nos avantages<\/p>\n<p>28 jours de cong\u00e9s pay\u00e9s<\/p>\n<p>13\u00e8me mois<\/p>\n<p>1 vendredi sur 2 non travaill\u00e9<\/p>\n<p>Prime d\u2019assiduit\u00e9 et prime d\u2019int\u00e9ressement<\/p>\n<p>Tickets restaurant<\/p>\n<p>Mutuelle gratuite pour les salari\u00e9s<\/p>\n<p>Forfait Mobilit\u00e9s Durables (covoiturage &amp; v\u00e9lo)<\/p>\n<p>PEE et PERCOL abond\u00e9s<\/p>\n<p>Avantages CSE (cartes cadeaux, sorties.)<\/p>\n<\/p>\n<p>Postulez d\u00e8s maintenant et rejoignez Alsace Habitat.<\/p>\n<h3>Niveau de dipl\u00f4me:<\/h3>\n<p> Niveau IV &#8211; Bac (g\u00e9n\u00e9ral, technologique ou professionnel), au Brevet de technicien (BT) ou au Brevet<\/p>\n<h3>Temps de travail<\/h3>\n<p>Temps plein <\/p>\n<h3> Organisme <\/h3>\n<p> <span id=\"ctl00_ctl00_AspMainContent_MainContent_MasterPageSettingsView_ctl03_ctl01_fldEntityDescriptionFormat_lblContentText\"><span id=\"ctl00_MainContent_DescriptionEntityEdit_SubForm1_ctl01_Field1_ctl00_lblEntityFormat\">ALSACE HABITAT <\/span><br \/><\/span><\/p>\n","protected":false},"author":0,"featured_media":5636,"template":"","meta":{"_promoted":"","_job_location":"France, Grand-Est, Bas Rhin (67) 11, Rue Lamartine 67800 BISCHHEIM","_application":"https:\/\/les-hlm-recrutent.talent-soft.com\/offre-de-emploi\/emploi-gestionnaire-technique-h-f_70493.aspx?utm_source=monbailleur.fr","_company_name":"ALSACE HABITAT","_company_website":"","_company_tagline":"","_company_twitter":"","_company_video":"","_filled":0,"_featured":0,"_remote_position":0,"_job_salary":"","_job_salary_currency":"","_job_salary_unit":""},"job-categories":[78],"job-types":[52],"class_list":["post-39411","job_listing","type-job_listing","status-publish","has-post-thumbnail","hentry","job_listing_category-autres","job_listing_type-cdd","job-type-cdd"],"yoast_head":"<!-- This site is optimized with the Yoast SEO Premium plugin v22.4 (Yoast SEO v25.1) - https:\/\/yoast.com\/wordpress\/plugins\/seo\/ -->\n<title>Gestionnaire technique H\/F - Monbailleur.fr - Emploi<\/title>\n<meta name=\"robots\" content=\"noindex, follow\" \/>\n<meta property=\"og:locale\" content=\"fr_FR\" \/>\n<meta property=\"og:type\" content=\"article\" \/>\n<meta property=\"og:title\" content=\"Gestionnaire technique H\/F\" \/>\n<meta property=\"og:description\" content=\"L&rsquo;entreprise: Alsace Habitat est une soci\u00e9t\u00e9 d\u2019\u00e9conomie mixte bas\u00e9e \u00e0 Strasbourg, partenaire privil\u00e9gi\u00e9 de la Collectivit\u00e9 europ\u00e9enne d\u2019Alsace. Avec plus de 230 collaborateurs et un parc de 17 000 logements, l\u2019entreprise construit, am\u00e9nage et r\u00e9habilite des logements aid\u00e9s, des r\u00e9sidences s\u00e9niors, des gendarmeries, des foyers \u00e9tudiants et jeunes travailleurs, sur l\u2019ensemble du territoire bas-rhinois. Mixit\u00e9,\" \/>\n<meta property=\"og:url\" content=\"https:\/\/www.monbailleur.fr\/offres-emploi\/poste\/gestionnaire-technique-h-f-3\" \/>\n<meta property=\"og:site_name\" content=\"Monbailleur.fr - Emploi\" \/>\n<meta property=\"og:image\" content=\"https:\/\/www.monbailleur.fr\/offres-emploi\/wp-content\/uploads\/2023\/06\/mon_bailleur_emploi_placeholder.png\" \/>\n\t<meta property=\"og:image:width\" content=\"512\" \/>\n\t<meta property=\"og:image:height\" content=\"512\" \/>\n\t<meta property=\"og:image:type\" content=\"image\/png\" \/>\n<meta name=\"twitter:card\" content=\"summary_large_image\" \/>\n<meta name=\"twitter:label1\" content=\"Dur\u00e9e de lecture estim\u00e9e\" \/>\n\t<meta name=\"twitter:data1\" content=\"3 minutes\" \/>\n<script type=\"application\/ld+json\" class=\"yoast-schema-graph\">{\"@context\":\"https:\/\/schema.org\",\"@graph\":[{\"@type\":\"WebPage\",\"@id\":\"https:\/\/www.monbailleur.fr\/offres-emploi\/poste\/gestionnaire-technique-h-f-3\",\"url\":\"https:\/\/www.monbailleur.fr\/offres-emploi\/poste\/gestionnaire-technique-h-f-3\",\"name\":\"Gestionnaire technique H\/F - Monbailleur.fr - Emploi\",\"isPartOf\":{\"@id\":\"https:\/\/www.monbailleur.fr\/offres-emploi\/#website\"},\"primaryImageOfPage\":{\"@id\":\"https:\/\/www.monbailleur.fr\/offres-emploi\/poste\/gestionnaire-technique-h-f-3#primaryimage\"},\"image\":{\"@id\":\"https:\/\/www.monbailleur.fr\/offres-emploi\/poste\/gestionnaire-technique-h-f-3#primaryimage\"},\"thumbnailUrl\":\"https:\/\/www.monbailleur.fr\/offres-emploi\/wp-content\/uploads\/2023\/06\/mon_bailleur_emploi_placeholder.png\",\"datePublished\":\"2026-08-27T06:00:20+00:00\",\"breadcrumb\":{\"@id\":\"https:\/\/www.monbailleur.fr\/offres-emploi\/poste\/gestionnaire-technique-h-f-3#breadcrumb\"},\"inLanguage\":\"fr-FR\",\"potentialAction\":[{\"@type\":\"ReadAction\",\"target\":[\"https:\/\/www.monbailleur.fr\/offres-emploi\/poste\/gestionnaire-technique-h-f-3\"]}]},{\"@type\":\"ImageObject\",\"inLanguage\":\"fr-FR\",\"@id\":\"https:\/\/www.monbailleur.fr\/offres-emploi\/poste\/gestionnaire-technique-h-f-3#primaryimage\",\"url\":\"https:\/\/www.monbailleur.fr\/offres-emploi\/wp-content\/uploads\/2023\/06\/mon_bailleur_emploi_placeholder.png\",\"contentUrl\":\"https:\/\/www.monbailleur.fr\/offres-emploi\/wp-content\/uploads\/2023\/06\/mon_bailleur_emploi_placeholder.png\",\"width\":512,\"height\":512},{\"@type\":\"BreadcrumbList\",\"@id\":\"https:\/\/www.monbailleur.fr\/offres-emploi\/poste\/gestionnaire-technique-h-f-3#breadcrumb\",\"itemListElement\":[{\"@type\":\"ListItem\",\"position\":1,\"name\":\"Accueil\",\"item\":\"https:\/\/www.monbailleur.fr\/offres-emploi\/\"},{\"@type\":\"ListItem\",\"position\":2,\"name\":\"offres d\u2019emploi\",\"item\":\"https:\/\/www.monbailleur.fr\/offres-emploi\/job-listings\"},{\"@type\":\"ListItem\",\"position\":3,\"name\":\"Gestionnaire technique H\/F\"}]},{\"@type\":\"WebSite\",\"@id\":\"https:\/\/www.monbailleur.fr\/offres-emploi\/#website\",\"url\":\"https:\/\/www.monbailleur.fr\/offres-emploi\/\",\"name\":\"Monbailleur.fr - Emploi\",\"description\":\"Les offres d&#039;emploi du logement social\",\"publisher\":{\"@id\":\"https:\/\/www.monbailleur.fr\/offres-emploi\/#organization\"},\"potentialAction\":[{\"@type\":\"SearchAction\",\"target\":{\"@type\":\"EntryPoint\",\"urlTemplate\":\"https:\/\/www.monbailleur.fr\/offres-emploi\/?s={search_term_string}\"},\"query-input\":{\"@type\":\"PropertyValueSpecification\",\"valueRequired\":true,\"valueName\":\"search_term_string\"}}],\"inLanguage\":\"fr-FR\"},{\"@type\":\"Organization\",\"@id\":\"https:\/\/www.monbailleur.fr\/offres-emploi\/#organization\",\"name\":\"Monbailleur.fr - Emploi\",\"url\":\"https:\/\/www.monbailleur.fr\/offres-emploi\/\",\"logo\":{\"@type\":\"ImageObject\",\"inLanguage\":\"fr-FR\",\"@id\":\"https:\/\/www.monbailleur.fr\/offres-emploi\/#\/schema\/logo\/image\/\",\"url\":\"https:\/\/www.monbailleur.fr\/offres-emploi\/wp-content\/uploads\/2023\/06\/MonBailleur-1200x675-1.png\",\"contentUrl\":\"https:\/\/www.monbailleur.fr\/offres-emploi\/wp-content\/uploads\/2023\/06\/MonBailleur-1200x675-1.png\",\"width\":1200,\"height\":675,\"caption\":\"Monbailleur.fr - Emploi\"},\"image\":{\"@id\":\"https:\/\/www.monbailleur.fr\/offres-emploi\/#\/schema\/logo\/image\/\"}}]}<\/script>\n<!-- \/ Yoast SEO Premium plugin. -->","yoast_head_json":{"title":"Gestionnaire technique H\/F - Monbailleur.fr - Emploi","robots":{"index":"noindex","follow":"follow"},"og_locale":"fr_FR","og_type":"article","og_title":"Gestionnaire technique H\/F","og_description":"L&rsquo;entreprise: Alsace Habitat est une soci\u00e9t\u00e9 d\u2019\u00e9conomie mixte bas\u00e9e \u00e0 Strasbourg, partenaire privil\u00e9gi\u00e9 de la Collectivit\u00e9 europ\u00e9enne d\u2019Alsace. Avec plus de 230 collaborateurs et un parc de 17 000 logements, l\u2019entreprise construit, am\u00e9nage et r\u00e9habilite des logements aid\u00e9s, des r\u00e9sidences s\u00e9niors, des gendarmeries, des foyers \u00e9tudiants et jeunes travailleurs, sur l\u2019ensemble du territoire bas-rhinois. Mixit\u00e9,","og_url":"https:\/\/www.monbailleur.fr\/offres-emploi\/poste\/gestionnaire-technique-h-f-3","og_site_name":"Monbailleur.fr - Emploi","og_image":[{"width":512,"height":512,"url":"https:\/\/www.monbailleur.fr\/offres-emploi\/wp-content\/uploads\/2023\/06\/mon_bailleur_emploi_placeholder.png","type":"image\/png"}],"twitter_card":"summary_large_image","twitter_misc":{"Dur\u00e9e de lecture estim\u00e9e":"3 minutes"},"schema":{"@context":"https:\/\/schema.org","@graph":[{"@type":"WebPage","@id":"https:\/\/www.monbailleur.fr\/offres-emploi\/poste\/gestionnaire-technique-h-f-3","url":"https:\/\/www.monbailleur.fr\/offres-emploi\/poste\/gestionnaire-technique-h-f-3","name":"Gestionnaire technique H\/F - Monbailleur.fr - Emploi","isPartOf":{"@id":"https:\/\/www.monbailleur.fr\/offres-emploi\/#website"},"primaryImageOfPage":{"@id":"https:\/\/www.monbailleur.fr\/offres-emploi\/poste\/gestionnaire-technique-h-f-3#primaryimage"},"image":{"@id":"https:\/\/www.monbailleur.fr\/offres-emploi\/poste\/gestionnaire-technique-h-f-3#primaryimage"},"thumbnailUrl":"https:\/\/www.monbailleur.fr\/offres-emploi\/wp-content\/uploads\/2023\/06\/mon_bailleur_emploi_placeholder.png","datePublished":"2026-08-27T06:00:20+00:00","breadcrumb":{"@id":"https:\/\/www.monbailleur.fr\/offres-emploi\/poste\/gestionnaire-technique-h-f-3#breadcrumb"},"inLanguage":"fr-FR","potentialAction":[{"@type":"ReadAction","target":["https:\/\/www.monbailleur.fr\/offres-emploi\/poste\/gestionnaire-technique-h-f-3"]}]},{"@type":"ImageObject","inLanguage":"fr-FR","@id":"https:\/\/www.monbailleur.fr\/offres-emploi\/poste\/gestionnaire-technique-h-f-3#primaryimage","url":"https:\/\/www.monbailleur.fr\/offres-emploi\/wp-content\/uploads\/2023\/06\/mon_bailleur_emploi_placeholder.png","contentUrl":"https:\/\/www.monbailleur.fr\/offres-emploi\/wp-content\/uploads\/2023\/06\/mon_bailleur_emploi_placeholder.png","width":512,"height":512},{"@type":"BreadcrumbList","@id":"https:\/\/www.monbailleur.fr\/offres-emploi\/poste\/gestionnaire-technique-h-f-3#breadcrumb","itemListElement":[{"@type":"ListItem","position":1,"name":"Accueil","item":"https:\/\/www.monbailleur.fr\/offres-emploi\/"},{"@type":"ListItem","position":2,"name":"offres d\u2019emploi","item":"https:\/\/www.monbailleur.fr\/offres-emploi\/job-listings"},{"@type":"ListItem","position":3,"name":"Gestionnaire technique H\/F"}]},{"@type":"WebSite","@id":"https:\/\/www.monbailleur.fr\/offres-emploi\/#website","url":"https:\/\/www.monbailleur.fr\/offres-emploi\/","name":"Monbailleur.fr - Emploi","description":"Les offres d&#039;emploi du logement social","publisher":{"@id":"https:\/\/www.monbailleur.fr\/offres-emploi\/#organization"},"potentialAction":[{"@type":"SearchAction","target":{"@type":"EntryPoint","urlTemplate":"https:\/\/www.monbailleur.fr\/offres-emploi\/?s={search_term_string}"},"query-input":{"@type":"PropertyValueSpecification","valueRequired":true,"valueName":"search_term_string"}}],"inLanguage":"fr-FR"},{"@type":"Organization","@id":"https:\/\/www.monbailleur.fr\/offres-emploi\/#organization","name":"Monbailleur.fr - Emploi","url":"https:\/\/www.monbailleur.fr\/offres-emploi\/","logo":{"@type":"ImageObject","inLanguage":"fr-FR","@id":"https:\/\/www.monbailleur.fr\/offres-emploi\/#\/schema\/logo\/image\/","url":"https:\/\/www.monbailleur.fr\/offres-emploi\/wp-content\/uploads\/2023\/06\/MonBailleur-1200x675-1.png","contentUrl":"https:\/\/www.monbailleur.fr\/offres-emploi\/wp-content\/uploads\/2023\/06\/MonBailleur-1200x675-1.png","width":1200,"height":675,"caption":"Monbailleur.fr - Emploi"},"image":{"@id":"https:\/\/www.monbailleur.fr\/offres-emploi\/#\/schema\/logo\/image\/"}}]}},"_links":{"self":[{"href":"https:\/\/www.monbailleur.fr\/offres-emploi\/wp-json\/wp\/v2\/job-listings\/39411","targetHints":{"allow":["GET"]}}],"collection":[{"href":"https:\/\/www.monbailleur.fr\/offres-emploi\/wp-json\/wp\/v2\/job-listings"}],"about":[{"href":"https:\/\/www.monbailleur.fr\/offres-emploi\/wp-json\/wp\/v2\/types\/job_listing"}],"wp:featuredmedia":[{"embeddable":true,"href":"https:\/\/www.monbailleur.fr\/offres-emploi\/wp-json\/wp\/v2\/media\/5636"}],"wp:attachment":[{"href":"https:\/\/www.monbailleur.fr\/offres-emploi\/wp-json\/wp\/v2\/media?parent=39411"}],"wp:term":[{"taxonomy":"job_listing_category","embeddable":true,"href":"https:\/\/www.monbailleur.fr\/offres-emploi\/wp-json\/wp\/v2\/job-categories?post=39411"},{"taxonomy":"job_listing_type","embeddable":true,"href":"https:\/\/www.monbailleur.fr\/offres-emploi\/wp-json\/wp\/v2\/job-types?post=39411"}],"curies":[{"name":"wp","href":"https:\/\/api.w.org\/{rel}","templated":true}]}}