{"id":39419,"date":"2026-08-27T08:00:37","date_gmt":"2026-08-27T06:00:37","guid":{"rendered":"https:\/\/www.monbailleur.fr\/offres-emploi\/poste\/chargee-de-territoire-h-f-h-f"},"modified":"2026-08-27T08:00:37","modified_gmt":"2026-08-27T06:00:37","slug":"chargee-de-territoire-h-f-h-f","status":"publish","type":"job_listing","link":"https:\/\/www.monbailleur.fr\/offres-emploi\/poste\/chargee-de-territoire-h-f-h-f","title":{"rendered":"Charg\u00e9(e) de Territoire H\/F H\/F"},"content":{"rendered":"<h2>L&rsquo;entreprise:<\/h2>\n<\/p>\n<p> Le Foyer St\u00e9phanais est une Entreprise Sociale pour l\u2019Habitat de 75 collaborateurs g\u00e9rant un patrimoine de 5 000 logements sur la Seine Maritime &amp; l\u2019Eure. Elle a plus de 95 ans d\u2019exp\u00e9rience, et elle entend, par sa taille et son implantation \u00eatre un partenaire disponible, r\u00e9actif et de proximit\u00e9. Depuis de nombreuses ann\u00e9es, le Foyer St\u00e9phanais s\u2019emploie \u00e0 assumer pleinement sa Responsabilit\u00e9 Soci\u00e9tale, Environnementale et am\u00e9liorer son professionnalisme en s\u2019appuyant sur sa certification ISO 9001 ainsi que sa d\u00e9marche de Responsabilit\u00e9 Soci\u00e9tale de l\u2019Entreprise en tant que soci\u00e9t\u00e9 \u00e0 mission depuis 2024.<\/p>\n<p>Le Foyer St\u00e9phanais est membre du Groupe ARCADE VYV.<\/p>\n<p>N\u00e9 du partenariat entre le Groupe ARCADE, acteur reconnu du monde HLM, 4\u00e8me bailleur social national et le groupe VYV, num\u00e9ro 1 du secteur mutualiste en France, le Groupe ARCADE-VYV r\u00e9unit les expertises de l\u2019habitat &amp; de la protection sociale portant l\u2019ambition de faire du logement un d\u00e9terminant de sant\u00e9.<\/p>\n<h2>Description:<\/h2>\n<\/p>\n<p><span style=\"font-size: 10pt\"><strong>Dans le cadre d&rsquo;un remplacement (arr\u00eat maladie), vos principales missions seront :<\/strong><\/span><\/p>\n<ul>\n<li>Diriger, assurer le management d\u2019une \u00e9quipe de proximit\u00e9<\/li>\n<li>S\u2019assurer des r\u00e9sultats de l\u2019activit\u00e9 de nettoyage, la contr\u00f4ler<\/li>\n<li>Veiller au bon entretien et la maintenance des \u00e9quipements du patrimoine \u00e0 charge, particuli\u00e8rement ceux li\u00e9s \u00e0 la s\u00e9curit\u00e9 des personnes et biens<\/li>\n<li>\u0152uvrer activement \u00e0 la tranquillit\u00e9 des sites, r\u00e9aliser au besoin de la m\u00e9diation<\/li>\n<li>Coordonner le traitement des dol\u00e9ances techniques de premier niveau<\/li>\n<li>Assurer un r\u00f4le d\u2019interface, repr\u00e9sentation et de communication avec les diff\u00e9rentes parties prenantes li\u00e9es \u00e0 son activit\u00e9<\/li>\n<li>Participer activement aux d\u00e9marches qualit\u00e9 et d\u2019innovation men\u00e9es au sein de l\u2019entreprise (Certifications qualit\u00e9, d\u00e9marche RSE, Logement sant\u00e9&#8230;)<\/li>\n<\/ul>\n<p>V\u00e9ritable chef d\u2019orchestre des \u00e9quipes et de l\u2019activit\u00e9 de proximit\u00e9, le\/la Charg\u00e9(e) de territoire est un maillon central dans la relation ainsi que la satisfaction des usagers.<\/p>\n<\/p>\n<p><span style=\"font-size: 10pt\"><strong>Vos conditions de travail :<\/strong><\/span><\/p>\n<p>Lieu de travail : SAINT ETIENNE DU ROUVRAY (76800) en Seine Maritime<\/p>\n<p>Statut : MAITRISE<\/p>\n<\/p>\n<p><span style=\"font-size: 10pt\"><strong>R\u00e9mun\u00e9ration &amp; \u00e9l\u00e9ments de salaire :<\/strong><\/span><\/p>\n<ul>\n<li>Salaire vers\u00e9 sur 13.6 mois<\/li>\n<li>V\u00e9hicule de service<\/li>\n<li>Accord d\u2019Int\u00e9ressement<\/li>\n<li>Mutuelle d\u2019entreprise avec une participation de l\u2019employeur au-del\u00e0 du l\u00e9gal<\/li>\n<li>Compte Epargne Temps<\/li>\n<li>Temps de travail : 35 H hebdomadaires<\/li>\n<li>Avantages CSE<\/li>\n<\/ul>\n<h2>Profil:<\/h2>\n<\/p>\n<p>Ce poste est accessible par une formation de niveau III (Bac + 2) minimum. Une exp\u00e9rience dans un poste \u00e0 responsabilit\u00e9 similaire (gestion locative sociale ou gestion d\u2019\u00e9quipes de proximit\u00e9) serait un plus.<\/p>\n<\/p>\n<p>Vous appr\u00e9ciez le mangement d\u2019\u00e9quipes, la relation client et \u00eates d\u00e9sireux de rejoindre une soci\u00e9t\u00e9 dynamique, engag\u00e9e aupr\u00e8s de ses partenaires et au service de ses locataires ? Ce poste est fait pour vous, avec des opportunit\u00e9s d\u2019\u00e9volution.<\/p>\n<h3>Niveau de dipl\u00f4me:<\/h3>\n<p> Niveau III &#8211; Bac+2 (BTS, DUT,\u2026)<\/p>\n<h3>Temps de travail<\/h3>\n<p>Temps plein <\/p>\n<h3> Organisme <\/h3>\n<p> <span id=\"ctl00_ctl00_AspMainContent_MainContent_MasterPageSettingsView_ctl03_ctl01_fldEntityDescriptionFormat_lblContentText\"><span id=\"ctl00_MainContent_DescriptionEntityEdit_SubForm1_ctl01_Field1_ctl00_lblEntityFormat\">LE FOYER ST\u00c9PHANAIS <\/span><br \/><\/span><\/p>\n","protected":false},"author":0,"featured_media":30187,"template":"","meta":{"_promoted":"","_job_location":"France, Normandie, Seine Maritime (76) 185 RUE DU PRE DE LA ROQUETTE - 76800 SAINT ETIENNE ROUVRAY","_application":"https:\/\/les-hlm-recrutent.talent-soft.com\/offre-de-emploi\/emploi-charge-e-de-territoire-h-f-h-f_70496.aspx?utm_source=monbailleur.fr","_company_name":"LE FOYER ST\u00c9PHANAIS","_company_website":"","_company_tagline":"","_company_twitter":"","_company_video":"","_filled":0,"_featured":0,"_remote_position":0,"_job_salary":"","_job_salary_currency":"","_job_salary_unit":""},"job-categories":[78],"job-types":[52],"class_list":["post-39419","job_listing","type-job_listing","status-publish","has-post-thumbnail","hentry","job_listing_category-autres","job_listing_type-cdd","job-type-cdd"],"yoast_head":"<!-- This site is optimized with the Yoast SEO Premium plugin v22.4 (Yoast SEO v25.1) - https:\/\/yoast.com\/wordpress\/plugins\/seo\/ -->\n<title>Charg\u00e9(e) de Territoire H\/F H\/F - Monbailleur.fr - Emploi<\/title>\n<meta name=\"robots\" content=\"noindex, follow\" \/>\n<meta property=\"og:locale\" content=\"fr_FR\" \/>\n<meta property=\"og:type\" content=\"article\" \/>\n<meta property=\"og:title\" content=\"Charg\u00e9(e) de Territoire H\/F H\/F\" \/>\n<meta property=\"og:description\" content=\"L&rsquo;entreprise: Le Foyer St\u00e9phanais est une Entreprise Sociale pour l\u2019Habitat de 75 collaborateurs g\u00e9rant un patrimoine de 5 000 logements sur la Seine Maritime &amp; l\u2019Eure. Elle a plus de 95 ans d\u2019exp\u00e9rience, et elle entend, par sa taille et son implantation \u00eatre un partenaire disponible, r\u00e9actif et de proximit\u00e9. Depuis de nombreuses ann\u00e9es, le\" \/>\n<meta property=\"og:url\" content=\"https:\/\/www.monbailleur.fr\/offres-emploi\/poste\/chargee-de-territoire-h-f-h-f\" \/>\n<meta property=\"og:site_name\" content=\"Monbailleur.fr - Emploi\" \/>\n<meta property=\"og:image\" content=\"https:\/\/www.monbailleur.fr\/offres-emploi\/wp-content\/uploads\/2025\/09\/le-foyer-stephanais.png\" \/>\n\t<meta property=\"og:image:width\" content=\"200\" \/>\n\t<meta property=\"og:image:height\" content=\"88\" \/>\n\t<meta property=\"og:image:type\" content=\"image\/png\" \/>\n<meta name=\"twitter:card\" content=\"summary_large_image\" \/>\n<meta name=\"twitter:label1\" content=\"Dur\u00e9e de lecture estim\u00e9e\" \/>\n\t<meta name=\"twitter:data1\" content=\"2 minutes\" \/>\n<script type=\"application\/ld+json\" class=\"yoast-schema-graph\">{\"@context\":\"https:\/\/schema.org\",\"@graph\":[{\"@type\":\"WebPage\",\"@id\":\"https:\/\/www.monbailleur.fr\/offres-emploi\/poste\/chargee-de-territoire-h-f-h-f\",\"url\":\"https:\/\/www.monbailleur.fr\/offres-emploi\/poste\/chargee-de-territoire-h-f-h-f\",\"name\":\"Charg\u00e9(e) de Territoire H\/F H\/F - Monbailleur.fr - Emploi\",\"isPartOf\":{\"@id\":\"https:\/\/www.monbailleur.fr\/offres-emploi\/#website\"},\"primaryImageOfPage\":{\"@id\":\"https:\/\/www.monbailleur.fr\/offres-emploi\/poste\/chargee-de-territoire-h-f-h-f#primaryimage\"},\"image\":{\"@id\":\"https:\/\/www.monbailleur.fr\/offres-emploi\/poste\/chargee-de-territoire-h-f-h-f#primaryimage\"},\"thumbnailUrl\":\"https:\/\/www.monbailleur.fr\/offres-emploi\/wp-content\/uploads\/2025\/09\/le-foyer-stephanais.png\",\"datePublished\":\"2026-08-27T06:00:37+00:00\",\"breadcrumb\":{\"@id\":\"https:\/\/www.monbailleur.fr\/offres-emploi\/poste\/chargee-de-territoire-h-f-h-f#breadcrumb\"},\"inLanguage\":\"fr-FR\",\"potentialAction\":[{\"@type\":\"ReadAction\",\"target\":[\"https:\/\/www.monbailleur.fr\/offres-emploi\/poste\/chargee-de-territoire-h-f-h-f\"]}]},{\"@type\":\"ImageObject\",\"inLanguage\":\"fr-FR\",\"@id\":\"https:\/\/www.monbailleur.fr\/offres-emploi\/poste\/chargee-de-territoire-h-f-h-f#primaryimage\",\"url\":\"https:\/\/www.monbailleur.fr\/offres-emploi\/wp-content\/uploads\/2025\/09\/le-foyer-stephanais.png\",\"contentUrl\":\"https:\/\/www.monbailleur.fr\/offres-emploi\/wp-content\/uploads\/2025\/09\/le-foyer-stephanais.png\",\"width\":200,\"height\":88},{\"@type\":\"BreadcrumbList\",\"@id\":\"https:\/\/www.monbailleur.fr\/offres-emploi\/poste\/chargee-de-territoire-h-f-h-f#breadcrumb\",\"itemListElement\":[{\"@type\":\"ListItem\",\"position\":1,\"name\":\"Accueil\",\"item\":\"https:\/\/www.monbailleur.fr\/offres-emploi\/\"},{\"@type\":\"ListItem\",\"position\":2,\"name\":\"offres d\u2019emploi\",\"item\":\"https:\/\/www.monbailleur.fr\/offres-emploi\/job-listings\"},{\"@type\":\"ListItem\",\"position\":3,\"name\":\"Charg\u00e9(e) de Territoire H\/F H\/F\"}]},{\"@type\":\"WebSite\",\"@id\":\"https:\/\/www.monbailleur.fr\/offres-emploi\/#website\",\"url\":\"https:\/\/www.monbailleur.fr\/offres-emploi\/\",\"name\":\"Monbailleur.fr - Emploi\",\"description\":\"Les offres d&#039;emploi du logement social\",\"publisher\":{\"@id\":\"https:\/\/www.monbailleur.fr\/offres-emploi\/#organization\"},\"potentialAction\":[{\"@type\":\"SearchAction\",\"target\":{\"@type\":\"EntryPoint\",\"urlTemplate\":\"https:\/\/www.monbailleur.fr\/offres-emploi\/?s={search_term_string}\"},\"query-input\":{\"@type\":\"PropertyValueSpecification\",\"valueRequired\":true,\"valueName\":\"search_term_string\"}}],\"inLanguage\":\"fr-FR\"},{\"@type\":\"Organization\",\"@id\":\"https:\/\/www.monbailleur.fr\/offres-emploi\/#organization\",\"name\":\"Monbailleur.fr - Emploi\",\"url\":\"https:\/\/www.monbailleur.fr\/offres-emploi\/\",\"logo\":{\"@type\":\"ImageObject\",\"inLanguage\":\"fr-FR\",\"@id\":\"https:\/\/www.monbailleur.fr\/offres-emploi\/#\/schema\/logo\/image\/\",\"url\":\"https:\/\/www.monbailleur.fr\/offres-emploi\/wp-content\/uploads\/2023\/06\/MonBailleur-1200x675-1.png\",\"contentUrl\":\"https:\/\/www.monbailleur.fr\/offres-emploi\/wp-content\/uploads\/2023\/06\/MonBailleur-1200x675-1.png\",\"width\":1200,\"height\":675,\"caption\":\"Monbailleur.fr - Emploi\"},\"image\":{\"@id\":\"https:\/\/www.monbailleur.fr\/offres-emploi\/#\/schema\/logo\/image\/\"}}]}<\/script>\n<!-- \/ Yoast SEO Premium plugin. -->","yoast_head_json":{"title":"Charg\u00e9(e) de Territoire H\/F H\/F - Monbailleur.fr - Emploi","robots":{"index":"noindex","follow":"follow"},"og_locale":"fr_FR","og_type":"article","og_title":"Charg\u00e9(e) de Territoire H\/F H\/F","og_description":"L&rsquo;entreprise: Le Foyer St\u00e9phanais est une Entreprise Sociale pour l\u2019Habitat de 75 collaborateurs g\u00e9rant un patrimoine de 5 000 logements sur la Seine Maritime &amp; l\u2019Eure. Elle a plus de 95 ans d\u2019exp\u00e9rience, et elle entend, par sa taille et son implantation \u00eatre un partenaire disponible, r\u00e9actif et de proximit\u00e9. Depuis de nombreuses ann\u00e9es, le","og_url":"https:\/\/www.monbailleur.fr\/offres-emploi\/poste\/chargee-de-territoire-h-f-h-f","og_site_name":"Monbailleur.fr - Emploi","og_image":[{"width":200,"height":88,"url":"https:\/\/www.monbailleur.fr\/offres-emploi\/wp-content\/uploads\/2025\/09\/le-foyer-stephanais.png","type":"image\/png"}],"twitter_card":"summary_large_image","twitter_misc":{"Dur\u00e9e de lecture estim\u00e9e":"2 minutes"},"schema":{"@context":"https:\/\/schema.org","@graph":[{"@type":"WebPage","@id":"https:\/\/www.monbailleur.fr\/offres-emploi\/poste\/chargee-de-territoire-h-f-h-f","url":"https:\/\/www.monbailleur.fr\/offres-emploi\/poste\/chargee-de-territoire-h-f-h-f","name":"Charg\u00e9(e) de Territoire H\/F H\/F - Monbailleur.fr - Emploi","isPartOf":{"@id":"https:\/\/www.monbailleur.fr\/offres-emploi\/#website"},"primaryImageOfPage":{"@id":"https:\/\/www.monbailleur.fr\/offres-emploi\/poste\/chargee-de-territoire-h-f-h-f#primaryimage"},"image":{"@id":"https:\/\/www.monbailleur.fr\/offres-emploi\/poste\/chargee-de-territoire-h-f-h-f#primaryimage"},"thumbnailUrl":"https:\/\/www.monbailleur.fr\/offres-emploi\/wp-content\/uploads\/2025\/09\/le-foyer-stephanais.png","datePublished":"2026-08-27T06:00:37+00:00","breadcrumb":{"@id":"https:\/\/www.monbailleur.fr\/offres-emploi\/poste\/chargee-de-territoire-h-f-h-f#breadcrumb"},"inLanguage":"fr-FR","potentialAction":[{"@type":"ReadAction","target":["https:\/\/www.monbailleur.fr\/offres-emploi\/poste\/chargee-de-territoire-h-f-h-f"]}]},{"@type":"ImageObject","inLanguage":"fr-FR","@id":"https:\/\/www.monbailleur.fr\/offres-emploi\/poste\/chargee-de-territoire-h-f-h-f#primaryimage","url":"https:\/\/www.monbailleur.fr\/offres-emploi\/wp-content\/uploads\/2025\/09\/le-foyer-stephanais.png","contentUrl":"https:\/\/www.monbailleur.fr\/offres-emploi\/wp-content\/uploads\/2025\/09\/le-foyer-stephanais.png","width":200,"height":88},{"@type":"BreadcrumbList","@id":"https:\/\/www.monbailleur.fr\/offres-emploi\/poste\/chargee-de-territoire-h-f-h-f#breadcrumb","itemListElement":[{"@type":"ListItem","position":1,"name":"Accueil","item":"https:\/\/www.monbailleur.fr\/offres-emploi\/"},{"@type":"ListItem","position":2,"name":"offres d\u2019emploi","item":"https:\/\/www.monbailleur.fr\/offres-emploi\/job-listings"},{"@type":"ListItem","position":3,"name":"Charg\u00e9(e) de Territoire H\/F H\/F"}]},{"@type":"WebSite","@id":"https:\/\/www.monbailleur.fr\/offres-emploi\/#website","url":"https:\/\/www.monbailleur.fr\/offres-emploi\/","name":"Monbailleur.fr - Emploi","description":"Les offres d&#039;emploi du logement social","publisher":{"@id":"https:\/\/www.monbailleur.fr\/offres-emploi\/#organization"},"potentialAction":[{"@type":"SearchAction","target":{"@type":"EntryPoint","urlTemplate":"https:\/\/www.monbailleur.fr\/offres-emploi\/?s={search_term_string}"},"query-input":{"@type":"PropertyValueSpecification","valueRequired":true,"valueName":"search_term_string"}}],"inLanguage":"fr-FR"},{"@type":"Organization","@id":"https:\/\/www.monbailleur.fr\/offres-emploi\/#organization","name":"Monbailleur.fr - Emploi","url":"https:\/\/www.monbailleur.fr\/offres-emploi\/","logo":{"@type":"ImageObject","inLanguage":"fr-FR","@id":"https:\/\/www.monbailleur.fr\/offres-emploi\/#\/schema\/logo\/image\/","url":"https:\/\/www.monbailleur.fr\/offres-emploi\/wp-content\/uploads\/2023\/06\/MonBailleur-1200x675-1.png","contentUrl":"https:\/\/www.monbailleur.fr\/offres-emploi\/wp-content\/uploads\/2023\/06\/MonBailleur-1200x675-1.png","width":1200,"height":675,"caption":"Monbailleur.fr - Emploi"},"image":{"@id":"https:\/\/www.monbailleur.fr\/offres-emploi\/#\/schema\/logo\/image\/"}}]}},"_links":{"self":[{"href":"https:\/\/www.monbailleur.fr\/offres-emploi\/wp-json\/wp\/v2\/job-listings\/39419","targetHints":{"allow":["GET"]}}],"collection":[{"href":"https:\/\/www.monbailleur.fr\/offres-emploi\/wp-json\/wp\/v2\/job-listings"}],"about":[{"href":"https:\/\/www.monbailleur.fr\/offres-emploi\/wp-json\/wp\/v2\/types\/job_listing"}],"wp:featuredmedia":[{"embeddable":true,"href":"https:\/\/www.monbailleur.fr\/offres-emploi\/wp-json\/wp\/v2\/media\/30187"}],"wp:attachment":[{"href":"https:\/\/www.monbailleur.fr\/offres-emploi\/wp-json\/wp\/v2\/media?parent=39419"}],"wp:term":[{"taxonomy":"job_listing_category","embeddable":true,"href":"https:\/\/www.monbailleur.fr\/offres-emploi\/wp-json\/wp\/v2\/job-categories?post=39419"},{"taxonomy":"job_listing_type","embeddable":true,"href":"https:\/\/www.monbailleur.fr\/offres-emploi\/wp-json\/wp\/v2\/job-types?post=39419"}],"curies":[{"name":"wp","href":"https:\/\/api.w.org\/{rel}","templated":true}]}}