{"id":39436,"date":"2026-08-28T08:00:18","date_gmt":"2026-08-28T06:00:18","guid":{"rendered":"https:\/\/www.monbailleur.fr\/offres-emploi\/poste\/coordinateur-coordinatrice-technique-strasbourg-f-h-h-f"},"modified":"2026-08-28T08:00:18","modified_gmt":"2026-08-28T06:00:18","slug":"coordinateur-coordinatrice-technique-strasbourg-f-h-h-f","status":"publish","type":"job_listing","link":"https:\/\/www.monbailleur.fr\/offres-emploi\/poste\/coordinateur-coordinatrice-technique-strasbourg-f-h-h-f","title":{"rendered":"Coordinateur\/Coordinatrice technique &#8211; Strasbourg F\/H H\/F"},"content":{"rendered":"<h2>L&rsquo;entreprise:<\/h2>\n<\/p>\n<p style=\"text-align: justify\">La soci\u00e9t\u00e9 NEOLIA groupe Action Logement est une Entreprise Sociale pour l\u2019Habitat dont la vocation de cr\u00e9er et g\u00e9rer un patrimoine immobilier \u00e0 destination des populations \u00e0 revenus modestes et de participer \u00e0 un projet de soci\u00e9t\u00e9.<\/p>\n<p style=\"text-align: justify\">Aujourd\u2019hui, dot\u00e9e d\u2019un parc locatif de 28 000 logements r\u00e9partis sur la Franche-Comt\u00e9 et l&rsquo;Alsace, NEOLIA est pr\u00e9sente dans la plupart des m\u00e9tiers de l\u2019immobilier et de l\u2019habitat (gestion locative, am\u00e9nagement, accession, renouvellement urbain \u2026).<\/p>\n<p style=\"text-align: justify\">Outre les nombreux avantages comp\u00e9titifs que peut vous offrir une structure p\u00e9renne, nous d\u00e9ployons une politique de ressources humaines respectueuse de ses engagements et ambitieuse pour ses collaborateurs.<\/p>\n<h2>Description:<\/h2>\n<\/p>\n<p style=\"text-align: justify\">Rattach\u00e9 au Directeur Territorial, vous aurez notamment pour missions :<\/p>\n<ul style=\"list-style-type: circle\">\n<li style=\"text-align: justify\">d\u2019assurer le suivi administratif des op\u00e9rations et des programmes immobiliers (affichage du permis de construire, d\u00e9claration d\u2019ouverture de chantier, d\u2019ach\u00e8vement de travaux) \u2026<\/li>\n<li style=\"text-align: justify\">de suivre les dossiers des entreprises (lancement des appels d\u2019offres, \u00e9tablissement des ordres de service, suivi de la facturation, pr\u00e9paration des PV de r\u00e9ception des travaux et SAV) \u2026<\/li>\n<li style=\"text-align: justify\">d\u2019effectuer divers travaux de secr\u00e9tariat (gestion courrier, frappe de courriers, classement) \u2026<\/li>\n<\/ul>\n<p style=\"text-align: justify\">\n<p style=\"text-align: justify\">Vous jouerez un r\u00f4le d\u2019interface entre les diff\u00e9rents interlocuteurs internes et externes en veillant \u00e0 la qualit\u00e9 de l\u2019information.<\/p>\n<p style=\"text-align: justify\">\n<p style=\"text-align: center\"><strong><span style=\"font-size: 12pt\">Merci de postuler sur :<\/span><\/strong><\/p>\n<p style=\"text-align: center\"><strong><span style=\"font-size: 12pt\">https:\/\/besthr.com\/fr\/jobs\/coordinateur-technique-ddac-strasbourg-hf-cootechstras09<\/span><\/strong> <\/p>\n<h2>Profil:<\/h2>\n<\/p>\n<p><strong>Profil :<\/strong><\/p>\n<\/p>\n<p>Bac \u00e0 Bac + 2 en Secr\u00e9tariat ou Assistanat de Gestion PME\/PMI ou formation AFPA en secr\u00e9tariat technique b\u00e2timent. Une exp\u00e9rience de 2 ans dans une fonction similaire est souhait\u00e9e.<\/p>\n<\/p>\n<p><strong>Comp\u00e9tences associ\u00e9es :<\/strong><\/p>\n<\/p>\n<p>Autonomie, r\u00e9activit\u00e9, discernement,<\/p>\n<p>Ma\u00eetrise des outils bureautiques.<\/p>\n<h3>Niveau de dipl\u00f4me:<\/h3>\n<p> Niveau III &#8211; Bac+2 (BTS, DUT,\u2026)<\/p>\n<h3>Temps de travail<\/h3>\n<p>Temps plein <\/p>\n<h3> Organisme <\/h3>\n<p> <span id=\"ctl00_ctl00_AspMainContent_MainContent_MasterPageSettingsView_ctl03_ctl01_fldEntityDescriptionFormat_lblContentText\"><span id=\"ctl00_MainContent_DescriptionEntityEdit_SubForm1_ctl01_Field1_ctl00_lblEntityFormat\">N\u00c9OLIA <\/span><br \/><\/span><\/p>\n","protected":false},"author":0,"featured_media":30176,"template":"","meta":{"_promoted":"","_job_location":"France, Grand-Est, Bas Rhin (67) Strasbourg","_application":"https:\/\/les-hlm-recrutent.talent-soft.com\/offre-de-emploi\/emploi-coordinateur-coordinatrice-technique-strasbourg-f-h-h-f_70512.aspx?utm_source=monbailleur.fr","_company_name":"N\u00c9OLIA","_company_website":"","_company_tagline":"","_company_twitter":"","_company_video":"","_filled":0,"_featured":0,"_remote_position":0,"_job_salary":"","_job_salary_currency":"","_job_salary_unit":""},"job-categories":[78],"job-types":[63],"class_list":["post-39436","job_listing","type-job_listing","status-publish","has-post-thumbnail","hentry","job_listing_category-autres","job_listing_type-cdi","job-type-cdi"],"yoast_head":"<!-- This site is optimized with the Yoast SEO Premium plugin v22.4 (Yoast SEO v25.1) - https:\/\/yoast.com\/wordpress\/plugins\/seo\/ -->\n<title>Coordinateur\/Coordinatrice technique - Strasbourg F\/H H\/F - Monbailleur.fr - Emploi<\/title>\n<meta name=\"robots\" content=\"noindex, follow\" \/>\n<meta property=\"og:locale\" content=\"fr_FR\" \/>\n<meta property=\"og:type\" content=\"article\" \/>\n<meta property=\"og:title\" content=\"Coordinateur\/Coordinatrice technique - Strasbourg F\/H H\/F\" \/>\n<meta property=\"og:description\" content=\"L&rsquo;entreprise: La soci\u00e9t\u00e9 NEOLIA groupe Action Logement est une Entreprise Sociale pour l\u2019Habitat dont la vocation de cr\u00e9er et g\u00e9rer un patrimoine immobilier \u00e0 destination des populations \u00e0 revenus modestes et de participer \u00e0 un projet de soci\u00e9t\u00e9. Aujourd\u2019hui, dot\u00e9e d\u2019un parc locatif de 28 000 logements r\u00e9partis sur la Franche-Comt\u00e9 et l&rsquo;Alsace, NEOLIA est\" \/>\n<meta property=\"og:url\" content=\"https:\/\/www.monbailleur.fr\/offres-emploi\/poste\/coordinateur-coordinatrice-technique-strasbourg-f-h-h-f\" \/>\n<meta property=\"og:site_name\" content=\"Monbailleur.fr - Emploi\" \/>\n<meta property=\"og:image\" content=\"https:\/\/www.monbailleur.fr\/offres-emploi\/wp-content\/uploads\/2025\/09\/neolia.jpg\" \/>\n\t<meta property=\"og:image:width\" content=\"200\" \/>\n\t<meta property=\"og:image:height\" content=\"103\" \/>\n\t<meta property=\"og:image:type\" content=\"image\/jpeg\" \/>\n<meta name=\"twitter:card\" content=\"summary_large_image\" \/>\n<meta name=\"twitter:label1\" content=\"Dur\u00e9e de lecture estim\u00e9e\" \/>\n\t<meta name=\"twitter:data1\" content=\"1 minute\" \/>\n<script type=\"application\/ld+json\" class=\"yoast-schema-graph\">{\"@context\":\"https:\/\/schema.org\",\"@graph\":[{\"@type\":\"WebPage\",\"@id\":\"https:\/\/www.monbailleur.fr\/offres-emploi\/poste\/coordinateur-coordinatrice-technique-strasbourg-f-h-h-f\",\"url\":\"https:\/\/www.monbailleur.fr\/offres-emploi\/poste\/coordinateur-coordinatrice-technique-strasbourg-f-h-h-f\",\"name\":\"Coordinateur\/Coordinatrice technique - Strasbourg F\/H H\/F - Monbailleur.fr - Emploi\",\"isPartOf\":{\"@id\":\"https:\/\/www.monbailleur.fr\/offres-emploi\/#website\"},\"primaryImageOfPage\":{\"@id\":\"https:\/\/www.monbailleur.fr\/offres-emploi\/poste\/coordinateur-coordinatrice-technique-strasbourg-f-h-h-f#primaryimage\"},\"image\":{\"@id\":\"https:\/\/www.monbailleur.fr\/offres-emploi\/poste\/coordinateur-coordinatrice-technique-strasbourg-f-h-h-f#primaryimage\"},\"thumbnailUrl\":\"https:\/\/www.monbailleur.fr\/offres-emploi\/wp-content\/uploads\/2025\/09\/neolia.jpg\",\"datePublished\":\"2026-08-28T06:00:18+00:00\",\"breadcrumb\":{\"@id\":\"https:\/\/www.monbailleur.fr\/offres-emploi\/poste\/coordinateur-coordinatrice-technique-strasbourg-f-h-h-f#breadcrumb\"},\"inLanguage\":\"fr-FR\",\"potentialAction\":[{\"@type\":\"ReadAction\",\"target\":[\"https:\/\/www.monbailleur.fr\/offres-emploi\/poste\/coordinateur-coordinatrice-technique-strasbourg-f-h-h-f\"]}]},{\"@type\":\"ImageObject\",\"inLanguage\":\"fr-FR\",\"@id\":\"https:\/\/www.monbailleur.fr\/offres-emploi\/poste\/coordinateur-coordinatrice-technique-strasbourg-f-h-h-f#primaryimage\",\"url\":\"https:\/\/www.monbailleur.fr\/offres-emploi\/wp-content\/uploads\/2025\/09\/neolia.jpg\",\"contentUrl\":\"https:\/\/www.monbailleur.fr\/offres-emploi\/wp-content\/uploads\/2025\/09\/neolia.jpg\",\"width\":200,\"height\":103},{\"@type\":\"BreadcrumbList\",\"@id\":\"https:\/\/www.monbailleur.fr\/offres-emploi\/poste\/coordinateur-coordinatrice-technique-strasbourg-f-h-h-f#breadcrumb\",\"itemListElement\":[{\"@type\":\"ListItem\",\"position\":1,\"name\":\"Accueil\",\"item\":\"https:\/\/www.monbailleur.fr\/offres-emploi\/\"},{\"@type\":\"ListItem\",\"position\":2,\"name\":\"offres d\u2019emploi\",\"item\":\"https:\/\/www.monbailleur.fr\/offres-emploi\/job-listings\"},{\"@type\":\"ListItem\",\"position\":3,\"name\":\"Coordinateur\/Coordinatrice technique &#8211; Strasbourg F\/H H\/F\"}]},{\"@type\":\"WebSite\",\"@id\":\"https:\/\/www.monbailleur.fr\/offres-emploi\/#website\",\"url\":\"https:\/\/www.monbailleur.fr\/offres-emploi\/\",\"name\":\"Monbailleur.fr - Emploi\",\"description\":\"Les offres d&#039;emploi du logement social\",\"publisher\":{\"@id\":\"https:\/\/www.monbailleur.fr\/offres-emploi\/#organization\"},\"potentialAction\":[{\"@type\":\"SearchAction\",\"target\":{\"@type\":\"EntryPoint\",\"urlTemplate\":\"https:\/\/www.monbailleur.fr\/offres-emploi\/?s={search_term_string}\"},\"query-input\":{\"@type\":\"PropertyValueSpecification\",\"valueRequired\":true,\"valueName\":\"search_term_string\"}}],\"inLanguage\":\"fr-FR\"},{\"@type\":\"Organization\",\"@id\":\"https:\/\/www.monbailleur.fr\/offres-emploi\/#organization\",\"name\":\"Monbailleur.fr - Emploi\",\"url\":\"https:\/\/www.monbailleur.fr\/offres-emploi\/\",\"logo\":{\"@type\":\"ImageObject\",\"inLanguage\":\"fr-FR\",\"@id\":\"https:\/\/www.monbailleur.fr\/offres-emploi\/#\/schema\/logo\/image\/\",\"url\":\"https:\/\/www.monbailleur.fr\/offres-emploi\/wp-content\/uploads\/2023\/06\/MonBailleur-1200x675-1.png\",\"contentUrl\":\"https:\/\/www.monbailleur.fr\/offres-emploi\/wp-content\/uploads\/2023\/06\/MonBailleur-1200x675-1.png\",\"width\":1200,\"height\":675,\"caption\":\"Monbailleur.fr - Emploi\"},\"image\":{\"@id\":\"https:\/\/www.monbailleur.fr\/offres-emploi\/#\/schema\/logo\/image\/\"}}]}<\/script>\n<!-- \/ Yoast SEO Premium plugin. -->","yoast_head_json":{"title":"Coordinateur\/Coordinatrice technique - Strasbourg F\/H H\/F - Monbailleur.fr - Emploi","robots":{"index":"noindex","follow":"follow"},"og_locale":"fr_FR","og_type":"article","og_title":"Coordinateur\/Coordinatrice technique - Strasbourg F\/H H\/F","og_description":"L&rsquo;entreprise: La soci\u00e9t\u00e9 NEOLIA groupe Action Logement est une Entreprise Sociale pour l\u2019Habitat dont la vocation de cr\u00e9er et g\u00e9rer un patrimoine immobilier \u00e0 destination des populations \u00e0 revenus modestes et de participer \u00e0 un projet de soci\u00e9t\u00e9. Aujourd\u2019hui, dot\u00e9e d\u2019un parc locatif de 28 000 logements r\u00e9partis sur la Franche-Comt\u00e9 et l&rsquo;Alsace, NEOLIA est","og_url":"https:\/\/www.monbailleur.fr\/offres-emploi\/poste\/coordinateur-coordinatrice-technique-strasbourg-f-h-h-f","og_site_name":"Monbailleur.fr - Emploi","og_image":[{"width":200,"height":103,"url":"https:\/\/www.monbailleur.fr\/offres-emploi\/wp-content\/uploads\/2025\/09\/neolia.jpg","type":"image\/jpeg"}],"twitter_card":"summary_large_image","twitter_misc":{"Dur\u00e9e de lecture estim\u00e9e":"1 minute"},"schema":{"@context":"https:\/\/schema.org","@graph":[{"@type":"WebPage","@id":"https:\/\/www.monbailleur.fr\/offres-emploi\/poste\/coordinateur-coordinatrice-technique-strasbourg-f-h-h-f","url":"https:\/\/www.monbailleur.fr\/offres-emploi\/poste\/coordinateur-coordinatrice-technique-strasbourg-f-h-h-f","name":"Coordinateur\/Coordinatrice technique - Strasbourg F\/H H\/F - Monbailleur.fr - Emploi","isPartOf":{"@id":"https:\/\/www.monbailleur.fr\/offres-emploi\/#website"},"primaryImageOfPage":{"@id":"https:\/\/www.monbailleur.fr\/offres-emploi\/poste\/coordinateur-coordinatrice-technique-strasbourg-f-h-h-f#primaryimage"},"image":{"@id":"https:\/\/www.monbailleur.fr\/offres-emploi\/poste\/coordinateur-coordinatrice-technique-strasbourg-f-h-h-f#primaryimage"},"thumbnailUrl":"https:\/\/www.monbailleur.fr\/offres-emploi\/wp-content\/uploads\/2025\/09\/neolia.jpg","datePublished":"2026-08-28T06:00:18+00:00","breadcrumb":{"@id":"https:\/\/www.monbailleur.fr\/offres-emploi\/poste\/coordinateur-coordinatrice-technique-strasbourg-f-h-h-f#breadcrumb"},"inLanguage":"fr-FR","potentialAction":[{"@type":"ReadAction","target":["https:\/\/www.monbailleur.fr\/offres-emploi\/poste\/coordinateur-coordinatrice-technique-strasbourg-f-h-h-f"]}]},{"@type":"ImageObject","inLanguage":"fr-FR","@id":"https:\/\/www.monbailleur.fr\/offres-emploi\/poste\/coordinateur-coordinatrice-technique-strasbourg-f-h-h-f#primaryimage","url":"https:\/\/www.monbailleur.fr\/offres-emploi\/wp-content\/uploads\/2025\/09\/neolia.jpg","contentUrl":"https:\/\/www.monbailleur.fr\/offres-emploi\/wp-content\/uploads\/2025\/09\/neolia.jpg","width":200,"height":103},{"@type":"BreadcrumbList","@id":"https:\/\/www.monbailleur.fr\/offres-emploi\/poste\/coordinateur-coordinatrice-technique-strasbourg-f-h-h-f#breadcrumb","itemListElement":[{"@type":"ListItem","position":1,"name":"Accueil","item":"https:\/\/www.monbailleur.fr\/offres-emploi\/"},{"@type":"ListItem","position":2,"name":"offres d\u2019emploi","item":"https:\/\/www.monbailleur.fr\/offres-emploi\/job-listings"},{"@type":"ListItem","position":3,"name":"Coordinateur\/Coordinatrice technique &#8211; Strasbourg F\/H H\/F"}]},{"@type":"WebSite","@id":"https:\/\/www.monbailleur.fr\/offres-emploi\/#website","url":"https:\/\/www.monbailleur.fr\/offres-emploi\/","name":"Monbailleur.fr - Emploi","description":"Les offres d&#039;emploi du logement social","publisher":{"@id":"https:\/\/www.monbailleur.fr\/offres-emploi\/#organization"},"potentialAction":[{"@type":"SearchAction","target":{"@type":"EntryPoint","urlTemplate":"https:\/\/www.monbailleur.fr\/offres-emploi\/?s={search_term_string}"},"query-input":{"@type":"PropertyValueSpecification","valueRequired":true,"valueName":"search_term_string"}}],"inLanguage":"fr-FR"},{"@type":"Organization","@id":"https:\/\/www.monbailleur.fr\/offres-emploi\/#organization","name":"Monbailleur.fr - Emploi","url":"https:\/\/www.monbailleur.fr\/offres-emploi\/","logo":{"@type":"ImageObject","inLanguage":"fr-FR","@id":"https:\/\/www.monbailleur.fr\/offres-emploi\/#\/schema\/logo\/image\/","url":"https:\/\/www.monbailleur.fr\/offres-emploi\/wp-content\/uploads\/2023\/06\/MonBailleur-1200x675-1.png","contentUrl":"https:\/\/www.monbailleur.fr\/offres-emploi\/wp-content\/uploads\/2023\/06\/MonBailleur-1200x675-1.png","width":1200,"height":675,"caption":"Monbailleur.fr - Emploi"},"image":{"@id":"https:\/\/www.monbailleur.fr\/offres-emploi\/#\/schema\/logo\/image\/"}}]}},"_links":{"self":[{"href":"https:\/\/www.monbailleur.fr\/offres-emploi\/wp-json\/wp\/v2\/job-listings\/39436","targetHints":{"allow":["GET"]}}],"collection":[{"href":"https:\/\/www.monbailleur.fr\/offres-emploi\/wp-json\/wp\/v2\/job-listings"}],"about":[{"href":"https:\/\/www.monbailleur.fr\/offres-emploi\/wp-json\/wp\/v2\/types\/job_listing"}],"wp:featuredmedia":[{"embeddable":true,"href":"https:\/\/www.monbailleur.fr\/offres-emploi\/wp-json\/wp\/v2\/media\/30176"}],"wp:attachment":[{"href":"https:\/\/www.monbailleur.fr\/offres-emploi\/wp-json\/wp\/v2\/media?parent=39436"}],"wp:term":[{"taxonomy":"job_listing_category","embeddable":true,"href":"https:\/\/www.monbailleur.fr\/offres-emploi\/wp-json\/wp\/v2\/job-categories?post=39436"},{"taxonomy":"job_listing_type","embeddable":true,"href":"https:\/\/www.monbailleur.fr\/offres-emploi\/wp-json\/wp\/v2\/job-types?post=39436"}],"curies":[{"name":"wp","href":"https:\/\/api.w.org\/{rel}","templated":true}]}}