{"id":39447,"date":"2026-08-28T08:01:08","date_gmt":"2026-08-28T06:01:08","guid":{"rendered":"https:\/\/www.monbailleur.fr\/offres-emploi\/poste\/charge-de-contentieux-f-h-h-f"},"modified":"2026-08-28T08:01:08","modified_gmt":"2026-08-28T06:01:08","slug":"charge-de-contentieux-f-h-h-f","status":"publish","type":"job_listing","link":"https:\/\/www.monbailleur.fr\/offres-emploi\/poste\/charge-de-contentieux-f-h-h-f","title":{"rendered":"Charg\u00e9 de contentieux F\/H H\/F"},"content":{"rendered":"<h2>L&rsquo;entreprise:<\/h2>\n<\/p>\n<p>Le Groupe Valophis est ancr\u00e9 sur le territoire du Val de Marne et toute l\u2019Ile de France et propose des solutions immobili\u00e8res adapt\u00e9es aux besoins de chacun. Depuis plus de 50 ans, nous portons les couleurs de l\u2019immobilier engag\u00e9. Plus de 1000 femmes et hommes exer\u00e7ant plus de 80 m\u00e9tiers diff\u00e9rents partagent ainsi la m\u00eame ambition : Am\u00e9liorer la qualit\u00e9 de vie de tous ceux et celles qui en ont besoin. Et ce qui compte, avant tout pour nous, c\u2019est que nos talents puissent faire de cette mission une r\u00e9alit\u00e9.<\/p>\n<p>\u00catre en mouvement au quotidien tout en proposant des solutions innovantes et durables qui ont un r\u00e9el impact ? Enfin pouvoir oser, proposer, partager et avancer tout en d\u00e9construisant toutes les id\u00e9es re\u00e7ues ? Autant de questions qui trouvent \u00e9chos en vous ? Alors rejoignez-nous !<\/p>\n<p>Visitez notre site : www.groupevalophis.fr<\/p>\n<h2>Description:<\/h2>\n<\/p>\n<p>Charg\u00e9 de contentieux locatif \u2013 F\/H<\/p>\n<p>Bas\u00e9(e) Cr\u00e9teil &#8211; 94<\/p>\n<\/p>\n<p>Rattach\u00e9(e) au P\u00f4le Social Contentieux de la Direction des Politiques Sociales, de la Qualit\u00e9 et des Attributions, vous g\u00e9rez le suivi des proc\u00e9dures contentieuses concernant les locataires partis et pr\u00e9sents en collaboration \u00e9troite avec les \u00e9quipes des agences de proximit\u00e9s et les prestataires de justice. Vous \u00eates garant du respect du cadre l\u00e9gal et des proc\u00e9dures internes. Vous assurez le traitement et le suivi de la facturation.<\/p>\n<h2>Profil:<\/h2>\n<\/p>\n<p>Votre personnalit\u00e9 est importante pour nous. Vous appr\u00e9ciez le respect et la solidarit\u00e9 au quotidien, sans oublier le sens et la performance. Vous \u00eates \u00e0 l\u2019aise dans un environnement humain o\u00f9 l\u2019\u00e9coute et la dimension relationnelle sont essentielles. Incarner un projet d\u2019entreprise qui a du sens, o\u00f9 les responsabilit\u00e9s et les d\u00e9fis sont nombreux, est primordial pour vous.<\/p>\n<p>Issu(e) d\u2019une formation juridique, votre exp\u00e9rience de 5 ans minimum vous permet de ma\u00eetriser les proc\u00e9dures de recouvrement contentieuses dans le secteur du logement social. Vous connaissez \u00e9galement les proc\u00e9dures de gestion de troubles sp\u00e9cifiques (troubles de voisinage, de jouissance, r\u00e9f\u00e9r\u00e9s d\u2019heure \u00e0 heure\u2026). Rigoureux(se), m\u00e9ticuleux(se), organis\u00e9, vous \u00eates reconnu(e) pour votre suivi strict des proc\u00e9dures. Vous pr\u00e9sentez de bonnes qualit\u00e9s r\u00e9dactionnelles et une orthographe irr\u00e9prochable. Vous appr\u00e9ciez de travailler en \u00e9quipe, de transmettre vos savoir faire dans une d\u00e9marche de transversalit\u00e9.<\/p>\n<p>Nous vous proposons :<\/p>\n<p>Une r\u00e9mun\u00e9ration sur 12 mois, selon exp\u00e9rience, entre 30 et 35 K\u20ac + primes et int\u00e9ressement.<br \/> Des horaires variables<br \/> 34 jours de cong\u00e9s pay\u00e9s et 16 jours de RTT<br \/> La possibilit\u00e9 de t\u00e9l\u00e9travailler 2 jours hebdomadaires<br \/> Mutuelle (70%), Ch\u00e8ques d\u00e9jeuner (60%), Pass Navigo (100%)<br \/> Un environnement de travail qui vous offre les possibilit\u00e9s de r\u00e9ussir tout en pr\u00e9servant votre \u00e9quilibre.<\/p>\n<p>Le Groupe Valophis est aussi engag\u00e9 en faveur de l\u2019\u00e9galit\u00e9 des chances, le poste propos\u00e9 est ouvert, \u00e0 comp\u00e9tences \u00e9gales, aux candidatures de personnes en situation de handicap.<\/p>\n<h3>Niveau de dipl\u00f4me:<\/h3>\n<p> Niveau II &#8211; Bac+3\/4 (licence, ma\u00eetrise,&#8230;)<\/p>\n<h3>Temps de travail<\/h3>\n<p>Temps plein <\/p>\n<h3> Organisme <\/h3>\n<p> <span id=\"ctl00_ctl00_AspMainContent_MainContent_MasterPageSettingsView_ctl03_ctl01_fldEntityDescriptionFormat_lblContentText\"><span id=\"ctl00_MainContent_DescriptionEntityEdit_SubForm1_ctl01_Field1_ctl00_lblEntityFormat\">VALOPHIS HABITAT &#8211; OPH DU VAL-DE-MARNE <\/span><br \/><\/span><\/p>\n","protected":false},"author":0,"featured_media":3856,"template":"","meta":{"_promoted":"","_job_location":"France, Ile-de-France, Val de Marne (94) 9, route de Choisy 94048 CRETEIL CEDEX","_application":"https:\/\/les-hlm-recrutent.talent-soft.com\/offre-de-emploi\/emploi-charge-de-contentieux-f-h-h-f_70513.aspx?utm_source=monbailleur.fr","_company_name":"VALOPHIS HABITAT - OPH DU VAL-DE-MARNE","_company_website":"","_company_tagline":"","_company_twitter":"","_company_video":"","_filled":0,"_featured":0,"_remote_position":0,"_job_salary":"","_job_salary_currency":"","_job_salary_unit":""},"job-categories":[78],"job-types":[63],"class_list":["post-39447","job_listing","type-job_listing","status-publish","has-post-thumbnail","hentry","job_listing_category-autres","job_listing_type-cdi","job-type-cdi"],"yoast_head":"<!-- This site is optimized with the Yoast SEO Premium plugin v22.4 (Yoast SEO v25.1) - https:\/\/yoast.com\/wordpress\/plugins\/seo\/ -->\n<title>Charg\u00e9 de contentieux F\/H H\/F - Monbailleur.fr - Emploi<\/title>\n<meta name=\"robots\" content=\"noindex, follow\" \/>\n<meta property=\"og:locale\" content=\"fr_FR\" \/>\n<meta property=\"og:type\" content=\"article\" \/>\n<meta property=\"og:title\" content=\"Charg\u00e9 de contentieux F\/H H\/F\" \/>\n<meta property=\"og:description\" content=\"L&rsquo;entreprise: Le Groupe Valophis est ancr\u00e9 sur le territoire du Val de Marne et toute l\u2019Ile de France et propose des solutions immobili\u00e8res adapt\u00e9es aux besoins de chacun. Depuis plus de 50 ans, nous portons les couleurs de l\u2019immobilier engag\u00e9. Plus de 1000 femmes et hommes exer\u00e7ant plus de 80 m\u00e9tiers diff\u00e9rents partagent ainsi la\" \/>\n<meta property=\"og:url\" content=\"https:\/\/www.monbailleur.fr\/offres-emploi\/poste\/charge-de-contentieux-f-h-h-f\" \/>\n<meta property=\"og:site_name\" content=\"Monbailleur.fr - Emploi\" \/>\n<meta property=\"og:image\" content=\"https:\/\/www.monbailleur.fr\/offres-emploi\/wp-content\/uploads\/2023\/06\/valophis-habitat-oph-du-val-de-marne.png\" \/>\n\t<meta property=\"og:image:width\" content=\"200\" \/>\n\t<meta property=\"og:image:height\" content=\"83\" \/>\n\t<meta property=\"og:image:type\" content=\"image\/png\" \/>\n<meta name=\"twitter:card\" content=\"summary_large_image\" \/>\n<meta name=\"twitter:label1\" content=\"Dur\u00e9e de lecture estim\u00e9e\" \/>\n\t<meta name=\"twitter:data1\" content=\"3 minutes\" \/>\n<script type=\"application\/ld+json\" class=\"yoast-schema-graph\">{\"@context\":\"https:\/\/schema.org\",\"@graph\":[{\"@type\":\"WebPage\",\"@id\":\"https:\/\/www.monbailleur.fr\/offres-emploi\/poste\/charge-de-contentieux-f-h-h-f\",\"url\":\"https:\/\/www.monbailleur.fr\/offres-emploi\/poste\/charge-de-contentieux-f-h-h-f\",\"name\":\"Charg\u00e9 de contentieux F\/H H\/F - Monbailleur.fr - Emploi\",\"isPartOf\":{\"@id\":\"https:\/\/www.monbailleur.fr\/offres-emploi\/#website\"},\"primaryImageOfPage\":{\"@id\":\"https:\/\/www.monbailleur.fr\/offres-emploi\/poste\/charge-de-contentieux-f-h-h-f#primaryimage\"},\"image\":{\"@id\":\"https:\/\/www.monbailleur.fr\/offres-emploi\/poste\/charge-de-contentieux-f-h-h-f#primaryimage\"},\"thumbnailUrl\":\"https:\/\/www.monbailleur.fr\/offres-emploi\/wp-content\/uploads\/2023\/06\/valophis-habitat-oph-du-val-de-marne.png\",\"datePublished\":\"2026-08-28T06:01:08+00:00\",\"breadcrumb\":{\"@id\":\"https:\/\/www.monbailleur.fr\/offres-emploi\/poste\/charge-de-contentieux-f-h-h-f#breadcrumb\"},\"inLanguage\":\"fr-FR\",\"potentialAction\":[{\"@type\":\"ReadAction\",\"target\":[\"https:\/\/www.monbailleur.fr\/offres-emploi\/poste\/charge-de-contentieux-f-h-h-f\"]}]},{\"@type\":\"ImageObject\",\"inLanguage\":\"fr-FR\",\"@id\":\"https:\/\/www.monbailleur.fr\/offres-emploi\/poste\/charge-de-contentieux-f-h-h-f#primaryimage\",\"url\":\"https:\/\/www.monbailleur.fr\/offres-emploi\/wp-content\/uploads\/2023\/06\/valophis-habitat-oph-du-val-de-marne.png\",\"contentUrl\":\"https:\/\/www.monbailleur.fr\/offres-emploi\/wp-content\/uploads\/2023\/06\/valophis-habitat-oph-du-val-de-marne.png\",\"width\":200,\"height\":83},{\"@type\":\"BreadcrumbList\",\"@id\":\"https:\/\/www.monbailleur.fr\/offres-emploi\/poste\/charge-de-contentieux-f-h-h-f#breadcrumb\",\"itemListElement\":[{\"@type\":\"ListItem\",\"position\":1,\"name\":\"Accueil\",\"item\":\"https:\/\/www.monbailleur.fr\/offres-emploi\/\"},{\"@type\":\"ListItem\",\"position\":2,\"name\":\"offres d\u2019emploi\",\"item\":\"https:\/\/www.monbailleur.fr\/offres-emploi\/job-listings\"},{\"@type\":\"ListItem\",\"position\":3,\"name\":\"Charg\u00e9 de contentieux F\/H H\/F\"}]},{\"@type\":\"WebSite\",\"@id\":\"https:\/\/www.monbailleur.fr\/offres-emploi\/#website\",\"url\":\"https:\/\/www.monbailleur.fr\/offres-emploi\/\",\"name\":\"Monbailleur.fr - Emploi\",\"description\":\"Les offres d&#039;emploi du logement social\",\"publisher\":{\"@id\":\"https:\/\/www.monbailleur.fr\/offres-emploi\/#organization\"},\"potentialAction\":[{\"@type\":\"SearchAction\",\"target\":{\"@type\":\"EntryPoint\",\"urlTemplate\":\"https:\/\/www.monbailleur.fr\/offres-emploi\/?s={search_term_string}\"},\"query-input\":{\"@type\":\"PropertyValueSpecification\",\"valueRequired\":true,\"valueName\":\"search_term_string\"}}],\"inLanguage\":\"fr-FR\"},{\"@type\":\"Organization\",\"@id\":\"https:\/\/www.monbailleur.fr\/offres-emploi\/#organization\",\"name\":\"Monbailleur.fr - Emploi\",\"url\":\"https:\/\/www.monbailleur.fr\/offres-emploi\/\",\"logo\":{\"@type\":\"ImageObject\",\"inLanguage\":\"fr-FR\",\"@id\":\"https:\/\/www.monbailleur.fr\/offres-emploi\/#\/schema\/logo\/image\/\",\"url\":\"https:\/\/www.monbailleur.fr\/offres-emploi\/wp-content\/uploads\/2023\/06\/MonBailleur-1200x675-1.png\",\"contentUrl\":\"https:\/\/www.monbailleur.fr\/offres-emploi\/wp-content\/uploads\/2023\/06\/MonBailleur-1200x675-1.png\",\"width\":1200,\"height\":675,\"caption\":\"Monbailleur.fr - Emploi\"},\"image\":{\"@id\":\"https:\/\/www.monbailleur.fr\/offres-emploi\/#\/schema\/logo\/image\/\"}}]}<\/script>\n<!-- \/ Yoast SEO Premium plugin. -->","yoast_head_json":{"title":"Charg\u00e9 de contentieux F\/H H\/F - Monbailleur.fr - Emploi","robots":{"index":"noindex","follow":"follow"},"og_locale":"fr_FR","og_type":"article","og_title":"Charg\u00e9 de contentieux F\/H H\/F","og_description":"L&rsquo;entreprise: Le Groupe Valophis est ancr\u00e9 sur le territoire du Val de Marne et toute l\u2019Ile de France et propose des solutions immobili\u00e8res adapt\u00e9es aux besoins de chacun. Depuis plus de 50 ans, nous portons les couleurs de l\u2019immobilier engag\u00e9. Plus de 1000 femmes et hommes exer\u00e7ant plus de 80 m\u00e9tiers diff\u00e9rents partagent ainsi la","og_url":"https:\/\/www.monbailleur.fr\/offres-emploi\/poste\/charge-de-contentieux-f-h-h-f","og_site_name":"Monbailleur.fr - Emploi","og_image":[{"width":200,"height":83,"url":"https:\/\/www.monbailleur.fr\/offres-emploi\/wp-content\/uploads\/2023\/06\/valophis-habitat-oph-du-val-de-marne.png","type":"image\/png"}],"twitter_card":"summary_large_image","twitter_misc":{"Dur\u00e9e de lecture estim\u00e9e":"3 minutes"},"schema":{"@context":"https:\/\/schema.org","@graph":[{"@type":"WebPage","@id":"https:\/\/www.monbailleur.fr\/offres-emploi\/poste\/charge-de-contentieux-f-h-h-f","url":"https:\/\/www.monbailleur.fr\/offres-emploi\/poste\/charge-de-contentieux-f-h-h-f","name":"Charg\u00e9 de contentieux F\/H H\/F - Monbailleur.fr - Emploi","isPartOf":{"@id":"https:\/\/www.monbailleur.fr\/offres-emploi\/#website"},"primaryImageOfPage":{"@id":"https:\/\/www.monbailleur.fr\/offres-emploi\/poste\/charge-de-contentieux-f-h-h-f#primaryimage"},"image":{"@id":"https:\/\/www.monbailleur.fr\/offres-emploi\/poste\/charge-de-contentieux-f-h-h-f#primaryimage"},"thumbnailUrl":"https:\/\/www.monbailleur.fr\/offres-emploi\/wp-content\/uploads\/2023\/06\/valophis-habitat-oph-du-val-de-marne.png","datePublished":"2026-08-28T06:01:08+00:00","breadcrumb":{"@id":"https:\/\/www.monbailleur.fr\/offres-emploi\/poste\/charge-de-contentieux-f-h-h-f#breadcrumb"},"inLanguage":"fr-FR","potentialAction":[{"@type":"ReadAction","target":["https:\/\/www.monbailleur.fr\/offres-emploi\/poste\/charge-de-contentieux-f-h-h-f"]}]},{"@type":"ImageObject","inLanguage":"fr-FR","@id":"https:\/\/www.monbailleur.fr\/offres-emploi\/poste\/charge-de-contentieux-f-h-h-f#primaryimage","url":"https:\/\/www.monbailleur.fr\/offres-emploi\/wp-content\/uploads\/2023\/06\/valophis-habitat-oph-du-val-de-marne.png","contentUrl":"https:\/\/www.monbailleur.fr\/offres-emploi\/wp-content\/uploads\/2023\/06\/valophis-habitat-oph-du-val-de-marne.png","width":200,"height":83},{"@type":"BreadcrumbList","@id":"https:\/\/www.monbailleur.fr\/offres-emploi\/poste\/charge-de-contentieux-f-h-h-f#breadcrumb","itemListElement":[{"@type":"ListItem","position":1,"name":"Accueil","item":"https:\/\/www.monbailleur.fr\/offres-emploi\/"},{"@type":"ListItem","position":2,"name":"offres d\u2019emploi","item":"https:\/\/www.monbailleur.fr\/offres-emploi\/job-listings"},{"@type":"ListItem","position":3,"name":"Charg\u00e9 de contentieux F\/H H\/F"}]},{"@type":"WebSite","@id":"https:\/\/www.monbailleur.fr\/offres-emploi\/#website","url":"https:\/\/www.monbailleur.fr\/offres-emploi\/","name":"Monbailleur.fr - Emploi","description":"Les offres d&#039;emploi du logement social","publisher":{"@id":"https:\/\/www.monbailleur.fr\/offres-emploi\/#organization"},"potentialAction":[{"@type":"SearchAction","target":{"@type":"EntryPoint","urlTemplate":"https:\/\/www.monbailleur.fr\/offres-emploi\/?s={search_term_string}"},"query-input":{"@type":"PropertyValueSpecification","valueRequired":true,"valueName":"search_term_string"}}],"inLanguage":"fr-FR"},{"@type":"Organization","@id":"https:\/\/www.monbailleur.fr\/offres-emploi\/#organization","name":"Monbailleur.fr - Emploi","url":"https:\/\/www.monbailleur.fr\/offres-emploi\/","logo":{"@type":"ImageObject","inLanguage":"fr-FR","@id":"https:\/\/www.monbailleur.fr\/offres-emploi\/#\/schema\/logo\/image\/","url":"https:\/\/www.monbailleur.fr\/offres-emploi\/wp-content\/uploads\/2023\/06\/MonBailleur-1200x675-1.png","contentUrl":"https:\/\/www.monbailleur.fr\/offres-emploi\/wp-content\/uploads\/2023\/06\/MonBailleur-1200x675-1.png","width":1200,"height":675,"caption":"Monbailleur.fr - Emploi"},"image":{"@id":"https:\/\/www.monbailleur.fr\/offres-emploi\/#\/schema\/logo\/image\/"}}]}},"_links":{"self":[{"href":"https:\/\/www.monbailleur.fr\/offres-emploi\/wp-json\/wp\/v2\/job-listings\/39447","targetHints":{"allow":["GET"]}}],"collection":[{"href":"https:\/\/www.monbailleur.fr\/offres-emploi\/wp-json\/wp\/v2\/job-listings"}],"about":[{"href":"https:\/\/www.monbailleur.fr\/offres-emploi\/wp-json\/wp\/v2\/types\/job_listing"}],"wp:featuredmedia":[{"embeddable":true,"href":"https:\/\/www.monbailleur.fr\/offres-emploi\/wp-json\/wp\/v2\/media\/3856"}],"wp:attachment":[{"href":"https:\/\/www.monbailleur.fr\/offres-emploi\/wp-json\/wp\/v2\/media?parent=39447"}],"wp:term":[{"taxonomy":"job_listing_category","embeddable":true,"href":"https:\/\/www.monbailleur.fr\/offres-emploi\/wp-json\/wp\/v2\/job-categories?post=39447"},{"taxonomy":"job_listing_type","embeddable":true,"href":"https:\/\/www.monbailleur.fr\/offres-emploi\/wp-json\/wp\/v2\/job-types?post=39447"}],"curies":[{"name":"wp","href":"https:\/\/api.w.org\/{rel}","templated":true}]}}