{"id":39453,"date":"2026-08-28T08:02:00","date_gmt":"2026-08-28T06:02:00","guid":{"rendered":"https:\/\/www.monbailleur.fr\/offres-emploi\/poste\/chef-de-projet-communication-f-h-h-f"},"modified":"2026-08-28T08:02:00","modified_gmt":"2026-08-28T06:02:00","slug":"chef-de-projet-communication-f-h-h-f","status":"publish","type":"job_listing","link":"https:\/\/www.monbailleur.fr\/offres-emploi\/poste\/chef-de-projet-communication-f-h-h-f","title":{"rendered":"Chef de projet communication F\/H H\/F"},"content":{"rendered":"<h2>L&rsquo;entreprise:<\/h2>\n<\/p>\n<p>Acteur majeur de l\u2019immobilier social, Seine Saint-Denis habitat g\u00e8re un patrimoine de 33 000 logements dans 30 communes du D\u00e9partement 93. Nous pilotons 15 projets ANRU (Agence Nationale pour la R\u00e9novation Urbaine) et conduisons une politique d\u2019investissement d\u2019ampleur (1,3 milliard \u20ac sur 10 ans). Nous portons l\u2019ambition collective et les valeurs de nos 720 collaborateurs \u00e0 travers nos engagements soci\u00e9taux et environnementaux, la gestion responsable de nos ressources, notre \u00e9thique professionnelle et l\u2019attention apport\u00e9e au quotidien \u00e0 nos locataires et collaborateurs.<\/p>\n<h2>Description:<\/h2>\n<\/p>\n<p><strong>Description du poste<\/strong><\/p>\n<p>Fonction transverse, la communication est rattach\u00e9e au directeur g\u00e9n\u00e9ral de Seine-Saint-Denis habitat. La direction de la communication et du marketing digital compte 3 chefs de projet communication confirm\u00e9s, 2 charg\u00e9es de communication en alternance.<\/p>\n<p>Sous la directrice de la communication et en \u00e9troite collaboration avec l\u2019ensemble des directions, vous contribuez \u00e0 la strat\u00e9gie de communication de l\u2019entreprise et la mettez en \u0153uvre : cr\u00e9ation et r\u00e9daction de supports et de contenus, relation presse, pilotage d\u2019\u00e9v\u00e8nements institutionnels (1\u00e8res pierres, inaugurations, lancements de r\u00e9habilitation, \u2026)<\/p>\n<p>Vous avez 10 ans d\u2019exp\u00e9rience et souhaitez mettre vos comp\u00e9tences en communication au service d\u2019une entreprise socialement engag\u00e9e ? Rejoignez-nous !<\/p>\n<\/p>\n<p><strong>Vos missions principales :<\/strong><\/p>\n<p> D\u00e9cliner la strat\u00e9gie de communication en plans d\u2019actions concrets et op\u00e9rationnels.<br \/>R\u00e9diger, produire et diffuser les messages de l\u2019entreprise en garantissant leur coh\u00e9rence et leur pertinence.<br \/>Donner la visibilit\u00e9 ad\u00e9quate \u00e0 toutes les actions men\u00e9es par l\u2019entreprise tout en participant au d\u00e9veloppement de sa r\u00e9putation, en concevant des supports adapt\u00e9s valorisant les actions de Seine Saint Denis Habitat.<br \/>Animer les relations presse : veille m\u00e9diatique et revues de presse, r\u00e9ponses aux journalistes, conception de fichiers presse, de communiqu\u00e9s et de dossier de presse en lien avec les experts de l\u2019Office, organisation d\u2019\u00e9v\u00e9nements et d\u2019interviews<br \/>Organiser et coordonner les \u00e9v\u00e9nements de communication : inaugurations, premi\u00e8res pierres, v\u0153ux, s\u00e9minaires\u2026<br \/>Mesurer l\u2019impact des actions de communication men\u00e9es et proposer des ajustements si n\u00e9cessaire. <\/p>\n<p>Si vous avez une app\u00e9tence pour les relations presse, aimez la communication 360\u00b0 et souhaitez contribuer \u00e0 une mission d\u2019int\u00e9r\u00eat g\u00e9n\u00e9ral, nous serions ravis d\u2019\u00e9changer avec vous !<\/p>\n<\/p>\n<p>Rejoindre Seine-Saint-Denis habitat, c\u2019est int\u00e9grer un \u00e9tablissement public o\u00f9 l\u2019humain, l\u2019engagement territorial et l\u2019am\u00e9lioration continue occupent une place centrale.<\/p>\n<p>C\u2019est aussi l\u2019opportunit\u00e9 de b\u00e2tir une carri\u00e8re dans un environnement stimulant, solidaire et favorable \u00e0 votre d\u00e9veloppement professionnel.<\/p>\n<\/p>\n<p>Ce que nous vous offrons :<\/p>\n<p>\u2705 Un \u00e9quilibre vie priv\u00e9e et professionnelle pr\u00e9serv\u00e9 : v\u00e9hicule avec remisage \u00e0 domicile (sous conditions), mutuelle d&rsquo;entreprise, 32 jours de cong\u00e9s pay\u00e9s + 14 jours de RTT (au prorata du temps de travail)<br \/>  Un parcours professionnel enrichi : formations, mont\u00e9e en comp\u00e9tences, \u00e9volutions internes<br \/>  Un comit\u00e9 d\u2019entreprise engag\u00e9 <br \/>Vous souhaitez mettre vos comp\u00e9tences et vos convictions au service d\u2019un projet collectif, ambitieux et impactant ?<\/p>\n<\/p>\n<p>Postulez d\u00e8s maintenant et devenez acteur d&rsquo;un projet qui transforme le territoire !<\/p>\n<\/p>\n<h2>Profil:<\/h2>\n<\/p>\n<p>Vous justifiez de 10 ans d\u2019exp\u00e9rience sur un poste similaire<\/p>\n<p>Dot\u00e9(e) d&rsquo;excellentes qualit\u00e9s r\u00e9dactionnelles, votre app\u00e9tence forte pour l&rsquo;actualit\u00e9 vous permet une grande agilit\u00e9 et une pertinence \u00e9ditoriale<\/p>\n<p>Organis\u00e9(e), rigoureux(se) et ayant un sens relationnel d\u00e9velopp\u00e9, vous avez un r\u00e9el int\u00e9r\u00eat pour le logement social<\/p>\n<p>Vous \u00eates reconnu\/e pour votre sens critique et votre curiosit\u00e9 professionnelle.<\/p>\n<h3>Niveau de dipl\u00f4me:<\/h3>\n<p> Niveau I &#8211; Bac+5 et plus<\/p>\n<h3>Temps de travail<\/h3>\n<p>Temps plein <\/p>\n<h3> Organisme <\/h3>\n<p> <span id=\"ctl00_ctl00_AspMainContent_MainContent_MasterPageSettingsView_ctl03_ctl01_fldEntityDescriptionFormat_lblContentText\"><span id=\"ctl00_MainContent_DescriptionEntityEdit_SubForm1_ctl01_Field1_ctl00_lblEntityFormat\">SEINE-SAINT-DENIS HABITAT <\/span><br \/><\/span><\/p>\n","protected":false},"author":0,"featured_media":23896,"template":"","meta":{"_promoted":"","_job_location":"France, Ile-de-France, Seine Saint-Denis (93) BOBIGNY","_application":"https:\/\/les-hlm-recrutent.talent-soft.com\/offre-de-emploi\/emploi-chef-de-projet-communication-f-h-h-f_70518.aspx?utm_source=monbailleur.fr","_company_name":"SEINE-SAINT-DENIS HABITAT","_company_website":"","_company_tagline":"","_company_twitter":"","_company_video":"","_filled":0,"_featured":0,"_remote_position":0,"_job_salary":"","_job_salary_currency":"","_job_salary_unit":""},"job-categories":[78],"job-types":[63],"class_list":["post-39453","job_listing","type-job_listing","status-publish","has-post-thumbnail","hentry","job_listing_category-autres","job_listing_type-cdi","job-type-cdi"],"yoast_head":"<!-- This site is optimized with the Yoast SEO Premium plugin v22.4 (Yoast SEO v25.1) - https:\/\/yoast.com\/wordpress\/plugins\/seo\/ -->\n<title>Chef de projet communication F\/H H\/F - Monbailleur.fr - Emploi<\/title>\n<meta name=\"robots\" content=\"noindex, follow\" \/>\n<meta property=\"og:locale\" content=\"fr_FR\" \/>\n<meta property=\"og:type\" content=\"article\" \/>\n<meta property=\"og:title\" content=\"Chef de projet communication F\/H H\/F\" \/>\n<meta property=\"og:description\" content=\"L&rsquo;entreprise: Acteur majeur de l\u2019immobilier social, Seine Saint-Denis habitat g\u00e8re un patrimoine de 33 000 logements dans 30 communes du D\u00e9partement 93. Nous pilotons 15 projets ANRU (Agence Nationale pour la R\u00e9novation Urbaine) et conduisons une politique d\u2019investissement d\u2019ampleur (1,3 milliard \u20ac sur 10 ans). Nous portons l\u2019ambition collective et les valeurs de nos 720\" \/>\n<meta property=\"og:url\" content=\"https:\/\/www.monbailleur.fr\/offres-emploi\/poste\/chef-de-projet-communication-f-h-h-f\" \/>\n<meta property=\"og:site_name\" content=\"Monbailleur.fr - Emploi\" \/>\n<meta property=\"og:image\" content=\"https:\/\/www.monbailleur.fr\/offres-emploi\/wp-content\/uploads\/2025\/02\/seine-saint-denis-habitat.png\" \/>\n\t<meta property=\"og:image:width\" content=\"200\" \/>\n\t<meta property=\"og:image:height\" content=\"92\" \/>\n\t<meta property=\"og:image:type\" content=\"image\/png\" \/>\n<meta name=\"twitter:card\" content=\"summary_large_image\" \/>\n<meta name=\"twitter:label1\" content=\"Dur\u00e9e de lecture estim\u00e9e\" \/>\n\t<meta name=\"twitter:data1\" content=\"3 minutes\" \/>\n<script type=\"application\/ld+json\" class=\"yoast-schema-graph\">{\"@context\":\"https:\/\/schema.org\",\"@graph\":[{\"@type\":\"WebPage\",\"@id\":\"https:\/\/www.monbailleur.fr\/offres-emploi\/poste\/chef-de-projet-communication-f-h-h-f\",\"url\":\"https:\/\/www.monbailleur.fr\/offres-emploi\/poste\/chef-de-projet-communication-f-h-h-f\",\"name\":\"Chef de projet communication F\/H H\/F - Monbailleur.fr - Emploi\",\"isPartOf\":{\"@id\":\"https:\/\/www.monbailleur.fr\/offres-emploi\/#website\"},\"primaryImageOfPage\":{\"@id\":\"https:\/\/www.monbailleur.fr\/offres-emploi\/poste\/chef-de-projet-communication-f-h-h-f#primaryimage\"},\"image\":{\"@id\":\"https:\/\/www.monbailleur.fr\/offres-emploi\/poste\/chef-de-projet-communication-f-h-h-f#primaryimage\"},\"thumbnailUrl\":\"https:\/\/www.monbailleur.fr\/offres-emploi\/wp-content\/uploads\/2025\/02\/seine-saint-denis-habitat.png\",\"datePublished\":\"2026-08-28T06:02:00+00:00\",\"breadcrumb\":{\"@id\":\"https:\/\/www.monbailleur.fr\/offres-emploi\/poste\/chef-de-projet-communication-f-h-h-f#breadcrumb\"},\"inLanguage\":\"fr-FR\",\"potentialAction\":[{\"@type\":\"ReadAction\",\"target\":[\"https:\/\/www.monbailleur.fr\/offres-emploi\/poste\/chef-de-projet-communication-f-h-h-f\"]}]},{\"@type\":\"ImageObject\",\"inLanguage\":\"fr-FR\",\"@id\":\"https:\/\/www.monbailleur.fr\/offres-emploi\/poste\/chef-de-projet-communication-f-h-h-f#primaryimage\",\"url\":\"https:\/\/www.monbailleur.fr\/offres-emploi\/wp-content\/uploads\/2025\/02\/seine-saint-denis-habitat.png\",\"contentUrl\":\"https:\/\/www.monbailleur.fr\/offres-emploi\/wp-content\/uploads\/2025\/02\/seine-saint-denis-habitat.png\",\"width\":200,\"height\":92},{\"@type\":\"BreadcrumbList\",\"@id\":\"https:\/\/www.monbailleur.fr\/offres-emploi\/poste\/chef-de-projet-communication-f-h-h-f#breadcrumb\",\"itemListElement\":[{\"@type\":\"ListItem\",\"position\":1,\"name\":\"Accueil\",\"item\":\"https:\/\/www.monbailleur.fr\/offres-emploi\/\"},{\"@type\":\"ListItem\",\"position\":2,\"name\":\"offres d\u2019emploi\",\"item\":\"https:\/\/www.monbailleur.fr\/offres-emploi\/job-listings\"},{\"@type\":\"ListItem\",\"position\":3,\"name\":\"Chef de projet communication F\/H H\/F\"}]},{\"@type\":\"WebSite\",\"@id\":\"https:\/\/www.monbailleur.fr\/offres-emploi\/#website\",\"url\":\"https:\/\/www.monbailleur.fr\/offres-emploi\/\",\"name\":\"Monbailleur.fr - Emploi\",\"description\":\"Les offres d&#039;emploi du logement social\",\"publisher\":{\"@id\":\"https:\/\/www.monbailleur.fr\/offres-emploi\/#organization\"},\"potentialAction\":[{\"@type\":\"SearchAction\",\"target\":{\"@type\":\"EntryPoint\",\"urlTemplate\":\"https:\/\/www.monbailleur.fr\/offres-emploi\/?s={search_term_string}\"},\"query-input\":{\"@type\":\"PropertyValueSpecification\",\"valueRequired\":true,\"valueName\":\"search_term_string\"}}],\"inLanguage\":\"fr-FR\"},{\"@type\":\"Organization\",\"@id\":\"https:\/\/www.monbailleur.fr\/offres-emploi\/#organization\",\"name\":\"Monbailleur.fr - Emploi\",\"url\":\"https:\/\/www.monbailleur.fr\/offres-emploi\/\",\"logo\":{\"@type\":\"ImageObject\",\"inLanguage\":\"fr-FR\",\"@id\":\"https:\/\/www.monbailleur.fr\/offres-emploi\/#\/schema\/logo\/image\/\",\"url\":\"https:\/\/www.monbailleur.fr\/offres-emploi\/wp-content\/uploads\/2023\/06\/MonBailleur-1200x675-1.png\",\"contentUrl\":\"https:\/\/www.monbailleur.fr\/offres-emploi\/wp-content\/uploads\/2023\/06\/MonBailleur-1200x675-1.png\",\"width\":1200,\"height\":675,\"caption\":\"Monbailleur.fr - Emploi\"},\"image\":{\"@id\":\"https:\/\/www.monbailleur.fr\/offres-emploi\/#\/schema\/logo\/image\/\"}}]}<\/script>\n<!-- \/ Yoast SEO Premium plugin. -->","yoast_head_json":{"title":"Chef de projet communication F\/H H\/F - Monbailleur.fr - Emploi","robots":{"index":"noindex","follow":"follow"},"og_locale":"fr_FR","og_type":"article","og_title":"Chef de projet communication F\/H H\/F","og_description":"L&rsquo;entreprise: Acteur majeur de l\u2019immobilier social, Seine Saint-Denis habitat g\u00e8re un patrimoine de 33 000 logements dans 30 communes du D\u00e9partement 93. Nous pilotons 15 projets ANRU (Agence Nationale pour la R\u00e9novation Urbaine) et conduisons une politique d\u2019investissement d\u2019ampleur (1,3 milliard \u20ac sur 10 ans). Nous portons l\u2019ambition collective et les valeurs de nos 720","og_url":"https:\/\/www.monbailleur.fr\/offres-emploi\/poste\/chef-de-projet-communication-f-h-h-f","og_site_name":"Monbailleur.fr - Emploi","og_image":[{"width":200,"height":92,"url":"https:\/\/www.monbailleur.fr\/offres-emploi\/wp-content\/uploads\/2025\/02\/seine-saint-denis-habitat.png","type":"image\/png"}],"twitter_card":"summary_large_image","twitter_misc":{"Dur\u00e9e de lecture estim\u00e9e":"3 minutes"},"schema":{"@context":"https:\/\/schema.org","@graph":[{"@type":"WebPage","@id":"https:\/\/www.monbailleur.fr\/offres-emploi\/poste\/chef-de-projet-communication-f-h-h-f","url":"https:\/\/www.monbailleur.fr\/offres-emploi\/poste\/chef-de-projet-communication-f-h-h-f","name":"Chef de projet communication F\/H H\/F - Monbailleur.fr - Emploi","isPartOf":{"@id":"https:\/\/www.monbailleur.fr\/offres-emploi\/#website"},"primaryImageOfPage":{"@id":"https:\/\/www.monbailleur.fr\/offres-emploi\/poste\/chef-de-projet-communication-f-h-h-f#primaryimage"},"image":{"@id":"https:\/\/www.monbailleur.fr\/offres-emploi\/poste\/chef-de-projet-communication-f-h-h-f#primaryimage"},"thumbnailUrl":"https:\/\/www.monbailleur.fr\/offres-emploi\/wp-content\/uploads\/2025\/02\/seine-saint-denis-habitat.png","datePublished":"2026-08-28T06:02:00+00:00","breadcrumb":{"@id":"https:\/\/www.monbailleur.fr\/offres-emploi\/poste\/chef-de-projet-communication-f-h-h-f#breadcrumb"},"inLanguage":"fr-FR","potentialAction":[{"@type":"ReadAction","target":["https:\/\/www.monbailleur.fr\/offres-emploi\/poste\/chef-de-projet-communication-f-h-h-f"]}]},{"@type":"ImageObject","inLanguage":"fr-FR","@id":"https:\/\/www.monbailleur.fr\/offres-emploi\/poste\/chef-de-projet-communication-f-h-h-f#primaryimage","url":"https:\/\/www.monbailleur.fr\/offres-emploi\/wp-content\/uploads\/2025\/02\/seine-saint-denis-habitat.png","contentUrl":"https:\/\/www.monbailleur.fr\/offres-emploi\/wp-content\/uploads\/2025\/02\/seine-saint-denis-habitat.png","width":200,"height":92},{"@type":"BreadcrumbList","@id":"https:\/\/www.monbailleur.fr\/offres-emploi\/poste\/chef-de-projet-communication-f-h-h-f#breadcrumb","itemListElement":[{"@type":"ListItem","position":1,"name":"Accueil","item":"https:\/\/www.monbailleur.fr\/offres-emploi\/"},{"@type":"ListItem","position":2,"name":"offres d\u2019emploi","item":"https:\/\/www.monbailleur.fr\/offres-emploi\/job-listings"},{"@type":"ListItem","position":3,"name":"Chef de projet communication F\/H H\/F"}]},{"@type":"WebSite","@id":"https:\/\/www.monbailleur.fr\/offres-emploi\/#website","url":"https:\/\/www.monbailleur.fr\/offres-emploi\/","name":"Monbailleur.fr - Emploi","description":"Les offres d&#039;emploi du logement social","publisher":{"@id":"https:\/\/www.monbailleur.fr\/offres-emploi\/#organization"},"potentialAction":[{"@type":"SearchAction","target":{"@type":"EntryPoint","urlTemplate":"https:\/\/www.monbailleur.fr\/offres-emploi\/?s={search_term_string}"},"query-input":{"@type":"PropertyValueSpecification","valueRequired":true,"valueName":"search_term_string"}}],"inLanguage":"fr-FR"},{"@type":"Organization","@id":"https:\/\/www.monbailleur.fr\/offres-emploi\/#organization","name":"Monbailleur.fr - Emploi","url":"https:\/\/www.monbailleur.fr\/offres-emploi\/","logo":{"@type":"ImageObject","inLanguage":"fr-FR","@id":"https:\/\/www.monbailleur.fr\/offres-emploi\/#\/schema\/logo\/image\/","url":"https:\/\/www.monbailleur.fr\/offres-emploi\/wp-content\/uploads\/2023\/06\/MonBailleur-1200x675-1.png","contentUrl":"https:\/\/www.monbailleur.fr\/offres-emploi\/wp-content\/uploads\/2023\/06\/MonBailleur-1200x675-1.png","width":1200,"height":675,"caption":"Monbailleur.fr - Emploi"},"image":{"@id":"https:\/\/www.monbailleur.fr\/offres-emploi\/#\/schema\/logo\/image\/"}}]}},"_links":{"self":[{"href":"https:\/\/www.monbailleur.fr\/offres-emploi\/wp-json\/wp\/v2\/job-listings\/39453","targetHints":{"allow":["GET"]}}],"collection":[{"href":"https:\/\/www.monbailleur.fr\/offres-emploi\/wp-json\/wp\/v2\/job-listings"}],"about":[{"href":"https:\/\/www.monbailleur.fr\/offres-emploi\/wp-json\/wp\/v2\/types\/job_listing"}],"wp:featuredmedia":[{"embeddable":true,"href":"https:\/\/www.monbailleur.fr\/offres-emploi\/wp-json\/wp\/v2\/media\/23896"}],"wp:attachment":[{"href":"https:\/\/www.monbailleur.fr\/offres-emploi\/wp-json\/wp\/v2\/media?parent=39453"}],"wp:term":[{"taxonomy":"job_listing_category","embeddable":true,"href":"https:\/\/www.monbailleur.fr\/offres-emploi\/wp-json\/wp\/v2\/job-categories?post=39453"},{"taxonomy":"job_listing_type","embeddable":true,"href":"https:\/\/www.monbailleur.fr\/offres-emploi\/wp-json\/wp\/v2\/job-types?post=39453"}],"curies":[{"name":"wp","href":"https:\/\/api.w.org\/{rel}","templated":true}]}}