{"id":39454,"date":"2026-08-28T08:02:01","date_gmt":"2026-08-28T06:02:01","guid":{"rendered":"https:\/\/www.monbailleur.fr\/offres-emploi\/poste\/chargee-de-laccompagnement-social-h-f-h-f"},"modified":"2026-08-28T08:02:01","modified_gmt":"2026-08-28T06:02:01","slug":"chargee-de-laccompagnement-social-h-f-h-f","status":"publish","type":"job_listing","link":"https:\/\/www.monbailleur.fr\/offres-emploi\/poste\/chargee-de-laccompagnement-social-h-f-h-f","title":{"rendered":"Charg\u00e9(e) de l&rsquo;Accompagnement Social H\/F H\/F"},"content":{"rendered":"<h2>L&rsquo;entreprise:<\/h2>\n<\/p>\n<p>Avec 1 300 collaborateurs et plus de 90 700 logements en France, Erilia est un acteur majeur de l&rsquo;habitat social et appartient au Groupe Habitat en R\u00e9gion, op\u00e9rateur social des Caisses d&rsquo;Epargne et du Groupe BPCE.<\/p>\n<p>En tant que soci\u00e9t\u00e9 \u00e0 mission, Erilia agit pour le progr\u00e8s social nouvelle g\u00e9n\u00e9ration et renforce la coh\u00e9sion r\u00e9publicaine. Telle est notre notre raison d&rsquo;\u00eatre, le pourquoi de notre existence.<\/p>\n<p>Travailler chez Erilia, c&rsquo;est donc servir la cause de l&rsquo;habitat social et donner de l&rsquo;impact \u00e0 ses actions.<\/p>\n<h2>Description:<\/h2>\n<\/p>\n<p>Nous recherchons notre prochain <strong>Charg\u00e9(e) de pr\u00e9vention et d&rsquo;actions sociales H\/F <\/strong>en fonction support au sein de notre P\u00f4le Pr\u00e9vention Sociale et Contentieux locatif, situ\u00e9 au si\u00e8ge \u00e0 Marseille.<\/p>\n<\/p>\n<p>Vous veillerez \u00e0 la mise en oeuvre des politiques sociales d&rsquo;Erilia qui font partie des vecteurs de la raison d&rsquo;\u00eatre d&rsquo;Erilia. En v\u00e9ritable support des CESF, bas\u00e9s en agence, vous apporterez votre expertise en mati\u00e8re d&rsquo;accompagnement social, impulserez et contribuerez \u00e0 l&rsquo;animation des politiques de pr\u00e9vention et d&rsquo;action sociale, et d\u00e9velopperez des projets en lien avec les partenaires.<\/p>\n<p>Dans ce cadre, vos principales missions seront :<\/p>\n<ul>\n<li>D\u00e9finir avec la responsable du service innovation coh\u00e9sion sociale et accompagnement les politiques de d\u00e9veloppement social et participer \u00e0 sa mise en oeuvre<\/li>\n<li>Assurer un management fonctionnel aupr\u00e8s des CESF en coordination avec les responsables p\u00f4le client\u00e8le (d\u00e9finition et mise en oeuvre des objectifs et process, accompagnement et animation des pratiques ; organisation de journ\u00e9es inter-agence ; contribution \/ animation au plan de formations)<\/li>\n<li>Impulser et coordonner les projets d&rsquo;action sociale d\u00e9velopp\u00e9es sur l&rsquo;ensemble des territoires, en prenant appui sur les partenaires d\u00e9di\u00e9s (Associations R\u00e9gionales HLM, r\u00e9seaux professionnels, &#8230;)<\/li>\n<li>Etre un interlocuteur des acteurs et financeurs r\u00e9gionaux \/ d\u00e9partementaux sur le champ du logement accompagn\u00e9<\/li>\n<li>Participer \u00e0 l&rsquo;\u00e9laboration, au suivi et au contr\u00f4le du budget \u00ab social \u00bb<\/li>\n<li>Constituer une ressource de conseil et d&rsquo;expertise dans le p\u00e9rim\u00e8tre de l&rsquo;action et de la r\u00e9glementation sociale<\/li>\n<\/ul>\n<p>Pour postuler : https:\/\/www.hellowork.com\/fr-fr\/emplois\/81557306.html<\/p>\n<p>ou directement sur notre site internet Erilia<\/p>\n<h2>Profil:<\/h2>\n<\/p>\n<p>Ce poste est fait pour vous si :<\/p>\n<ul>\n<li>Vous \u00eates titulaire d&rsquo;un Dipl\u00f4me d&rsquo;Etat Conseiller en \u00e9conomie sociale et familiale<\/li>\n<li>Vous justifiez d&rsquo;une exp\u00e9rience de 5 ans minimum dans un domaine similaire<\/li>\n<li>Vous poss\u00e9dez des connaissances en immobilier social et des normes et r\u00e9glementations associ\u00e9es<\/li>\n<li>Vous faites preuve d&rsquo;un excellent sens de la l&rsquo;\u00e9coute et de la p\u00e9dagogie<\/li>\n<li>Vous \u00eates reconnu pour votre capacit\u00e9 \u00e0 f\u00e9d\u00e9rer et \u00e0 conduire des projets transverses<\/li>\n<li>Vous disposez d&rsquo;un esprit d&rsquo;initiative, ainsi que de capacit\u00e9 d&rsquo;analyse et de synth\u00e8se<\/li>\n<\/ul>\n<p>Bon \u00e0 savoir :<\/p>\n<p><strong>Ce poste n\u00e9cessite des d\u00e9placements r\u00e9guliers en agences (a minima 1 fois \/ mois) sur un p\u00e9rim\u00e8tre national (permis B obligatoire)<\/strong><\/p>\n<h3>Niveau de dipl\u00f4me:<\/h3>\n<p> Niveau II &#8211; Bac+3\/4 (licence, ma\u00eetrise,&#8230;)<\/p>\n<h3>Temps de travail<\/h3>\n<p>Temps plein <\/p>\n<h3> Organisme <\/h3>\n<p> <span id=\"ctl00_ctl00_AspMainContent_MainContent_MasterPageSettingsView_ctl03_ctl01_fldEntityDescriptionFormat_lblContentText\"><span id=\"ctl00_MainContent_DescriptionEntityEdit_SubForm1_ctl01_Field1_ctl00_lblEntityFormat\">ERILIA <\/span><br \/><\/span><\/p>\n","protected":false},"author":0,"featured_media":5636,"template":"","meta":{"_promoted":"","_job_location":"France, Provence-Alpes-Cote d'Azur, Bouches du Rh\u00f4ne (13) 214 Avenue Jules Cantini, 13008 Marseille","_application":"https:\/\/les-hlm-recrutent.talent-soft.com\/offre-de-emploi\/emploi-charge-e-de-l-accompagnement-social-h-f-h-f_70517.aspx?utm_source=monbailleur.fr","_company_name":"ERILIA","_company_website":"","_company_tagline":"","_company_twitter":"","_company_video":"","_filled":0,"_featured":0,"_remote_position":0,"_job_salary":"","_job_salary_currency":"","_job_salary_unit":""},"job-categories":[78],"job-types":[63],"class_list":["post-39454","job_listing","type-job_listing","status-publish","has-post-thumbnail","hentry","job_listing_category-autres","job_listing_type-cdi","job-type-cdi"],"yoast_head":"<!-- This site is optimized with the Yoast SEO Premium plugin v22.4 (Yoast SEO v25.1) - https:\/\/yoast.com\/wordpress\/plugins\/seo\/ -->\n<title>Charg\u00e9(e) de l&#039;Accompagnement Social H\/F H\/F - Monbailleur.fr - Emploi<\/title>\n<meta name=\"robots\" content=\"noindex, follow\" \/>\n<meta property=\"og:locale\" content=\"fr_FR\" \/>\n<meta property=\"og:type\" content=\"article\" \/>\n<meta property=\"og:title\" content=\"Charg\u00e9(e) de l&#039;Accompagnement Social H\/F H\/F\" \/>\n<meta property=\"og:description\" content=\"L&rsquo;entreprise: Avec 1 300 collaborateurs et plus de 90 700 logements en France, Erilia est un acteur majeur de l&rsquo;habitat social et appartient au Groupe Habitat en R\u00e9gion, op\u00e9rateur social des Caisses d&rsquo;Epargne et du Groupe BPCE. En tant que soci\u00e9t\u00e9 \u00e0 mission, Erilia agit pour le progr\u00e8s social nouvelle g\u00e9n\u00e9ration et renforce la coh\u00e9sion\" \/>\n<meta property=\"og:url\" content=\"https:\/\/www.monbailleur.fr\/offres-emploi\/poste\/chargee-de-laccompagnement-social-h-f-h-f\" \/>\n<meta property=\"og:site_name\" content=\"Monbailleur.fr - Emploi\" \/>\n<meta property=\"og:image\" content=\"https:\/\/www.monbailleur.fr\/offres-emploi\/wp-content\/uploads\/2023\/06\/mon_bailleur_emploi_placeholder.png\" \/>\n\t<meta property=\"og:image:width\" content=\"512\" \/>\n\t<meta property=\"og:image:height\" content=\"512\" \/>\n\t<meta property=\"og:image:type\" content=\"image\/png\" \/>\n<meta name=\"twitter:card\" content=\"summary_large_image\" \/>\n<meta name=\"twitter:label1\" content=\"Dur\u00e9e de lecture estim\u00e9e\" \/>\n\t<meta name=\"twitter:data1\" content=\"2 minutes\" \/>\n<script type=\"application\/ld+json\" class=\"yoast-schema-graph\">{\"@context\":\"https:\/\/schema.org\",\"@graph\":[{\"@type\":\"WebPage\",\"@id\":\"https:\/\/www.monbailleur.fr\/offres-emploi\/poste\/chargee-de-laccompagnement-social-h-f-h-f\",\"url\":\"https:\/\/www.monbailleur.fr\/offres-emploi\/poste\/chargee-de-laccompagnement-social-h-f-h-f\",\"name\":\"Charg\u00e9(e) de l'Accompagnement Social H\/F H\/F - Monbailleur.fr - Emploi\",\"isPartOf\":{\"@id\":\"https:\/\/www.monbailleur.fr\/offres-emploi\/#website\"},\"primaryImageOfPage\":{\"@id\":\"https:\/\/www.monbailleur.fr\/offres-emploi\/poste\/chargee-de-laccompagnement-social-h-f-h-f#primaryimage\"},\"image\":{\"@id\":\"https:\/\/www.monbailleur.fr\/offres-emploi\/poste\/chargee-de-laccompagnement-social-h-f-h-f#primaryimage\"},\"thumbnailUrl\":\"https:\/\/www.monbailleur.fr\/offres-emploi\/wp-content\/uploads\/2023\/06\/mon_bailleur_emploi_placeholder.png\",\"datePublished\":\"2026-08-28T06:02:01+00:00\",\"breadcrumb\":{\"@id\":\"https:\/\/www.monbailleur.fr\/offres-emploi\/poste\/chargee-de-laccompagnement-social-h-f-h-f#breadcrumb\"},\"inLanguage\":\"fr-FR\",\"potentialAction\":[{\"@type\":\"ReadAction\",\"target\":[\"https:\/\/www.monbailleur.fr\/offres-emploi\/poste\/chargee-de-laccompagnement-social-h-f-h-f\"]}]},{\"@type\":\"ImageObject\",\"inLanguage\":\"fr-FR\",\"@id\":\"https:\/\/www.monbailleur.fr\/offres-emploi\/poste\/chargee-de-laccompagnement-social-h-f-h-f#primaryimage\",\"url\":\"https:\/\/www.monbailleur.fr\/offres-emploi\/wp-content\/uploads\/2023\/06\/mon_bailleur_emploi_placeholder.png\",\"contentUrl\":\"https:\/\/www.monbailleur.fr\/offres-emploi\/wp-content\/uploads\/2023\/06\/mon_bailleur_emploi_placeholder.png\",\"width\":512,\"height\":512},{\"@type\":\"BreadcrumbList\",\"@id\":\"https:\/\/www.monbailleur.fr\/offres-emploi\/poste\/chargee-de-laccompagnement-social-h-f-h-f#breadcrumb\",\"itemListElement\":[{\"@type\":\"ListItem\",\"position\":1,\"name\":\"Accueil\",\"item\":\"https:\/\/www.monbailleur.fr\/offres-emploi\/\"},{\"@type\":\"ListItem\",\"position\":2,\"name\":\"offres d\u2019emploi\",\"item\":\"https:\/\/www.monbailleur.fr\/offres-emploi\/job-listings\"},{\"@type\":\"ListItem\",\"position\":3,\"name\":\"Charg\u00e9(e) de l&rsquo;Accompagnement Social H\/F H\/F\"}]},{\"@type\":\"WebSite\",\"@id\":\"https:\/\/www.monbailleur.fr\/offres-emploi\/#website\",\"url\":\"https:\/\/www.monbailleur.fr\/offres-emploi\/\",\"name\":\"Monbailleur.fr - Emploi\",\"description\":\"Les offres d&#039;emploi du logement social\",\"publisher\":{\"@id\":\"https:\/\/www.monbailleur.fr\/offres-emploi\/#organization\"},\"potentialAction\":[{\"@type\":\"SearchAction\",\"target\":{\"@type\":\"EntryPoint\",\"urlTemplate\":\"https:\/\/www.monbailleur.fr\/offres-emploi\/?s={search_term_string}\"},\"query-input\":{\"@type\":\"PropertyValueSpecification\",\"valueRequired\":true,\"valueName\":\"search_term_string\"}}],\"inLanguage\":\"fr-FR\"},{\"@type\":\"Organization\",\"@id\":\"https:\/\/www.monbailleur.fr\/offres-emploi\/#organization\",\"name\":\"Monbailleur.fr - Emploi\",\"url\":\"https:\/\/www.monbailleur.fr\/offres-emploi\/\",\"logo\":{\"@type\":\"ImageObject\",\"inLanguage\":\"fr-FR\",\"@id\":\"https:\/\/www.monbailleur.fr\/offres-emploi\/#\/schema\/logo\/image\/\",\"url\":\"https:\/\/www.monbailleur.fr\/offres-emploi\/wp-content\/uploads\/2023\/06\/MonBailleur-1200x675-1.png\",\"contentUrl\":\"https:\/\/www.monbailleur.fr\/offres-emploi\/wp-content\/uploads\/2023\/06\/MonBailleur-1200x675-1.png\",\"width\":1200,\"height\":675,\"caption\":\"Monbailleur.fr - Emploi\"},\"image\":{\"@id\":\"https:\/\/www.monbailleur.fr\/offres-emploi\/#\/schema\/logo\/image\/\"}}]}<\/script>\n<!-- \/ Yoast SEO Premium plugin. -->","yoast_head_json":{"title":"Charg\u00e9(e) de l'Accompagnement Social H\/F H\/F - Monbailleur.fr - Emploi","robots":{"index":"noindex","follow":"follow"},"og_locale":"fr_FR","og_type":"article","og_title":"Charg\u00e9(e) de l'Accompagnement Social H\/F H\/F","og_description":"L&rsquo;entreprise: Avec 1 300 collaborateurs et plus de 90 700 logements en France, Erilia est un acteur majeur de l&rsquo;habitat social et appartient au Groupe Habitat en R\u00e9gion, op\u00e9rateur social des Caisses d&rsquo;Epargne et du Groupe BPCE. En tant que soci\u00e9t\u00e9 \u00e0 mission, Erilia agit pour le progr\u00e8s social nouvelle g\u00e9n\u00e9ration et renforce la coh\u00e9sion","og_url":"https:\/\/www.monbailleur.fr\/offres-emploi\/poste\/chargee-de-laccompagnement-social-h-f-h-f","og_site_name":"Monbailleur.fr - Emploi","og_image":[{"width":512,"height":512,"url":"https:\/\/www.monbailleur.fr\/offres-emploi\/wp-content\/uploads\/2023\/06\/mon_bailleur_emploi_placeholder.png","type":"image\/png"}],"twitter_card":"summary_large_image","twitter_misc":{"Dur\u00e9e de lecture estim\u00e9e":"2 minutes"},"schema":{"@context":"https:\/\/schema.org","@graph":[{"@type":"WebPage","@id":"https:\/\/www.monbailleur.fr\/offres-emploi\/poste\/chargee-de-laccompagnement-social-h-f-h-f","url":"https:\/\/www.monbailleur.fr\/offres-emploi\/poste\/chargee-de-laccompagnement-social-h-f-h-f","name":"Charg\u00e9(e) de l'Accompagnement Social H\/F H\/F - Monbailleur.fr - Emploi","isPartOf":{"@id":"https:\/\/www.monbailleur.fr\/offres-emploi\/#website"},"primaryImageOfPage":{"@id":"https:\/\/www.monbailleur.fr\/offres-emploi\/poste\/chargee-de-laccompagnement-social-h-f-h-f#primaryimage"},"image":{"@id":"https:\/\/www.monbailleur.fr\/offres-emploi\/poste\/chargee-de-laccompagnement-social-h-f-h-f#primaryimage"},"thumbnailUrl":"https:\/\/www.monbailleur.fr\/offres-emploi\/wp-content\/uploads\/2023\/06\/mon_bailleur_emploi_placeholder.png","datePublished":"2026-08-28T06:02:01+00:00","breadcrumb":{"@id":"https:\/\/www.monbailleur.fr\/offres-emploi\/poste\/chargee-de-laccompagnement-social-h-f-h-f#breadcrumb"},"inLanguage":"fr-FR","potentialAction":[{"@type":"ReadAction","target":["https:\/\/www.monbailleur.fr\/offres-emploi\/poste\/chargee-de-laccompagnement-social-h-f-h-f"]}]},{"@type":"ImageObject","inLanguage":"fr-FR","@id":"https:\/\/www.monbailleur.fr\/offres-emploi\/poste\/chargee-de-laccompagnement-social-h-f-h-f#primaryimage","url":"https:\/\/www.monbailleur.fr\/offres-emploi\/wp-content\/uploads\/2023\/06\/mon_bailleur_emploi_placeholder.png","contentUrl":"https:\/\/www.monbailleur.fr\/offres-emploi\/wp-content\/uploads\/2023\/06\/mon_bailleur_emploi_placeholder.png","width":512,"height":512},{"@type":"BreadcrumbList","@id":"https:\/\/www.monbailleur.fr\/offres-emploi\/poste\/chargee-de-laccompagnement-social-h-f-h-f#breadcrumb","itemListElement":[{"@type":"ListItem","position":1,"name":"Accueil","item":"https:\/\/www.monbailleur.fr\/offres-emploi\/"},{"@type":"ListItem","position":2,"name":"offres d\u2019emploi","item":"https:\/\/www.monbailleur.fr\/offres-emploi\/job-listings"},{"@type":"ListItem","position":3,"name":"Charg\u00e9(e) de l&rsquo;Accompagnement Social H\/F H\/F"}]},{"@type":"WebSite","@id":"https:\/\/www.monbailleur.fr\/offres-emploi\/#website","url":"https:\/\/www.monbailleur.fr\/offres-emploi\/","name":"Monbailleur.fr - Emploi","description":"Les offres d&#039;emploi du logement social","publisher":{"@id":"https:\/\/www.monbailleur.fr\/offres-emploi\/#organization"},"potentialAction":[{"@type":"SearchAction","target":{"@type":"EntryPoint","urlTemplate":"https:\/\/www.monbailleur.fr\/offres-emploi\/?s={search_term_string}"},"query-input":{"@type":"PropertyValueSpecification","valueRequired":true,"valueName":"search_term_string"}}],"inLanguage":"fr-FR"},{"@type":"Organization","@id":"https:\/\/www.monbailleur.fr\/offres-emploi\/#organization","name":"Monbailleur.fr - Emploi","url":"https:\/\/www.monbailleur.fr\/offres-emploi\/","logo":{"@type":"ImageObject","inLanguage":"fr-FR","@id":"https:\/\/www.monbailleur.fr\/offres-emploi\/#\/schema\/logo\/image\/","url":"https:\/\/www.monbailleur.fr\/offres-emploi\/wp-content\/uploads\/2023\/06\/MonBailleur-1200x675-1.png","contentUrl":"https:\/\/www.monbailleur.fr\/offres-emploi\/wp-content\/uploads\/2023\/06\/MonBailleur-1200x675-1.png","width":1200,"height":675,"caption":"Monbailleur.fr - Emploi"},"image":{"@id":"https:\/\/www.monbailleur.fr\/offres-emploi\/#\/schema\/logo\/image\/"}}]}},"_links":{"self":[{"href":"https:\/\/www.monbailleur.fr\/offres-emploi\/wp-json\/wp\/v2\/job-listings\/39454","targetHints":{"allow":["GET"]}}],"collection":[{"href":"https:\/\/www.monbailleur.fr\/offres-emploi\/wp-json\/wp\/v2\/job-listings"}],"about":[{"href":"https:\/\/www.monbailleur.fr\/offres-emploi\/wp-json\/wp\/v2\/types\/job_listing"}],"wp:featuredmedia":[{"embeddable":true,"href":"https:\/\/www.monbailleur.fr\/offres-emploi\/wp-json\/wp\/v2\/media\/5636"}],"wp:attachment":[{"href":"https:\/\/www.monbailleur.fr\/offres-emploi\/wp-json\/wp\/v2\/media?parent=39454"}],"wp:term":[{"taxonomy":"job_listing_category","embeddable":true,"href":"https:\/\/www.monbailleur.fr\/offres-emploi\/wp-json\/wp\/v2\/job-categories?post=39454"},{"taxonomy":"job_listing_type","embeddable":true,"href":"https:\/\/www.monbailleur.fr\/offres-emploi\/wp-json\/wp\/v2\/job-types?post=39454"}],"curies":[{"name":"wp","href":"https:\/\/api.w.org\/{rel}","templated":true}]}}