{"id":39466,"date":"2026-08-29T08:00:14","date_gmt":"2026-08-29T06:00:14","guid":{"rendered":"https:\/\/www.monbailleur.fr\/offres-emploi\/poste\/charge-de-patrimoine-immobilier-h-f-h-f"},"modified":"2026-08-29T08:00:14","modified_gmt":"2026-08-29T06:00:14","slug":"charge-de-patrimoine-immobilier-h-f-h-f","status":"publish","type":"job_listing","link":"https:\/\/www.monbailleur.fr\/offres-emploi\/poste\/charge-de-patrimoine-immobilier-h-f-h-f","title":{"rendered":"Charg\u00e9 de Patrimoine Immobilier H\/F H\/F"},"content":{"rendered":"<h2>L&rsquo;entreprise:<\/h2>\n<\/p>\n<p>Cristal Habitat rassemble plus de 200 salari\u00e9s engag\u00e9s dans la location, la vente, la construction, l&rsquo;am\u00e9nagement et la gestion de plus de 10 000 logements et 210 locaux et b\u00e2timents professionnels et commerciaux.<\/p>\n<p>Notre soci\u00e9t\u00e9 d\u00e9tient 60% du parc locatif social de l&rsquo;agglom\u00e9ration. Outil cl\u00e9 de Grand Chamb\u00e9ry pour l&rsquo;habitat et le d\u00e9veloppement de l&rsquo;immobilier \u00e0 vocation \u00e9conomique, depuis plus de 100 ans, c&rsquo;est notre engagement quotidien aupr\u00e8s des habitants, des professionnels et des \u00e9lus du Grand Chamb\u00e9ry qui fonde notre exp\u00e9rience, notre expertise et notre fiabilit\u00e9 sur le terrain.<\/p>\n<p>Utiles et responsables, nous nous attachons \u00e0 proposer des solutions efficientes et durables au service des territoires et des habitants.<\/p>\n<\/p>\n<h2>Description:<\/h2>\n<\/p>\n<p>Rattach\u00e9 au responsable de l&rsquo;exploitation du patrimoine d&rsquo;une agence de proximit\u00e9, vous assurez une pr\u00e9sence permanente aupr\u00e8s des locataires sur les sites qui vous sont confi\u00e9s.<\/p>\n<p>Vos principales missions :<\/p>\n<p>Vie du bail et gestion technique<br \/>Suivi des demandes d&rsquo;interventions techniques dans les logements et parties communes (Cr\u00e9ation d&rsquo;affaires, \u00e9mission des bons de commande, contr\u00f4le qualit\u00e9 des prestations, suivi de la satisfaction des locataires)<br \/>Traitement des r\u00e9clamations techniques des locataires<br \/>Gestion et coordination des interventions des entreprises<br \/>Gestion des relations et suivi des interventions avec les syndics<\/p>\n<p>Veille patrimoniale et s\u00e9curit\u00e9 du b\u00e2ti<br \/>Surveillance, maintenance et s\u00e9curit\u00e9 du b\u00e2ti et des \u00e9quipements sur votre secteur, avec mise en oeuvre des actions n\u00e9cessaires pour traiter les dysfonctionnements<br \/>Suivi des interventions li\u00e9es \u00e0 la tranquillit\u00e9 r\u00e9sidentielle, en lien avec les services externes concern\u00e9s<br \/>Contr\u00f4le de la s\u00e9curit\u00e9 des parties communes et suivi de l&rsquo;entretien g\u00e9n\u00e9ral<\/p>\n<p>Relocation des logements et entr\u00e9e dans les lieux<br \/>R\u00e9alisation des visites conseils aupr\u00e8s des locataires avant leur d\u00e9part, estimation des travaux \u00e0 r\u00e9aliser et des d\u00e9lais de relocation<br \/>R\u00e9alisation des \u00e9tats des lieux de sortie avec \u00e9tablissement des imputations locatives<br \/>Engagement et suivi des travaux avant relocation, jusqu&rsquo;\u00e0 leur r\u00e9ception<br \/>R\u00e9alisation des \u00e9tats des lieux d&rsquo;entr\u00e9e des locataires <\/p>\n<h2>Profil:<\/h2>\n<\/p>\n<p>Bac +2 (BTS profession immobili\u00e8re\/ technique du b\u00e2timent)<br \/>Aptitude au relationnel, communication \u00e9crite et orale de bon niveau<br \/>Ma\u00eetrise des pathologies du b\u00e2ti et connaissance des m\u00e9tiers du second oeuvre<br \/>Connaissance de la l\u00e9gislation du rapport locatif et de la r\u00e9glementation des march\u00e9s publics<br \/>Capacit\u00e9 \u00e0 adapter sa communication aux caract\u00e9ristiques socioculturelles des habitants<br \/>Sens de la relation client\/fournisseur<br \/>Permis B obligatoire et v\u00e9hicule personnel<br \/>Exp\u00e9rience souhait\u00e9e en syndic de copropri\u00e9t\u00e9 ou en agence immobili\u00e8re<\/p>\n<h3>Niveau de dipl\u00f4me:<\/h3>\n<p> Niveau III &#8211; Bac+2 (BTS, DUT,\u2026)<\/p>\n<h3>Temps de travail<\/h3>\n<p>Temps plein <\/p>\n<h3> Organisme <\/h3>\n<p> <span id=\"ctl00_ctl00_AspMainContent_MainContent_MasterPageSettingsView_ctl03_ctl01_fldEntityDescriptionFormat_lblContentText\"><span id=\"ctl00_MainContent_DescriptionEntityEdit_SubForm1_ctl01_Field1_ctl00_lblEntityFormat\">SEM CRISTAL HABITAT <\/span><br \/><\/span><\/p>\n","protected":false},"author":0,"featured_media":5636,"template":"","meta":{"_promoted":"","_job_location":"France, Auvergne - Rhone-Alpes, Savoie (73) Le Cristal - 1 place du Forum 73025 CHAMBERY","_application":"https:\/\/les-hlm-recrutent.talent-soft.com\/offre-de-emploi\/emploi-charge-de-patrimoine-immobilier-h-f-h-f_70533.aspx?utm_source=monbailleur.fr","_company_name":"SEM CRISTAL HABITAT","_company_website":"","_company_tagline":"","_company_twitter":"","_company_video":"","_filled":0,"_featured":0,"_remote_position":0,"_job_salary":"","_job_salary_currency":"","_job_salary_unit":""},"job-categories":[78],"job-types":[63],"class_list":["post-39466","job_listing","type-job_listing","status-publish","has-post-thumbnail","hentry","job_listing_category-autres","job_listing_type-cdi","job-type-cdi"],"yoast_head":"<!-- This site is optimized with the Yoast SEO Premium plugin v22.4 (Yoast SEO v25.1) - https:\/\/yoast.com\/wordpress\/plugins\/seo\/ -->\n<title>Charg\u00e9 de Patrimoine Immobilier H\/F H\/F - Monbailleur.fr - Emploi<\/title>\n<meta name=\"robots\" content=\"noindex, follow\" \/>\n<meta property=\"og:locale\" content=\"fr_FR\" \/>\n<meta property=\"og:type\" content=\"article\" \/>\n<meta property=\"og:title\" content=\"Charg\u00e9 de Patrimoine Immobilier H\/F H\/F\" \/>\n<meta property=\"og:description\" content=\"L&rsquo;entreprise: Cristal Habitat rassemble plus de 200 salari\u00e9s engag\u00e9s dans la location, la vente, la construction, l&rsquo;am\u00e9nagement et la gestion de plus de 10 000 logements et 210 locaux et b\u00e2timents professionnels et commerciaux. Notre soci\u00e9t\u00e9 d\u00e9tient 60% du parc locatif social de l&rsquo;agglom\u00e9ration. Outil cl\u00e9 de Grand Chamb\u00e9ry pour l&rsquo;habitat et le d\u00e9veloppement de\" \/>\n<meta property=\"og:url\" content=\"https:\/\/www.monbailleur.fr\/offres-emploi\/poste\/charge-de-patrimoine-immobilier-h-f-h-f\" \/>\n<meta property=\"og:site_name\" content=\"Monbailleur.fr - Emploi\" \/>\n<meta property=\"og:image\" content=\"https:\/\/www.monbailleur.fr\/offres-emploi\/wp-content\/uploads\/2023\/06\/mon_bailleur_emploi_placeholder.png\" \/>\n\t<meta property=\"og:image:width\" content=\"512\" \/>\n\t<meta property=\"og:image:height\" content=\"512\" \/>\n\t<meta property=\"og:image:type\" content=\"image\/png\" \/>\n<meta name=\"twitter:card\" content=\"summary_large_image\" \/>\n<meta name=\"twitter:label1\" content=\"Dur\u00e9e de lecture estim\u00e9e\" \/>\n\t<meta name=\"twitter:data1\" content=\"2 minutes\" \/>\n<script type=\"application\/ld+json\" class=\"yoast-schema-graph\">{\"@context\":\"https:\/\/schema.org\",\"@graph\":[{\"@type\":\"WebPage\",\"@id\":\"https:\/\/www.monbailleur.fr\/offres-emploi\/poste\/charge-de-patrimoine-immobilier-h-f-h-f\",\"url\":\"https:\/\/www.monbailleur.fr\/offres-emploi\/poste\/charge-de-patrimoine-immobilier-h-f-h-f\",\"name\":\"Charg\u00e9 de Patrimoine Immobilier H\/F H\/F - Monbailleur.fr - Emploi\",\"isPartOf\":{\"@id\":\"https:\/\/www.monbailleur.fr\/offres-emploi\/#website\"},\"primaryImageOfPage\":{\"@id\":\"https:\/\/www.monbailleur.fr\/offres-emploi\/poste\/charge-de-patrimoine-immobilier-h-f-h-f#primaryimage\"},\"image\":{\"@id\":\"https:\/\/www.monbailleur.fr\/offres-emploi\/poste\/charge-de-patrimoine-immobilier-h-f-h-f#primaryimage\"},\"thumbnailUrl\":\"https:\/\/www.monbailleur.fr\/offres-emploi\/wp-content\/uploads\/2023\/06\/mon_bailleur_emploi_placeholder.png\",\"datePublished\":\"2026-08-29T06:00:14+00:00\",\"breadcrumb\":{\"@id\":\"https:\/\/www.monbailleur.fr\/offres-emploi\/poste\/charge-de-patrimoine-immobilier-h-f-h-f#breadcrumb\"},\"inLanguage\":\"fr-FR\",\"potentialAction\":[{\"@type\":\"ReadAction\",\"target\":[\"https:\/\/www.monbailleur.fr\/offres-emploi\/poste\/charge-de-patrimoine-immobilier-h-f-h-f\"]}]},{\"@type\":\"ImageObject\",\"inLanguage\":\"fr-FR\",\"@id\":\"https:\/\/www.monbailleur.fr\/offres-emploi\/poste\/charge-de-patrimoine-immobilier-h-f-h-f#primaryimage\",\"url\":\"https:\/\/www.monbailleur.fr\/offres-emploi\/wp-content\/uploads\/2023\/06\/mon_bailleur_emploi_placeholder.png\",\"contentUrl\":\"https:\/\/www.monbailleur.fr\/offres-emploi\/wp-content\/uploads\/2023\/06\/mon_bailleur_emploi_placeholder.png\",\"width\":512,\"height\":512},{\"@type\":\"BreadcrumbList\",\"@id\":\"https:\/\/www.monbailleur.fr\/offres-emploi\/poste\/charge-de-patrimoine-immobilier-h-f-h-f#breadcrumb\",\"itemListElement\":[{\"@type\":\"ListItem\",\"position\":1,\"name\":\"Accueil\",\"item\":\"https:\/\/www.monbailleur.fr\/offres-emploi\/\"},{\"@type\":\"ListItem\",\"position\":2,\"name\":\"offres d\u2019emploi\",\"item\":\"https:\/\/www.monbailleur.fr\/offres-emploi\/job-listings\"},{\"@type\":\"ListItem\",\"position\":3,\"name\":\"Charg\u00e9 de Patrimoine Immobilier H\/F H\/F\"}]},{\"@type\":\"WebSite\",\"@id\":\"https:\/\/www.monbailleur.fr\/offres-emploi\/#website\",\"url\":\"https:\/\/www.monbailleur.fr\/offres-emploi\/\",\"name\":\"Monbailleur.fr - Emploi\",\"description\":\"Les offres d&#039;emploi du logement social\",\"publisher\":{\"@id\":\"https:\/\/www.monbailleur.fr\/offres-emploi\/#organization\"},\"potentialAction\":[{\"@type\":\"SearchAction\",\"target\":{\"@type\":\"EntryPoint\",\"urlTemplate\":\"https:\/\/www.monbailleur.fr\/offres-emploi\/?s={search_term_string}\"},\"query-input\":{\"@type\":\"PropertyValueSpecification\",\"valueRequired\":true,\"valueName\":\"search_term_string\"}}],\"inLanguage\":\"fr-FR\"},{\"@type\":\"Organization\",\"@id\":\"https:\/\/www.monbailleur.fr\/offres-emploi\/#organization\",\"name\":\"Monbailleur.fr - Emploi\",\"url\":\"https:\/\/www.monbailleur.fr\/offres-emploi\/\",\"logo\":{\"@type\":\"ImageObject\",\"inLanguage\":\"fr-FR\",\"@id\":\"https:\/\/www.monbailleur.fr\/offres-emploi\/#\/schema\/logo\/image\/\",\"url\":\"https:\/\/www.monbailleur.fr\/offres-emploi\/wp-content\/uploads\/2023\/06\/MonBailleur-1200x675-1.png\",\"contentUrl\":\"https:\/\/www.monbailleur.fr\/offres-emploi\/wp-content\/uploads\/2023\/06\/MonBailleur-1200x675-1.png\",\"width\":1200,\"height\":675,\"caption\":\"Monbailleur.fr - Emploi\"},\"image\":{\"@id\":\"https:\/\/www.monbailleur.fr\/offres-emploi\/#\/schema\/logo\/image\/\"}}]}<\/script>\n<!-- \/ Yoast SEO Premium plugin. -->","yoast_head_json":{"title":"Charg\u00e9 de Patrimoine Immobilier H\/F H\/F - Monbailleur.fr - Emploi","robots":{"index":"noindex","follow":"follow"},"og_locale":"fr_FR","og_type":"article","og_title":"Charg\u00e9 de Patrimoine Immobilier H\/F H\/F","og_description":"L&rsquo;entreprise: Cristal Habitat rassemble plus de 200 salari\u00e9s engag\u00e9s dans la location, la vente, la construction, l&rsquo;am\u00e9nagement et la gestion de plus de 10 000 logements et 210 locaux et b\u00e2timents professionnels et commerciaux. Notre soci\u00e9t\u00e9 d\u00e9tient 60% du parc locatif social de l&rsquo;agglom\u00e9ration. Outil cl\u00e9 de Grand Chamb\u00e9ry pour l&rsquo;habitat et le d\u00e9veloppement de","og_url":"https:\/\/www.monbailleur.fr\/offres-emploi\/poste\/charge-de-patrimoine-immobilier-h-f-h-f","og_site_name":"Monbailleur.fr - Emploi","og_image":[{"width":512,"height":512,"url":"https:\/\/www.monbailleur.fr\/offres-emploi\/wp-content\/uploads\/2023\/06\/mon_bailleur_emploi_placeholder.png","type":"image\/png"}],"twitter_card":"summary_large_image","twitter_misc":{"Dur\u00e9e de lecture estim\u00e9e":"2 minutes"},"schema":{"@context":"https:\/\/schema.org","@graph":[{"@type":"WebPage","@id":"https:\/\/www.monbailleur.fr\/offres-emploi\/poste\/charge-de-patrimoine-immobilier-h-f-h-f","url":"https:\/\/www.monbailleur.fr\/offres-emploi\/poste\/charge-de-patrimoine-immobilier-h-f-h-f","name":"Charg\u00e9 de Patrimoine Immobilier H\/F H\/F - Monbailleur.fr - Emploi","isPartOf":{"@id":"https:\/\/www.monbailleur.fr\/offres-emploi\/#website"},"primaryImageOfPage":{"@id":"https:\/\/www.monbailleur.fr\/offres-emploi\/poste\/charge-de-patrimoine-immobilier-h-f-h-f#primaryimage"},"image":{"@id":"https:\/\/www.monbailleur.fr\/offres-emploi\/poste\/charge-de-patrimoine-immobilier-h-f-h-f#primaryimage"},"thumbnailUrl":"https:\/\/www.monbailleur.fr\/offres-emploi\/wp-content\/uploads\/2023\/06\/mon_bailleur_emploi_placeholder.png","datePublished":"2026-08-29T06:00:14+00:00","breadcrumb":{"@id":"https:\/\/www.monbailleur.fr\/offres-emploi\/poste\/charge-de-patrimoine-immobilier-h-f-h-f#breadcrumb"},"inLanguage":"fr-FR","potentialAction":[{"@type":"ReadAction","target":["https:\/\/www.monbailleur.fr\/offres-emploi\/poste\/charge-de-patrimoine-immobilier-h-f-h-f"]}]},{"@type":"ImageObject","inLanguage":"fr-FR","@id":"https:\/\/www.monbailleur.fr\/offres-emploi\/poste\/charge-de-patrimoine-immobilier-h-f-h-f#primaryimage","url":"https:\/\/www.monbailleur.fr\/offres-emploi\/wp-content\/uploads\/2023\/06\/mon_bailleur_emploi_placeholder.png","contentUrl":"https:\/\/www.monbailleur.fr\/offres-emploi\/wp-content\/uploads\/2023\/06\/mon_bailleur_emploi_placeholder.png","width":512,"height":512},{"@type":"BreadcrumbList","@id":"https:\/\/www.monbailleur.fr\/offres-emploi\/poste\/charge-de-patrimoine-immobilier-h-f-h-f#breadcrumb","itemListElement":[{"@type":"ListItem","position":1,"name":"Accueil","item":"https:\/\/www.monbailleur.fr\/offres-emploi\/"},{"@type":"ListItem","position":2,"name":"offres d\u2019emploi","item":"https:\/\/www.monbailleur.fr\/offres-emploi\/job-listings"},{"@type":"ListItem","position":3,"name":"Charg\u00e9 de Patrimoine Immobilier H\/F H\/F"}]},{"@type":"WebSite","@id":"https:\/\/www.monbailleur.fr\/offres-emploi\/#website","url":"https:\/\/www.monbailleur.fr\/offres-emploi\/","name":"Monbailleur.fr - Emploi","description":"Les offres d&#039;emploi du logement social","publisher":{"@id":"https:\/\/www.monbailleur.fr\/offres-emploi\/#organization"},"potentialAction":[{"@type":"SearchAction","target":{"@type":"EntryPoint","urlTemplate":"https:\/\/www.monbailleur.fr\/offres-emploi\/?s={search_term_string}"},"query-input":{"@type":"PropertyValueSpecification","valueRequired":true,"valueName":"search_term_string"}}],"inLanguage":"fr-FR"},{"@type":"Organization","@id":"https:\/\/www.monbailleur.fr\/offres-emploi\/#organization","name":"Monbailleur.fr - Emploi","url":"https:\/\/www.monbailleur.fr\/offres-emploi\/","logo":{"@type":"ImageObject","inLanguage":"fr-FR","@id":"https:\/\/www.monbailleur.fr\/offres-emploi\/#\/schema\/logo\/image\/","url":"https:\/\/www.monbailleur.fr\/offres-emploi\/wp-content\/uploads\/2023\/06\/MonBailleur-1200x675-1.png","contentUrl":"https:\/\/www.monbailleur.fr\/offres-emploi\/wp-content\/uploads\/2023\/06\/MonBailleur-1200x675-1.png","width":1200,"height":675,"caption":"Monbailleur.fr - Emploi"},"image":{"@id":"https:\/\/www.monbailleur.fr\/offres-emploi\/#\/schema\/logo\/image\/"}}]}},"_links":{"self":[{"href":"https:\/\/www.monbailleur.fr\/offres-emploi\/wp-json\/wp\/v2\/job-listings\/39466","targetHints":{"allow":["GET"]}}],"collection":[{"href":"https:\/\/www.monbailleur.fr\/offres-emploi\/wp-json\/wp\/v2\/job-listings"}],"about":[{"href":"https:\/\/www.monbailleur.fr\/offres-emploi\/wp-json\/wp\/v2\/types\/job_listing"}],"wp:featuredmedia":[{"embeddable":true,"href":"https:\/\/www.monbailleur.fr\/offres-emploi\/wp-json\/wp\/v2\/media\/5636"}],"wp:attachment":[{"href":"https:\/\/www.monbailleur.fr\/offres-emploi\/wp-json\/wp\/v2\/media?parent=39466"}],"wp:term":[{"taxonomy":"job_listing_category","embeddable":true,"href":"https:\/\/www.monbailleur.fr\/offres-emploi\/wp-json\/wp\/v2\/job-categories?post=39466"},{"taxonomy":"job_listing_type","embeddable":true,"href":"https:\/\/www.monbailleur.fr\/offres-emploi\/wp-json\/wp\/v2\/job-types?post=39466"}],"curies":[{"name":"wp","href":"https:\/\/api.w.org\/{rel}","templated":true}]}}