{"id":39472,"date":"2026-08-29T08:00:20","date_gmt":"2026-08-29T06:00:20","guid":{"rendered":"https:\/\/www.monbailleur.fr\/offres-emploi\/poste\/responsable-du-service-prevention-et-recouvrement-locatif-h-f-h-f"},"modified":"2026-08-29T08:00:20","modified_gmt":"2026-08-29T06:00:20","slug":"responsable-du-service-prevention-et-recouvrement-locatif-h-f-h-f","status":"publish","type":"job_listing","link":"https:\/\/www.monbailleur.fr\/offres-emploi\/poste\/responsable-du-service-prevention-et-recouvrement-locatif-h-f-h-f","title":{"rendered":"Responsable du Service Pr\u00e9vention et Recouvrement Locatif H\/F H\/F"},"content":{"rendered":"<h2>L&rsquo;entreprise:<\/h2>\n<\/p>\n<p>Cristal Habitat rassemble plus de 200 salari\u00e9s engag\u00e9s dans la location, la vente, la construction, l&rsquo;am\u00e9nagement et la gestion de plus de 10 000 logements et 210 locaux et b\u00e2timents professionnels et commerciaux.<\/p>\n<p>Notre soci\u00e9t\u00e9 d\u00e9tient 60% du parc locatif social de l&rsquo;agglom\u00e9ration. Outil cl\u00e9 de Grand Chamb\u00e9ry pour l&rsquo;habitat et le d\u00e9veloppement de l&rsquo;immobilier \u00e0 vocation \u00e9conomique, depuis plus de 100 ans, c&rsquo;est notre engagement quotidien aupr\u00e8s des habitants, des professionnels et des \u00e9lus du Grand Chamb\u00e9ry qui fonde notre exp\u00e9rience, notre expertise et notre fiabilit\u00e9 sur le terrain.<\/p>\n<p>Utiles et responsables, nous nous attachons \u00e0 proposer des solutions efficientes et durables au service des territoires et des habitants.<\/p>\n<h2>Description:<\/h2>\n<\/p>\n<p>Vous souhaitez donner du sens \u00e0 votre expertise du recouvrement et contribuer \u00e0 faire \u00e9voluer les pratiques dans le logement social ?<\/p>\n<p>Rejoignez Cristal Habitat, acteur majeur du logement social en Savoie, et prenez la responsabilit\u00e9 d&rsquo;un service au c\u0153ur des enjeux \u00e9conomiques et sociaux de notre organisme.<\/p>\n<p>Nous recrutons notre futur(e) Responsable du service Pr\u00e9vention et Recouvrement Locatif.<\/p>\n<p>Au-del\u00e0 du pilotage de l&rsquo;activit\u00e9, nous recherchons un(e) manager capable de donner une impulsion nouvelle au service, de f\u00e9d\u00e9rer les \u00e9quipes et de faire \u00e9voluer les pratiques.<\/p>\n<p>Votre mission<br \/>Rattach\u00e9(e) \u00e0 la Directrice Client\u00e8le et Proximit\u00e9, vous \u00eates responsable de votre service et du pilotage de l&rsquo;ensemble du processus de pr\u00e9vention et de recouvrement des impay\u00e9s, pour les locataires pr\u00e9sents comme pour les locataires partis.<\/p>\n<p>Votre objectif : concilier performance du recouvrement, s\u00e9curisation des recettes et accompagnement des locataires en difficult\u00e9, dans le respect de la mission sociale de Cristal Habitat.<\/p>\n<p>Vous intervenez ainsi de la pr\u00e9vention des premiers impay\u00e9s jusqu&rsquo;au traitement des proc\u00e9dures contentieuses et au recouvrement des cr\u00e9ances.<\/p>\n<h2>Profil:<\/h2>\n<\/p>\n<p>De formation sup\u00e9rieure Bac +4\/5 en droit, immobilier, gestion ou administration, vous disposez d&rsquo;une exp\u00e9rience confirm\u00e9e dans le recouvrement de cr\u00e9ances et le contentieux.<\/p>\n<p>Une exp\u00e9rience dans le logement social, l&rsquo;immobilier ou aupr\u00e8s d&rsquo;un commissaire de justice sera particuli\u00e8rement appr\u00e9ci\u00e9e.<\/p>\n<p>Vous avez d\u00e9j\u00e0 d\u00e9montr\u00e9 votre capacit\u00e9 \u00e0 :<\/p>\n<p>manager et f\u00e9d\u00e9rer une \u00e9quipe ;<br \/>piloter une activit\u00e9 et ses indicateurs ;<br \/>prendre des d\u00e9cisions et arbitrer des situations complexes ;<br \/>travailler en transversalit\u00e9 et f\u00e9d\u00e9rer des acteurs sans lien hi\u00e9rarchique ;<br \/>conduire des projets et accompagner le changement ;<br \/>proposer et mettre en oeuvre des \u00e9volutions organisationnelles.<br \/>Au-del\u00e0 de votre expertise technique, nous recherchons une personnalit\u00e9 capable de prendre des initiatives, donner une direction, faire preuve de discernement et porter des propositions aupr\u00e8s de sa Direction.<\/p>\n<p>Votre sens de l&rsquo;\u00e9coute, votre diplomatie, votre capacit\u00e9 d&rsquo;analyse et votre sens du collectif seront des atouts essentiels pour r\u00e9ussir dans ce poste.<\/p>\n<h3>Niveau de dipl\u00f4me:<\/h3>\n<p> Niveau I &#8211; Bac+5 et plus<\/p>\n<h3>Temps de travail<\/h3>\n<p>Temps plein <\/p>\n<h3> Organisme <\/h3>\n<p> <span id=\"ctl00_ctl00_AspMainContent_MainContent_MasterPageSettingsView_ctl03_ctl01_fldEntityDescriptionFormat_lblContentText\"><span id=\"ctl00_MainContent_DescriptionEntityEdit_SubForm1_ctl01_Field1_ctl00_lblEntityFormat\">SEM CRISTAL HABITAT <\/span><br \/><\/span><\/p>\n","protected":false},"author":0,"featured_media":5636,"template":"","meta":{"_promoted":"","_job_location":"France, Auvergne - Rhone-Alpes, Savoie (73) Le Cristal - 1 place du Forum 73025 CHAMBERY","_application":"https:\/\/les-hlm-recrutent.talent-soft.com\/offre-de-emploi\/emploi-responsable-du-service-prevention-et-recouvrement-locatif-h-f-h-f_70531.aspx?utm_source=monbailleur.fr","_company_name":"SEM CRISTAL HABITAT","_company_website":"","_company_tagline":"","_company_twitter":"","_company_video":"","_filled":0,"_featured":0,"_remote_position":0,"_job_salary":"","_job_salary_currency":"","_job_salary_unit":""},"job-categories":[78],"job-types":[63],"class_list":["post-39472","job_listing","type-job_listing","status-publish","has-post-thumbnail","hentry","job_listing_category-autres","job_listing_type-cdi","job-type-cdi"],"yoast_head":"<!-- This site is optimized with the Yoast SEO Premium plugin v22.4 (Yoast SEO v25.1) - https:\/\/yoast.com\/wordpress\/plugins\/seo\/ -->\n<title>Responsable du Service Pr\u00e9vention et Recouvrement Locatif H\/F H\/F - Monbailleur.fr - Emploi<\/title>\n<meta name=\"robots\" content=\"noindex, follow\" \/>\n<meta property=\"og:locale\" content=\"fr_FR\" \/>\n<meta property=\"og:type\" content=\"article\" \/>\n<meta property=\"og:title\" content=\"Responsable du Service Pr\u00e9vention et Recouvrement Locatif H\/F H\/F\" \/>\n<meta property=\"og:description\" content=\"L&rsquo;entreprise: Cristal Habitat rassemble plus de 200 salari\u00e9s engag\u00e9s dans la location, la vente, la construction, l&rsquo;am\u00e9nagement et la gestion de plus de 10 000 logements et 210 locaux et b\u00e2timents professionnels et commerciaux. Notre soci\u00e9t\u00e9 d\u00e9tient 60% du parc locatif social de l&rsquo;agglom\u00e9ration. Outil cl\u00e9 de Grand Chamb\u00e9ry pour l&rsquo;habitat et le d\u00e9veloppement de\" \/>\n<meta property=\"og:url\" content=\"https:\/\/www.monbailleur.fr\/offres-emploi\/poste\/responsable-du-service-prevention-et-recouvrement-locatif-h-f-h-f\" \/>\n<meta property=\"og:site_name\" content=\"Monbailleur.fr - Emploi\" \/>\n<meta property=\"og:image\" content=\"https:\/\/www.monbailleur.fr\/offres-emploi\/wp-content\/uploads\/2023\/06\/mon_bailleur_emploi_placeholder.png\" \/>\n\t<meta property=\"og:image:width\" content=\"512\" \/>\n\t<meta property=\"og:image:height\" content=\"512\" \/>\n\t<meta property=\"og:image:type\" content=\"image\/png\" \/>\n<meta name=\"twitter:card\" content=\"summary_large_image\" \/>\n<meta name=\"twitter:label1\" content=\"Dur\u00e9e de lecture estim\u00e9e\" \/>\n\t<meta name=\"twitter:data1\" content=\"2 minutes\" \/>\n<script type=\"application\/ld+json\" class=\"yoast-schema-graph\">{\"@context\":\"https:\/\/schema.org\",\"@graph\":[{\"@type\":\"WebPage\",\"@id\":\"https:\/\/www.monbailleur.fr\/offres-emploi\/poste\/responsable-du-service-prevention-et-recouvrement-locatif-h-f-h-f\",\"url\":\"https:\/\/www.monbailleur.fr\/offres-emploi\/poste\/responsable-du-service-prevention-et-recouvrement-locatif-h-f-h-f\",\"name\":\"Responsable du Service Pr\u00e9vention et Recouvrement Locatif H\/F H\/F - Monbailleur.fr - Emploi\",\"isPartOf\":{\"@id\":\"https:\/\/www.monbailleur.fr\/offres-emploi\/#website\"},\"primaryImageOfPage\":{\"@id\":\"https:\/\/www.monbailleur.fr\/offres-emploi\/poste\/responsable-du-service-prevention-et-recouvrement-locatif-h-f-h-f#primaryimage\"},\"image\":{\"@id\":\"https:\/\/www.monbailleur.fr\/offres-emploi\/poste\/responsable-du-service-prevention-et-recouvrement-locatif-h-f-h-f#primaryimage\"},\"thumbnailUrl\":\"https:\/\/www.monbailleur.fr\/offres-emploi\/wp-content\/uploads\/2023\/06\/mon_bailleur_emploi_placeholder.png\",\"datePublished\":\"2026-08-29T06:00:20+00:00\",\"breadcrumb\":{\"@id\":\"https:\/\/www.monbailleur.fr\/offres-emploi\/poste\/responsable-du-service-prevention-et-recouvrement-locatif-h-f-h-f#breadcrumb\"},\"inLanguage\":\"fr-FR\",\"potentialAction\":[{\"@type\":\"ReadAction\",\"target\":[\"https:\/\/www.monbailleur.fr\/offres-emploi\/poste\/responsable-du-service-prevention-et-recouvrement-locatif-h-f-h-f\"]}]},{\"@type\":\"ImageObject\",\"inLanguage\":\"fr-FR\",\"@id\":\"https:\/\/www.monbailleur.fr\/offres-emploi\/poste\/responsable-du-service-prevention-et-recouvrement-locatif-h-f-h-f#primaryimage\",\"url\":\"https:\/\/www.monbailleur.fr\/offres-emploi\/wp-content\/uploads\/2023\/06\/mon_bailleur_emploi_placeholder.png\",\"contentUrl\":\"https:\/\/www.monbailleur.fr\/offres-emploi\/wp-content\/uploads\/2023\/06\/mon_bailleur_emploi_placeholder.png\",\"width\":512,\"height\":512},{\"@type\":\"BreadcrumbList\",\"@id\":\"https:\/\/www.monbailleur.fr\/offres-emploi\/poste\/responsable-du-service-prevention-et-recouvrement-locatif-h-f-h-f#breadcrumb\",\"itemListElement\":[{\"@type\":\"ListItem\",\"position\":1,\"name\":\"Accueil\",\"item\":\"https:\/\/www.monbailleur.fr\/offres-emploi\/\"},{\"@type\":\"ListItem\",\"position\":2,\"name\":\"offres d\u2019emploi\",\"item\":\"https:\/\/www.monbailleur.fr\/offres-emploi\/job-listings\"},{\"@type\":\"ListItem\",\"position\":3,\"name\":\"Responsable du Service Pr\u00e9vention et Recouvrement Locatif H\/F H\/F\"}]},{\"@type\":\"WebSite\",\"@id\":\"https:\/\/www.monbailleur.fr\/offres-emploi\/#website\",\"url\":\"https:\/\/www.monbailleur.fr\/offres-emploi\/\",\"name\":\"Monbailleur.fr - Emploi\",\"description\":\"Les offres d&#039;emploi du logement social\",\"publisher\":{\"@id\":\"https:\/\/www.monbailleur.fr\/offres-emploi\/#organization\"},\"potentialAction\":[{\"@type\":\"SearchAction\",\"target\":{\"@type\":\"EntryPoint\",\"urlTemplate\":\"https:\/\/www.monbailleur.fr\/offres-emploi\/?s={search_term_string}\"},\"query-input\":{\"@type\":\"PropertyValueSpecification\",\"valueRequired\":true,\"valueName\":\"search_term_string\"}}],\"inLanguage\":\"fr-FR\"},{\"@type\":\"Organization\",\"@id\":\"https:\/\/www.monbailleur.fr\/offres-emploi\/#organization\",\"name\":\"Monbailleur.fr - Emploi\",\"url\":\"https:\/\/www.monbailleur.fr\/offres-emploi\/\",\"logo\":{\"@type\":\"ImageObject\",\"inLanguage\":\"fr-FR\",\"@id\":\"https:\/\/www.monbailleur.fr\/offres-emploi\/#\/schema\/logo\/image\/\",\"url\":\"https:\/\/www.monbailleur.fr\/offres-emploi\/wp-content\/uploads\/2023\/06\/MonBailleur-1200x675-1.png\",\"contentUrl\":\"https:\/\/www.monbailleur.fr\/offres-emploi\/wp-content\/uploads\/2023\/06\/MonBailleur-1200x675-1.png\",\"width\":1200,\"height\":675,\"caption\":\"Monbailleur.fr - Emploi\"},\"image\":{\"@id\":\"https:\/\/www.monbailleur.fr\/offres-emploi\/#\/schema\/logo\/image\/\"}}]}<\/script>\n<!-- \/ Yoast SEO Premium plugin. -->","yoast_head_json":{"title":"Responsable du Service Pr\u00e9vention et Recouvrement Locatif H\/F H\/F - Monbailleur.fr - Emploi","robots":{"index":"noindex","follow":"follow"},"og_locale":"fr_FR","og_type":"article","og_title":"Responsable du Service Pr\u00e9vention et Recouvrement Locatif H\/F H\/F","og_description":"L&rsquo;entreprise: Cristal Habitat rassemble plus de 200 salari\u00e9s engag\u00e9s dans la location, la vente, la construction, l&rsquo;am\u00e9nagement et la gestion de plus de 10 000 logements et 210 locaux et b\u00e2timents professionnels et commerciaux. Notre soci\u00e9t\u00e9 d\u00e9tient 60% du parc locatif social de l&rsquo;agglom\u00e9ration. Outil cl\u00e9 de Grand Chamb\u00e9ry pour l&rsquo;habitat et le d\u00e9veloppement de","og_url":"https:\/\/www.monbailleur.fr\/offres-emploi\/poste\/responsable-du-service-prevention-et-recouvrement-locatif-h-f-h-f","og_site_name":"Monbailleur.fr - Emploi","og_image":[{"width":512,"height":512,"url":"https:\/\/www.monbailleur.fr\/offres-emploi\/wp-content\/uploads\/2023\/06\/mon_bailleur_emploi_placeholder.png","type":"image\/png"}],"twitter_card":"summary_large_image","twitter_misc":{"Dur\u00e9e de lecture estim\u00e9e":"2 minutes"},"schema":{"@context":"https:\/\/schema.org","@graph":[{"@type":"WebPage","@id":"https:\/\/www.monbailleur.fr\/offres-emploi\/poste\/responsable-du-service-prevention-et-recouvrement-locatif-h-f-h-f","url":"https:\/\/www.monbailleur.fr\/offres-emploi\/poste\/responsable-du-service-prevention-et-recouvrement-locatif-h-f-h-f","name":"Responsable du Service Pr\u00e9vention et Recouvrement Locatif H\/F H\/F - Monbailleur.fr - Emploi","isPartOf":{"@id":"https:\/\/www.monbailleur.fr\/offres-emploi\/#website"},"primaryImageOfPage":{"@id":"https:\/\/www.monbailleur.fr\/offres-emploi\/poste\/responsable-du-service-prevention-et-recouvrement-locatif-h-f-h-f#primaryimage"},"image":{"@id":"https:\/\/www.monbailleur.fr\/offres-emploi\/poste\/responsable-du-service-prevention-et-recouvrement-locatif-h-f-h-f#primaryimage"},"thumbnailUrl":"https:\/\/www.monbailleur.fr\/offres-emploi\/wp-content\/uploads\/2023\/06\/mon_bailleur_emploi_placeholder.png","datePublished":"2026-08-29T06:00:20+00:00","breadcrumb":{"@id":"https:\/\/www.monbailleur.fr\/offres-emploi\/poste\/responsable-du-service-prevention-et-recouvrement-locatif-h-f-h-f#breadcrumb"},"inLanguage":"fr-FR","potentialAction":[{"@type":"ReadAction","target":["https:\/\/www.monbailleur.fr\/offres-emploi\/poste\/responsable-du-service-prevention-et-recouvrement-locatif-h-f-h-f"]}]},{"@type":"ImageObject","inLanguage":"fr-FR","@id":"https:\/\/www.monbailleur.fr\/offres-emploi\/poste\/responsable-du-service-prevention-et-recouvrement-locatif-h-f-h-f#primaryimage","url":"https:\/\/www.monbailleur.fr\/offres-emploi\/wp-content\/uploads\/2023\/06\/mon_bailleur_emploi_placeholder.png","contentUrl":"https:\/\/www.monbailleur.fr\/offres-emploi\/wp-content\/uploads\/2023\/06\/mon_bailleur_emploi_placeholder.png","width":512,"height":512},{"@type":"BreadcrumbList","@id":"https:\/\/www.monbailleur.fr\/offres-emploi\/poste\/responsable-du-service-prevention-et-recouvrement-locatif-h-f-h-f#breadcrumb","itemListElement":[{"@type":"ListItem","position":1,"name":"Accueil","item":"https:\/\/www.monbailleur.fr\/offres-emploi\/"},{"@type":"ListItem","position":2,"name":"offres d\u2019emploi","item":"https:\/\/www.monbailleur.fr\/offres-emploi\/job-listings"},{"@type":"ListItem","position":3,"name":"Responsable du Service Pr\u00e9vention et Recouvrement Locatif H\/F H\/F"}]},{"@type":"WebSite","@id":"https:\/\/www.monbailleur.fr\/offres-emploi\/#website","url":"https:\/\/www.monbailleur.fr\/offres-emploi\/","name":"Monbailleur.fr - Emploi","description":"Les offres d&#039;emploi du logement social","publisher":{"@id":"https:\/\/www.monbailleur.fr\/offres-emploi\/#organization"},"potentialAction":[{"@type":"SearchAction","target":{"@type":"EntryPoint","urlTemplate":"https:\/\/www.monbailleur.fr\/offres-emploi\/?s={search_term_string}"},"query-input":{"@type":"PropertyValueSpecification","valueRequired":true,"valueName":"search_term_string"}}],"inLanguage":"fr-FR"},{"@type":"Organization","@id":"https:\/\/www.monbailleur.fr\/offres-emploi\/#organization","name":"Monbailleur.fr - Emploi","url":"https:\/\/www.monbailleur.fr\/offres-emploi\/","logo":{"@type":"ImageObject","inLanguage":"fr-FR","@id":"https:\/\/www.monbailleur.fr\/offres-emploi\/#\/schema\/logo\/image\/","url":"https:\/\/www.monbailleur.fr\/offres-emploi\/wp-content\/uploads\/2023\/06\/MonBailleur-1200x675-1.png","contentUrl":"https:\/\/www.monbailleur.fr\/offres-emploi\/wp-content\/uploads\/2023\/06\/MonBailleur-1200x675-1.png","width":1200,"height":675,"caption":"Monbailleur.fr - Emploi"},"image":{"@id":"https:\/\/www.monbailleur.fr\/offres-emploi\/#\/schema\/logo\/image\/"}}]}},"_links":{"self":[{"href":"https:\/\/www.monbailleur.fr\/offres-emploi\/wp-json\/wp\/v2\/job-listings\/39472","targetHints":{"allow":["GET"]}}],"collection":[{"href":"https:\/\/www.monbailleur.fr\/offres-emploi\/wp-json\/wp\/v2\/job-listings"}],"about":[{"href":"https:\/\/www.monbailleur.fr\/offres-emploi\/wp-json\/wp\/v2\/types\/job_listing"}],"wp:featuredmedia":[{"embeddable":true,"href":"https:\/\/www.monbailleur.fr\/offres-emploi\/wp-json\/wp\/v2\/media\/5636"}],"wp:attachment":[{"href":"https:\/\/www.monbailleur.fr\/offres-emploi\/wp-json\/wp\/v2\/media?parent=39472"}],"wp:term":[{"taxonomy":"job_listing_category","embeddable":true,"href":"https:\/\/www.monbailleur.fr\/offres-emploi\/wp-json\/wp\/v2\/job-categories?post=39472"},{"taxonomy":"job_listing_type","embeddable":true,"href":"https:\/\/www.monbailleur.fr\/offres-emploi\/wp-json\/wp\/v2\/job-types?post=39472"}],"curies":[{"name":"wp","href":"https:\/\/api.w.org\/{rel}","templated":true}]}}