{"id":39489,"date":"2026-08-30T08:00:11","date_gmt":"2026-08-30T06:00:11","guid":{"rendered":"https:\/\/www.monbailleur.fr\/offres-emploi\/poste\/charge-de-gestion-comptable-f-h"},"modified":"2026-08-30T08:00:11","modified_gmt":"2026-08-30T06:00:11","slug":"charge-de-gestion-comptable-f-h","status":"publish","type":"job_listing","link":"https:\/\/www.monbailleur.fr\/offres-emploi\/poste\/charge-de-gestion-comptable-f-h","title":{"rendered":"Charg\u00e9 de gestion comptable F\/H"},"content":{"rendered":"<h2>L&rsquo;entreprise:<\/h2>\n<h2>Description:<\/h2>\n<\/p>\n<p>Selon les directives du responsable de p\u00f4le et dans le respect des proc\u00e9dures \u00e9tablies,vous participez \u00e0 la mise en \u0153uvre de la gestion comptable des contrats de maintenance, de fourniture, de prestation composant les charges locatives ainsi qu\u2019au processus de r\u00e9gularisation de charges r\u00e9cup\u00e9rables aupr\u00e8s des locataires. <\/p>\n<p>Au titre de la gestion comptable des contrats de maintenance, bons de commandes et prestataires:<\/p>\n<p>&#8211; Vous saisissez et contr\u00f4lez les factures li\u00e9es aux march\u00e9s, bons de commandes, stocks, prestataires <br \/>&#8211; Vous assurez la mise en paiement dans le respect des d\u00e9lais des factures <br \/>&#8211; Vous valorisez et saisissez les bons travaux r\u00e9gie r\u00e9cup\u00e9rables <br \/>&#8211; Vous int\u00e8grez et contr\u00f4lez les fichiers de t\u00e9l\u00e9rel\u00e8ve des compteurs d\u2019eau <br \/>&#8211; Vous actualisez les tarifs de l\u2019eau pour chaque r\u00e9sidence <br \/>&#8211; Vous cr\u00e9ez les march\u00e9s et proc\u00e8dez \u00e0 la mise \u00e0 jour des avenants, r\u00e9visions, et cl\u00f4tures dans le module d\u00e9di\u00e9 <br \/>&#8211; Vous assurez le suivi financier des march\u00e9s <\/p>\n<p>Au titre de la gestion comptable des logements en copropri\u00e9t\u00e9:<\/p>\n<p>&#8211; Vous contr\u00f4lez et comptabilisez les d\u00e9comptes annuels de charges adress\u00e9s par les syndics <br \/>&#8211; Vous veillez \u00e0 la bonne ventilation des charges r\u00e9cup\u00e9rables en fonction du d\u00e9cret <br \/>&#8211; Vous calculez et modifiez les provisions de charge apr\u00e8s d\u00e9comptes annuels <br \/>&#8211; Vous \u00e9tablissez les refacturations diverses au syndic (badges, t\u00e9l\u00e9commandes\u2026) <\/p>\n<p>Au titre de la gestion comptable des charges locatives:<\/p>\n<p>&#8211; Vous traitez la r\u00e9gularisation des charges r\u00e9cup\u00e9rables annuelle dans le respect du planning : <\/p>\n<p> &#8211; Vous analysez les \u00e9l\u00e9ments de calcul et r\u00e9ajustez les estimations de provision de charge<\/p>\n<p> &#8211; Vous pr\u00e9parez les \u00e9l\u00e9ments financiers en vue des contr\u00f4les de charges des associations et des locataires et vous pouvez \u00eatre amen\u00e9 \u00e0 participer \u00e0 ces contr\u00f4les<\/p>\n<p>&#8211; Pour le patrimoine locatif existant : <\/p>\n<p> &#8211; Vous contr\u00f4lez la Taxe d\u2019Enl\u00e8vements des Ordures M\u00e9nag\u00e8res <\/p>\n<p> &#8211; Vous saisissez les index de consommation d\u2019eau annuel pour les groupes sans t\u00e9l\u00e9rel\u00e8ve<\/p>\n<p>&#8211; Pour le nouveau patrimoine locatif : <\/p>\n<p> &#8211; Vous \u00e9laborez un budget pr\u00e9visionnel<\/p>\n<p> &#8211; Vous d\u00e9terminez les acomptes de charges<\/p>\n<p>Vous assurez la relation clients\/fournisseurs pour toutes les activit\u00e9s confi\u00e9es. Vous pouvez \u00eatre amen\u00e9 \u00e0 traiter les r\u00e9clamations sp\u00e9cifiques concernant les charges locatives via les supports (t\u00e9l\u00e9phoniques, rdv physique, CRM, courriers, courriels).<\/p>\n<p>Vous \u00eates titulaire d&rsquo;un Bac Pro \u00e0 Bac+2 : BTS\u2026ou formation similaire avec 1 \u00e0 3 ans d\u2019exp\u00e9rience<\/p>\n<p>Vous maitrisez le d\u00e9cret charges et les textes associ\u00e9s ainsi que l&rsquo;utilisation des outils bureautiques<\/p>\n<p>Votre expertise en gestion de budget est reconnue<\/p>\n<p>Vos qualit\u00e9s relationnelles et votre rigueur sont appr\u00e9ci\u00e9es<\/p>\n<p>Votre capacit\u00e9 \u00e0 travailler en \u00e9quipe et votre organisation personnelle constituent un atout pour int\u00e9grer notre entreprise.<\/p>\n<p>Salaire sur 13,65 mois.<\/p>\n<p>Accord d&rsquo;int\u00e9ressement<\/p>\n<p>Mutuelle attractive<\/p>\n<p>Titres restaurant<\/p>\n<p>39 h avec 23 RTT<\/p>\n<p>Lieu de travail &#8211; Brezet<\/p>\n<p>Les d\u00e9finitions suivantes ne sont ni exhaustives, ni immuables. Elles peuvent \u00eatre modifi\u00e9es \u00e0 tout moment en fonction des besoins du Service, de la Direction ou de la Soci\u00e9t\u00e9<\/p>\n<h3>Niveau de dipl\u00f4me:<\/h3>\n<p> Niveau III &#8211; Bac+2 (BTS, DUT,\u2026)<\/p>\n<h3>Temps de travail<\/h3>\n<p>Temps plein <\/p>\n<h3> Organisme <\/h3>\n<p> <span id=\"ctl00_ctl00_AspMainContent_MainContent_MasterPageSettingsView_ctl03_ctl01_fldEntityDescriptionFormat_lblContentText\"><span id=\"ctl00_MainContent_DescriptionEntityEdit_SubForm1_ctl01_Field1_ctl00_lblEntityFormat\">AUVERGNE HABITAT <\/span><br \/><\/span><\/p>\n","protected":false},"author":0,"featured_media":32950,"template":"","meta":{"_promoted":"","_job_location":"France, Auvergne - Rhone-Alpes, Puy de D\u00f4me (63) Clermont-Ferrand","_application":"https:\/\/les-hlm-recrutent.talent-soft.com\/offre-de-emploi\/emploi-charge-de-gestion-comptable-f-h_67602.aspx?utm_source=monbailleur.fr","_company_name":"AUVERGNE HABITAT","_company_website":"","_company_tagline":"","_company_twitter":"","_company_video":"","_filled":0,"_featured":0,"_remote_position":0,"_job_salary":"","_job_salary_currency":"","_job_salary_unit":""},"job-categories":[78],"job-types":[63],"class_list":["post-39489","job_listing","type-job_listing","status-publish","has-post-thumbnail","hentry","job_listing_category-autres","job_listing_type-cdi","job-type-cdi"],"yoast_head":"<!-- This site is optimized with the Yoast SEO Premium plugin v22.4 (Yoast SEO v25.1) - https:\/\/yoast.com\/wordpress\/plugins\/seo\/ -->\n<title>Charg\u00e9 de gestion comptable F\/H - Monbailleur.fr - Emploi<\/title>\n<meta name=\"robots\" content=\"noindex, follow\" \/>\n<meta property=\"og:locale\" content=\"fr_FR\" \/>\n<meta property=\"og:type\" content=\"article\" \/>\n<meta property=\"og:title\" content=\"Charg\u00e9 de gestion comptable F\/H\" \/>\n<meta property=\"og:description\" content=\"L&rsquo;entreprise: Description: Selon les directives du responsable de p\u00f4le et dans le respect des proc\u00e9dures \u00e9tablies,vous participez \u00e0 la mise en \u0153uvre de la gestion comptable des contrats de maintenance, de fourniture, de prestation composant les charges locatives ainsi qu\u2019au processus de r\u00e9gularisation de charges r\u00e9cup\u00e9rables aupr\u00e8s des locataires. Au titre de la gestion comptable\" \/>\n<meta property=\"og:url\" content=\"https:\/\/www.monbailleur.fr\/offres-emploi\/poste\/charge-de-gestion-comptable-f-h\" \/>\n<meta property=\"og:site_name\" content=\"Monbailleur.fr - Emploi\" \/>\n<meta property=\"og:image\" content=\"https:\/\/www.monbailleur.fr\/offres-emploi\/wp-content\/uploads\/2025\/12\/auvergne-habitat.png\" \/>\n\t<meta property=\"og:image:width\" content=\"200\" \/>\n\t<meta property=\"og:image:height\" content=\"183\" \/>\n\t<meta property=\"og:image:type\" content=\"image\/png\" \/>\n<meta name=\"twitter:card\" content=\"summary_large_image\" \/>\n<meta name=\"twitter:label1\" content=\"Dur\u00e9e de lecture estim\u00e9e\" \/>\n\t<meta name=\"twitter:data1\" content=\"3 minutes\" \/>\n<script type=\"application\/ld+json\" class=\"yoast-schema-graph\">{\"@context\":\"https:\/\/schema.org\",\"@graph\":[{\"@type\":\"WebPage\",\"@id\":\"https:\/\/www.monbailleur.fr\/offres-emploi\/poste\/charge-de-gestion-comptable-f-h\",\"url\":\"https:\/\/www.monbailleur.fr\/offres-emploi\/poste\/charge-de-gestion-comptable-f-h\",\"name\":\"Charg\u00e9 de gestion comptable F\/H - Monbailleur.fr - Emploi\",\"isPartOf\":{\"@id\":\"https:\/\/www.monbailleur.fr\/offres-emploi\/#website\"},\"primaryImageOfPage\":{\"@id\":\"https:\/\/www.monbailleur.fr\/offres-emploi\/poste\/charge-de-gestion-comptable-f-h#primaryimage\"},\"image\":{\"@id\":\"https:\/\/www.monbailleur.fr\/offres-emploi\/poste\/charge-de-gestion-comptable-f-h#primaryimage\"},\"thumbnailUrl\":\"https:\/\/www.monbailleur.fr\/offres-emploi\/wp-content\/uploads\/2025\/12\/auvergne-habitat.png\",\"datePublished\":\"2026-08-30T06:00:11+00:00\",\"breadcrumb\":{\"@id\":\"https:\/\/www.monbailleur.fr\/offres-emploi\/poste\/charge-de-gestion-comptable-f-h#breadcrumb\"},\"inLanguage\":\"fr-FR\",\"potentialAction\":[{\"@type\":\"ReadAction\",\"target\":[\"https:\/\/www.monbailleur.fr\/offres-emploi\/poste\/charge-de-gestion-comptable-f-h\"]}]},{\"@type\":\"ImageObject\",\"inLanguage\":\"fr-FR\",\"@id\":\"https:\/\/www.monbailleur.fr\/offres-emploi\/poste\/charge-de-gestion-comptable-f-h#primaryimage\",\"url\":\"https:\/\/www.monbailleur.fr\/offres-emploi\/wp-content\/uploads\/2025\/12\/auvergne-habitat.png\",\"contentUrl\":\"https:\/\/www.monbailleur.fr\/offres-emploi\/wp-content\/uploads\/2025\/12\/auvergne-habitat.png\",\"width\":200,\"height\":183},{\"@type\":\"BreadcrumbList\",\"@id\":\"https:\/\/www.monbailleur.fr\/offres-emploi\/poste\/charge-de-gestion-comptable-f-h#breadcrumb\",\"itemListElement\":[{\"@type\":\"ListItem\",\"position\":1,\"name\":\"Accueil\",\"item\":\"https:\/\/www.monbailleur.fr\/offres-emploi\/\"},{\"@type\":\"ListItem\",\"position\":2,\"name\":\"offres d\u2019emploi\",\"item\":\"https:\/\/www.monbailleur.fr\/offres-emploi\/job-listings\"},{\"@type\":\"ListItem\",\"position\":3,\"name\":\"Charg\u00e9 de gestion comptable F\/H\"}]},{\"@type\":\"WebSite\",\"@id\":\"https:\/\/www.monbailleur.fr\/offres-emploi\/#website\",\"url\":\"https:\/\/www.monbailleur.fr\/offres-emploi\/\",\"name\":\"Monbailleur.fr - Emploi\",\"description\":\"Les offres d&#039;emploi du logement social\",\"publisher\":{\"@id\":\"https:\/\/www.monbailleur.fr\/offres-emploi\/#organization\"},\"potentialAction\":[{\"@type\":\"SearchAction\",\"target\":{\"@type\":\"EntryPoint\",\"urlTemplate\":\"https:\/\/www.monbailleur.fr\/offres-emploi\/?s={search_term_string}\"},\"query-input\":{\"@type\":\"PropertyValueSpecification\",\"valueRequired\":true,\"valueName\":\"search_term_string\"}}],\"inLanguage\":\"fr-FR\"},{\"@type\":\"Organization\",\"@id\":\"https:\/\/www.monbailleur.fr\/offres-emploi\/#organization\",\"name\":\"Monbailleur.fr - Emploi\",\"url\":\"https:\/\/www.monbailleur.fr\/offres-emploi\/\",\"logo\":{\"@type\":\"ImageObject\",\"inLanguage\":\"fr-FR\",\"@id\":\"https:\/\/www.monbailleur.fr\/offres-emploi\/#\/schema\/logo\/image\/\",\"url\":\"https:\/\/www.monbailleur.fr\/offres-emploi\/wp-content\/uploads\/2023\/06\/MonBailleur-1200x675-1.png\",\"contentUrl\":\"https:\/\/www.monbailleur.fr\/offres-emploi\/wp-content\/uploads\/2023\/06\/MonBailleur-1200x675-1.png\",\"width\":1200,\"height\":675,\"caption\":\"Monbailleur.fr - Emploi\"},\"image\":{\"@id\":\"https:\/\/www.monbailleur.fr\/offres-emploi\/#\/schema\/logo\/image\/\"}}]}<\/script>\n<!-- \/ Yoast SEO Premium plugin. -->","yoast_head_json":{"title":"Charg\u00e9 de gestion comptable F\/H - Monbailleur.fr - Emploi","robots":{"index":"noindex","follow":"follow"},"og_locale":"fr_FR","og_type":"article","og_title":"Charg\u00e9 de gestion comptable F\/H","og_description":"L&rsquo;entreprise: Description: Selon les directives du responsable de p\u00f4le et dans le respect des proc\u00e9dures \u00e9tablies,vous participez \u00e0 la mise en \u0153uvre de la gestion comptable des contrats de maintenance, de fourniture, de prestation composant les charges locatives ainsi qu\u2019au processus de r\u00e9gularisation de charges r\u00e9cup\u00e9rables aupr\u00e8s des locataires. Au titre de la gestion comptable","og_url":"https:\/\/www.monbailleur.fr\/offres-emploi\/poste\/charge-de-gestion-comptable-f-h","og_site_name":"Monbailleur.fr - Emploi","og_image":[{"width":200,"height":183,"url":"https:\/\/www.monbailleur.fr\/offres-emploi\/wp-content\/uploads\/2025\/12\/auvergne-habitat.png","type":"image\/png"}],"twitter_card":"summary_large_image","twitter_misc":{"Dur\u00e9e de lecture estim\u00e9e":"3 minutes"},"schema":{"@context":"https:\/\/schema.org","@graph":[{"@type":"WebPage","@id":"https:\/\/www.monbailleur.fr\/offres-emploi\/poste\/charge-de-gestion-comptable-f-h","url":"https:\/\/www.monbailleur.fr\/offres-emploi\/poste\/charge-de-gestion-comptable-f-h","name":"Charg\u00e9 de gestion comptable F\/H - Monbailleur.fr - Emploi","isPartOf":{"@id":"https:\/\/www.monbailleur.fr\/offres-emploi\/#website"},"primaryImageOfPage":{"@id":"https:\/\/www.monbailleur.fr\/offres-emploi\/poste\/charge-de-gestion-comptable-f-h#primaryimage"},"image":{"@id":"https:\/\/www.monbailleur.fr\/offres-emploi\/poste\/charge-de-gestion-comptable-f-h#primaryimage"},"thumbnailUrl":"https:\/\/www.monbailleur.fr\/offres-emploi\/wp-content\/uploads\/2025\/12\/auvergne-habitat.png","datePublished":"2026-08-30T06:00:11+00:00","breadcrumb":{"@id":"https:\/\/www.monbailleur.fr\/offres-emploi\/poste\/charge-de-gestion-comptable-f-h#breadcrumb"},"inLanguage":"fr-FR","potentialAction":[{"@type":"ReadAction","target":["https:\/\/www.monbailleur.fr\/offres-emploi\/poste\/charge-de-gestion-comptable-f-h"]}]},{"@type":"ImageObject","inLanguage":"fr-FR","@id":"https:\/\/www.monbailleur.fr\/offres-emploi\/poste\/charge-de-gestion-comptable-f-h#primaryimage","url":"https:\/\/www.monbailleur.fr\/offres-emploi\/wp-content\/uploads\/2025\/12\/auvergne-habitat.png","contentUrl":"https:\/\/www.monbailleur.fr\/offres-emploi\/wp-content\/uploads\/2025\/12\/auvergne-habitat.png","width":200,"height":183},{"@type":"BreadcrumbList","@id":"https:\/\/www.monbailleur.fr\/offres-emploi\/poste\/charge-de-gestion-comptable-f-h#breadcrumb","itemListElement":[{"@type":"ListItem","position":1,"name":"Accueil","item":"https:\/\/www.monbailleur.fr\/offres-emploi\/"},{"@type":"ListItem","position":2,"name":"offres d\u2019emploi","item":"https:\/\/www.monbailleur.fr\/offres-emploi\/job-listings"},{"@type":"ListItem","position":3,"name":"Charg\u00e9 de gestion comptable F\/H"}]},{"@type":"WebSite","@id":"https:\/\/www.monbailleur.fr\/offres-emploi\/#website","url":"https:\/\/www.monbailleur.fr\/offres-emploi\/","name":"Monbailleur.fr - Emploi","description":"Les offres d&#039;emploi du logement social","publisher":{"@id":"https:\/\/www.monbailleur.fr\/offres-emploi\/#organization"},"potentialAction":[{"@type":"SearchAction","target":{"@type":"EntryPoint","urlTemplate":"https:\/\/www.monbailleur.fr\/offres-emploi\/?s={search_term_string}"},"query-input":{"@type":"PropertyValueSpecification","valueRequired":true,"valueName":"search_term_string"}}],"inLanguage":"fr-FR"},{"@type":"Organization","@id":"https:\/\/www.monbailleur.fr\/offres-emploi\/#organization","name":"Monbailleur.fr - Emploi","url":"https:\/\/www.monbailleur.fr\/offres-emploi\/","logo":{"@type":"ImageObject","inLanguage":"fr-FR","@id":"https:\/\/www.monbailleur.fr\/offres-emploi\/#\/schema\/logo\/image\/","url":"https:\/\/www.monbailleur.fr\/offres-emploi\/wp-content\/uploads\/2023\/06\/MonBailleur-1200x675-1.png","contentUrl":"https:\/\/www.monbailleur.fr\/offres-emploi\/wp-content\/uploads\/2023\/06\/MonBailleur-1200x675-1.png","width":1200,"height":675,"caption":"Monbailleur.fr - Emploi"},"image":{"@id":"https:\/\/www.monbailleur.fr\/offres-emploi\/#\/schema\/logo\/image\/"}}]}},"_links":{"self":[{"href":"https:\/\/www.monbailleur.fr\/offres-emploi\/wp-json\/wp\/v2\/job-listings\/39489","targetHints":{"allow":["GET"]}}],"collection":[{"href":"https:\/\/www.monbailleur.fr\/offres-emploi\/wp-json\/wp\/v2\/job-listings"}],"about":[{"href":"https:\/\/www.monbailleur.fr\/offres-emploi\/wp-json\/wp\/v2\/types\/job_listing"}],"wp:featuredmedia":[{"embeddable":true,"href":"https:\/\/www.monbailleur.fr\/offres-emploi\/wp-json\/wp\/v2\/media\/32950"}],"wp:attachment":[{"href":"https:\/\/www.monbailleur.fr\/offres-emploi\/wp-json\/wp\/v2\/media?parent=39489"}],"wp:term":[{"taxonomy":"job_listing_category","embeddable":true,"href":"https:\/\/www.monbailleur.fr\/offres-emploi\/wp-json\/wp\/v2\/job-categories?post=39489"},{"taxonomy":"job_listing_type","embeddable":true,"href":"https:\/\/www.monbailleur.fr\/offres-emploi\/wp-json\/wp\/v2\/job-types?post=39489"}],"curies":[{"name":"wp","href":"https:\/\/api.w.org\/{rel}","templated":true}]}}