{"id":39509,"date":"2026-09-01T08:01:13","date_gmt":"2026-09-01T06:01:13","guid":{"rendered":"https:\/\/www.monbailleur.fr\/offres-emploi\/poste\/assistant-de-commercialisation-h-f"},"modified":"2026-09-01T08:01:13","modified_gmt":"2026-09-01T06:01:13","slug":"assistant-de-commercialisation-h-f","status":"publish","type":"job_listing","link":"https:\/\/www.monbailleur.fr\/offres-emploi\/poste\/assistant-de-commercialisation-h-f","title":{"rendered":"Assistant de commercialisation H\/F"},"content":{"rendered":"<h2>L&rsquo;entreprise:<\/h2>\n<\/p>\n<p>Pluralis, acteur majeur du logement social en Is\u00e8re, am\u00e9nage, construit et g\u00e8re un patrimoine de plus de 13.000 logements locatifs situ\u00e9s en Is\u00e8re, Dr\u00f4me et Savoie, en s\u2019appuyant sur un r\u00e9seau de 3 agences. Investie d\u2019une mission d\u2019int\u00e9r\u00eat g\u00e9n\u00e9ral, notre entreprise s\u2019attache \u00e0 proposer des logements de qualit\u00e9 adapt\u00e9s aux besoins des territoires, \u00e0 un prix abordable et \u00e0 destination des m\u00e9nages les plus modestes.<\/p>\n<p>Int\u00e9grer Pluralis, c\u2019est choisir un emploi au sein d\u2019un bailleur social historique qui place la proximit\u00e9, le professionnalisme et l\u2019innovation au c\u0153ur de sa strat\u00e9gie d\u2019entreprise.<\/p>\n<p>Dans le cadre de sa politique RSE, Pluralis encourage la performance collective et d\u00e9veloppe les comp\u00e9tences individuelles.<\/p>\n<h2>Description:<\/h2>\n<\/p>\n<p>Au sein de notre agence bas\u00e9e \u00e0 Seyssinet-Pariset, votre mission principale consiste \u00e0 soutenir l\u2019activit\u00e9 de commercialisation du parc locatif.<\/p>\n<\/p>\n<p>Dans le cadre de cette activit\u00e9 commerciale li\u00e9e \u00e0 la location des logements, vous \u00eates charg\u00e9\u00b7e d\u2019enregistrer les dossiers de demande de logements.<\/p>\n<p>Vous recherchez des candidats \u00e0 l\u2019aide des outils mis \u00e0 disposition : prospection t\u00e9l\u00e9phonique, diffusion d\u2019annonces de logements.<\/p>\n<p>Vous assurez les visites commerciales des logements et r\u00e9alisez ponctuellement des \u00e9tats des lieux entrants.<\/p>\n<p>Vous constituez, instruisez et traitez l\u2019ensemble des dossiers en vue de leur passage en commission d\u2019attribution.<\/p>\n<p>Vous prenez \u00e9galement en charge le traitement administratif \u00e0 la suite des commissions : planification et pr\u00e9paration des entretiens de signature de bail, organisation des entr\u00e9es dans les lieux.<\/p>\n<p>En compl\u00e9ment de cette activit\u00e9, vous apportez un appui \u00e0 la conseill\u00e8re accueil afin d\u2019assurer l\u2019accueil physique et t\u00e9l\u00e9phonique de l\u2019agence.<\/p>\n<\/p>\n<p>Vous souhaitez trouver du sens dans votre quotidien professionnel et partager des valeurs fortes ?<\/p>\n<p>Rejoignez-nous !<\/p>\n<\/p>\n<p>\u00b7 Poste en CDD 6 mois \u00e0 temps plein \u00e0 pourvoir en septembre 2026<\/p>\n<p>\u00b7 Bas\u00e9 \u00e0 Seyssinet-Pariset (38)<\/p>\n<p>\u00b7 Pr\u00e9sence sur 4,5 jours<\/p>\n<p>\u00b7 R\u00e9mun\u00e9ration selon profil : 2 100 \u20ac &#8211; 2 250 \u20ac brut mensuel + 13\u00e8me mois + prime de vacances (950 \u20ac bruts)<\/p>\n<p>\u00b7 Autres avantages : int\u00e9ressement, titres restaurant, CET, prise en charge \u00e0 70% de l\u2019abonnement mensuel de transports en commun, forfait mobilit\u00e9 douce, mutuelle et pr\u00e9voyance, avantages CSE.<\/p>\n<h2>Profil:<\/h2>\n<\/p>\n<p>Vous avez un profil polyvalent et souhaitez travailler dans le secteur immobilier, et plus sp\u00e9cifiquement le logement social.<\/p>\n<p>Des connaissances en immobilier social seraient un plus.<\/p>\n<p>Vous poss\u00e9dez un r\u00e9el sens du contact et de la relation et \u00eates reconnu\u00b7e pour votre \u00e9coute et votre discr\u00e9tion.<\/p>\n<p>Vous \u00eates rigoureux\u00b7se et organis\u00e9\u00b7e, respectez les proc\u00e9dures et les d\u00e9lais, et savez r\u00e9aliser un suivi administratif.<\/p>\n<p>Vous \u00eates \u00e0 l\u2019aise avec les outils bureautiques et le num\u00e9rique en g\u00e9n\u00e9ral.<\/p>\n<p>Vous savez vous adapter \u00e0 votre public et avez pour objectif la satisfaction client.<\/p>\n<h3>Niveau de dipl\u00f4me:<\/h3>\n<p> Niveau III &#8211; Bac+2 (BTS, DUT,\u2026)<\/p>\n<h3>Temps de travail<\/h3>\n<p>Temps plein <\/p>\n<h3> Organisme <\/h3>\n<p> <span id=\"ctl00_ctl00_AspMainContent_MainContent_MasterPageSettingsView_ctl03_ctl01_fldEntityDescriptionFormat_lblContentText\"><span id=\"ctl00_MainContent_DescriptionEntityEdit_SubForm1_ctl01_Field1_ctl00_lblEntityFormat\">PLURALIS <\/span><br \/><\/span><\/p>\n","protected":false},"author":0,"featured_media":28581,"template":"","meta":{"_promoted":"","_job_location":"France, Auvergne - Rhone-Alpes, Is\u00e8re (38) SEYSSINET PARISET","_application":"https:\/\/les-hlm-recrutent.talent-soft.com\/offre-de-emploi\/emploi-assistant-de-commercialisation-h-f_70019.aspx?utm_source=monbailleur.fr","_company_name":"PLURALIS","_company_website":"","_company_tagline":"","_company_twitter":"","_company_video":"","_filled":0,"_featured":0,"_remote_position":0,"_job_salary":"","_job_salary_currency":"","_job_salary_unit":""},"job-categories":[78],"job-types":[52],"class_list":["post-39509","job_listing","type-job_listing","status-publish","has-post-thumbnail","hentry","job_listing_category-autres","job_listing_type-cdd","job-type-cdd"],"yoast_head":"<!-- This site is optimized with the Yoast SEO Premium plugin v22.4 (Yoast SEO v25.1) - https:\/\/yoast.com\/wordpress\/plugins\/seo\/ -->\n<title>Assistant de commercialisation H\/F - Monbailleur.fr - Emploi<\/title>\n<meta name=\"robots\" content=\"noindex, follow\" \/>\n<meta property=\"og:locale\" content=\"fr_FR\" \/>\n<meta property=\"og:type\" content=\"article\" \/>\n<meta property=\"og:title\" content=\"Assistant de commercialisation H\/F\" \/>\n<meta property=\"og:description\" content=\"L&rsquo;entreprise: Pluralis, acteur majeur du logement social en Is\u00e8re, am\u00e9nage, construit et g\u00e8re un patrimoine de plus de 13.000 logements locatifs situ\u00e9s en Is\u00e8re, Dr\u00f4me et Savoie, en s\u2019appuyant sur un r\u00e9seau de 3 agences. Investie d\u2019une mission d\u2019int\u00e9r\u00eat g\u00e9n\u00e9ral, notre entreprise s\u2019attache \u00e0 proposer des logements de qualit\u00e9 adapt\u00e9s aux besoins des territoires, \u00e0\" \/>\n<meta property=\"og:url\" content=\"https:\/\/www.monbailleur.fr\/offres-emploi\/poste\/assistant-de-commercialisation-h-f\" \/>\n<meta property=\"og:site_name\" content=\"Monbailleur.fr - Emploi\" \/>\n<meta property=\"og:image\" content=\"https:\/\/www.monbailleur.fr\/offres-emploi\/wp-content\/uploads\/2025\/07\/pluralis.png\" \/>\n\t<meta property=\"og:image:width\" content=\"200\" \/>\n\t<meta property=\"og:image:height\" content=\"200\" \/>\n\t<meta property=\"og:image:type\" content=\"image\/png\" \/>\n<meta name=\"twitter:card\" content=\"summary_large_image\" \/>\n<meta name=\"twitter:label1\" content=\"Dur\u00e9e de lecture estim\u00e9e\" \/>\n\t<meta name=\"twitter:data1\" content=\"2 minutes\" \/>\n<script type=\"application\/ld+json\" class=\"yoast-schema-graph\">{\"@context\":\"https:\/\/schema.org\",\"@graph\":[{\"@type\":\"WebPage\",\"@id\":\"https:\/\/www.monbailleur.fr\/offres-emploi\/poste\/assistant-de-commercialisation-h-f\",\"url\":\"https:\/\/www.monbailleur.fr\/offres-emploi\/poste\/assistant-de-commercialisation-h-f\",\"name\":\"Assistant de commercialisation H\/F - Monbailleur.fr - Emploi\",\"isPartOf\":{\"@id\":\"https:\/\/www.monbailleur.fr\/offres-emploi\/#website\"},\"primaryImageOfPage\":{\"@id\":\"https:\/\/www.monbailleur.fr\/offres-emploi\/poste\/assistant-de-commercialisation-h-f#primaryimage\"},\"image\":{\"@id\":\"https:\/\/www.monbailleur.fr\/offres-emploi\/poste\/assistant-de-commercialisation-h-f#primaryimage\"},\"thumbnailUrl\":\"https:\/\/www.monbailleur.fr\/offres-emploi\/wp-content\/uploads\/2025\/07\/pluralis.png\",\"datePublished\":\"2026-09-01T06:01:13+00:00\",\"breadcrumb\":{\"@id\":\"https:\/\/www.monbailleur.fr\/offres-emploi\/poste\/assistant-de-commercialisation-h-f#breadcrumb\"},\"inLanguage\":\"fr-FR\",\"potentialAction\":[{\"@type\":\"ReadAction\",\"target\":[\"https:\/\/www.monbailleur.fr\/offres-emploi\/poste\/assistant-de-commercialisation-h-f\"]}]},{\"@type\":\"ImageObject\",\"inLanguage\":\"fr-FR\",\"@id\":\"https:\/\/www.monbailleur.fr\/offres-emploi\/poste\/assistant-de-commercialisation-h-f#primaryimage\",\"url\":\"https:\/\/www.monbailleur.fr\/offres-emploi\/wp-content\/uploads\/2025\/07\/pluralis.png\",\"contentUrl\":\"https:\/\/www.monbailleur.fr\/offres-emploi\/wp-content\/uploads\/2025\/07\/pluralis.png\",\"width\":200,\"height\":200},{\"@type\":\"BreadcrumbList\",\"@id\":\"https:\/\/www.monbailleur.fr\/offres-emploi\/poste\/assistant-de-commercialisation-h-f#breadcrumb\",\"itemListElement\":[{\"@type\":\"ListItem\",\"position\":1,\"name\":\"Accueil\",\"item\":\"https:\/\/www.monbailleur.fr\/offres-emploi\/\"},{\"@type\":\"ListItem\",\"position\":2,\"name\":\"offres d\u2019emploi\",\"item\":\"https:\/\/www.monbailleur.fr\/offres-emploi\/job-listings\"},{\"@type\":\"ListItem\",\"position\":3,\"name\":\"Assistant de commercialisation H\/F\"}]},{\"@type\":\"WebSite\",\"@id\":\"https:\/\/www.monbailleur.fr\/offres-emploi\/#website\",\"url\":\"https:\/\/www.monbailleur.fr\/offres-emploi\/\",\"name\":\"Monbailleur.fr - Emploi\",\"description\":\"Les offres d&#039;emploi du logement social\",\"publisher\":{\"@id\":\"https:\/\/www.monbailleur.fr\/offres-emploi\/#organization\"},\"potentialAction\":[{\"@type\":\"SearchAction\",\"target\":{\"@type\":\"EntryPoint\",\"urlTemplate\":\"https:\/\/www.monbailleur.fr\/offres-emploi\/?s={search_term_string}\"},\"query-input\":{\"@type\":\"PropertyValueSpecification\",\"valueRequired\":true,\"valueName\":\"search_term_string\"}}],\"inLanguage\":\"fr-FR\"},{\"@type\":\"Organization\",\"@id\":\"https:\/\/www.monbailleur.fr\/offres-emploi\/#organization\",\"name\":\"Monbailleur.fr - Emploi\",\"url\":\"https:\/\/www.monbailleur.fr\/offres-emploi\/\",\"logo\":{\"@type\":\"ImageObject\",\"inLanguage\":\"fr-FR\",\"@id\":\"https:\/\/www.monbailleur.fr\/offres-emploi\/#\/schema\/logo\/image\/\",\"url\":\"https:\/\/www.monbailleur.fr\/offres-emploi\/wp-content\/uploads\/2023\/06\/MonBailleur-1200x675-1.png\",\"contentUrl\":\"https:\/\/www.monbailleur.fr\/offres-emploi\/wp-content\/uploads\/2023\/06\/MonBailleur-1200x675-1.png\",\"width\":1200,\"height\":675,\"caption\":\"Monbailleur.fr - Emploi\"},\"image\":{\"@id\":\"https:\/\/www.monbailleur.fr\/offres-emploi\/#\/schema\/logo\/image\/\"}}]}<\/script>\n<!-- \/ Yoast SEO Premium plugin. -->","yoast_head_json":{"title":"Assistant de commercialisation H\/F - Monbailleur.fr - Emploi","robots":{"index":"noindex","follow":"follow"},"og_locale":"fr_FR","og_type":"article","og_title":"Assistant de commercialisation H\/F","og_description":"L&rsquo;entreprise: Pluralis, acteur majeur du logement social en Is\u00e8re, am\u00e9nage, construit et g\u00e8re un patrimoine de plus de 13.000 logements locatifs situ\u00e9s en Is\u00e8re, Dr\u00f4me et Savoie, en s\u2019appuyant sur un r\u00e9seau de 3 agences. Investie d\u2019une mission d\u2019int\u00e9r\u00eat g\u00e9n\u00e9ral, notre entreprise s\u2019attache \u00e0 proposer des logements de qualit\u00e9 adapt\u00e9s aux besoins des territoires, \u00e0","og_url":"https:\/\/www.monbailleur.fr\/offres-emploi\/poste\/assistant-de-commercialisation-h-f","og_site_name":"Monbailleur.fr - Emploi","og_image":[{"width":200,"height":200,"url":"https:\/\/www.monbailleur.fr\/offres-emploi\/wp-content\/uploads\/2025\/07\/pluralis.png","type":"image\/png"}],"twitter_card":"summary_large_image","twitter_misc":{"Dur\u00e9e de lecture estim\u00e9e":"2 minutes"},"schema":{"@context":"https:\/\/schema.org","@graph":[{"@type":"WebPage","@id":"https:\/\/www.monbailleur.fr\/offres-emploi\/poste\/assistant-de-commercialisation-h-f","url":"https:\/\/www.monbailleur.fr\/offres-emploi\/poste\/assistant-de-commercialisation-h-f","name":"Assistant de commercialisation H\/F - Monbailleur.fr - Emploi","isPartOf":{"@id":"https:\/\/www.monbailleur.fr\/offres-emploi\/#website"},"primaryImageOfPage":{"@id":"https:\/\/www.monbailleur.fr\/offres-emploi\/poste\/assistant-de-commercialisation-h-f#primaryimage"},"image":{"@id":"https:\/\/www.monbailleur.fr\/offres-emploi\/poste\/assistant-de-commercialisation-h-f#primaryimage"},"thumbnailUrl":"https:\/\/www.monbailleur.fr\/offres-emploi\/wp-content\/uploads\/2025\/07\/pluralis.png","datePublished":"2026-09-01T06:01:13+00:00","breadcrumb":{"@id":"https:\/\/www.monbailleur.fr\/offres-emploi\/poste\/assistant-de-commercialisation-h-f#breadcrumb"},"inLanguage":"fr-FR","potentialAction":[{"@type":"ReadAction","target":["https:\/\/www.monbailleur.fr\/offres-emploi\/poste\/assistant-de-commercialisation-h-f"]}]},{"@type":"ImageObject","inLanguage":"fr-FR","@id":"https:\/\/www.monbailleur.fr\/offres-emploi\/poste\/assistant-de-commercialisation-h-f#primaryimage","url":"https:\/\/www.monbailleur.fr\/offres-emploi\/wp-content\/uploads\/2025\/07\/pluralis.png","contentUrl":"https:\/\/www.monbailleur.fr\/offres-emploi\/wp-content\/uploads\/2025\/07\/pluralis.png","width":200,"height":200},{"@type":"BreadcrumbList","@id":"https:\/\/www.monbailleur.fr\/offres-emploi\/poste\/assistant-de-commercialisation-h-f#breadcrumb","itemListElement":[{"@type":"ListItem","position":1,"name":"Accueil","item":"https:\/\/www.monbailleur.fr\/offres-emploi\/"},{"@type":"ListItem","position":2,"name":"offres d\u2019emploi","item":"https:\/\/www.monbailleur.fr\/offres-emploi\/job-listings"},{"@type":"ListItem","position":3,"name":"Assistant de commercialisation H\/F"}]},{"@type":"WebSite","@id":"https:\/\/www.monbailleur.fr\/offres-emploi\/#website","url":"https:\/\/www.monbailleur.fr\/offres-emploi\/","name":"Monbailleur.fr - Emploi","description":"Les offres d&#039;emploi du logement social","publisher":{"@id":"https:\/\/www.monbailleur.fr\/offres-emploi\/#organization"},"potentialAction":[{"@type":"SearchAction","target":{"@type":"EntryPoint","urlTemplate":"https:\/\/www.monbailleur.fr\/offres-emploi\/?s={search_term_string}"},"query-input":{"@type":"PropertyValueSpecification","valueRequired":true,"valueName":"search_term_string"}}],"inLanguage":"fr-FR"},{"@type":"Organization","@id":"https:\/\/www.monbailleur.fr\/offres-emploi\/#organization","name":"Monbailleur.fr - Emploi","url":"https:\/\/www.monbailleur.fr\/offres-emploi\/","logo":{"@type":"ImageObject","inLanguage":"fr-FR","@id":"https:\/\/www.monbailleur.fr\/offres-emploi\/#\/schema\/logo\/image\/","url":"https:\/\/www.monbailleur.fr\/offres-emploi\/wp-content\/uploads\/2023\/06\/MonBailleur-1200x675-1.png","contentUrl":"https:\/\/www.monbailleur.fr\/offres-emploi\/wp-content\/uploads\/2023\/06\/MonBailleur-1200x675-1.png","width":1200,"height":675,"caption":"Monbailleur.fr - Emploi"},"image":{"@id":"https:\/\/www.monbailleur.fr\/offres-emploi\/#\/schema\/logo\/image\/"}}]}},"_links":{"self":[{"href":"https:\/\/www.monbailleur.fr\/offres-emploi\/wp-json\/wp\/v2\/job-listings\/39509","targetHints":{"allow":["GET"]}}],"collection":[{"href":"https:\/\/www.monbailleur.fr\/offres-emploi\/wp-json\/wp\/v2\/job-listings"}],"about":[{"href":"https:\/\/www.monbailleur.fr\/offres-emploi\/wp-json\/wp\/v2\/types\/job_listing"}],"wp:featuredmedia":[{"embeddable":true,"href":"https:\/\/www.monbailleur.fr\/offres-emploi\/wp-json\/wp\/v2\/media\/28581"}],"wp:attachment":[{"href":"https:\/\/www.monbailleur.fr\/offres-emploi\/wp-json\/wp\/v2\/media?parent=39509"}],"wp:term":[{"taxonomy":"job_listing_category","embeddable":true,"href":"https:\/\/www.monbailleur.fr\/offres-emploi\/wp-json\/wp\/v2\/job-categories?post=39509"},{"taxonomy":"job_listing_type","embeddable":true,"href":"https:\/\/www.monbailleur.fr\/offres-emploi\/wp-json\/wp\/v2\/job-types?post=39509"}],"curies":[{"name":"wp","href":"https:\/\/api.w.org\/{rel}","templated":true}]}}