{"id":39520,"date":"2026-09-01T08:03:09","date_gmt":"2026-09-01T06:03:09","guid":{"rendered":"https:\/\/www.monbailleur.fr\/offres-emploi\/poste\/gestionnaire-de-la-commande-publique-h-f"},"modified":"2026-09-01T08:03:09","modified_gmt":"2026-09-01T06:03:09","slug":"gestionnaire-de-la-commande-publique-h-f","status":"publish","type":"job_listing","link":"https:\/\/www.monbailleur.fr\/offres-emploi\/poste\/gestionnaire-de-la-commande-publique-h-f","title":{"rendered":"Gestionnaire de la commande publique H\/F"},"content":{"rendered":"<h2>L&rsquo;entreprise:<\/h2>\n<\/p>\n<p>L\u2019OPAC 43, gestionnaire d\u2019un patrimoine de pr\u00e8s de 5300 logements et 22 foyers r\u00e9partis sur 113 communes, plus de 100 salari\u00e9s dont une grande majorit\u00e9 en proximit\u00e9 au c\u0153ur du territoire, est un bailleur social majeur dans le d\u00e9partement de la Haute-Loire et un partenaire privil\u00e9gi\u00e9 des collectivit\u00e9s territoriales et des \u00e9tablissements publics pour le d\u00e9veloppement de l\u2019habitat, des services et de l\u2019urbanisme.<\/p>\n<h2>Description:<\/h2>\n<\/p>\n<p>Au sein du p\u00f4le Achats publics, votre r\u00f4le sera d\u2019assurer la formalisation des march\u00e9s et l\u2019organisation des consultations dans le respect de la r\u00e8glementation et des proc\u00e9dures, en assurant l\u2019interface relationnelle avec les unit\u00e9s op\u00e9rationnelles.<\/p>\n<\/p>\n<p>DESCRIPTIF DES MISSIONS<\/p>\n<\/p>\n<p>\u00b7 Accompagner les services dans les proc\u00e9dures d\u2019achat (conseil formulation des besoins, \u00e9laboration des cahiers des charges, choix du mode de consultation le plus adapt\u00e9)<\/p>\n<p>\u00b7 R\u00e9diger les pi\u00e8ces administratives et les documents associ\u00e9s aux proc\u00e9dures march\u00e9s<\/p>\n<p>\u00b7 V\u00e9rifier la conformit\u00e9 des pi\u00e8ces et assurer leur r\u00e9gularisation<\/p>\n<p>\u00b7 Assurer la mise en concurrence, mettre en ligne les consultations sur le profil acheteur et transmettre les avis aux journaux d\u2019annonces l\u00e9gales<\/p>\n<p>\u00b7 Analyser la conformit\u00e9 des pi\u00e8ces de la candidature \u00e0 l\u2019ouverture des plis, effectuer les demandes de renseignements compl\u00e9mentaires<\/p>\n<p>\u00b7 Assister les services sur l\u2019analyse des offres en s\u2019assurant de la conformit\u00e9 des r\u00e8gles de la commande publique<\/p>\n<p>\u00b7 Participer \u00e0 la pr\u00e9paration de la Commission d\u2019Appel d\u2019Offres et la Commission des March\u00e9s<\/p>\n<p>\u00b7 Notifier les march\u00e9s, assurer leur transmission au contr\u00f4le de l\u00e9galit\u00e9<\/p>\n<p>\u00b7 G\u00e9rer et suivre les contrats en cours d\u2019ex\u00e9cution en analysant les demandes de sous-traitance et en passant les avenants<\/p>\n<p>\u00b7 Enregistrer les march\u00e9s dans le logiciel comptable (PRH)<\/p>\n<h2>Profil:<\/h2>\n<\/p>\n<p>De formation sup\u00e9rieure de type juridique, une premi\u00e8re exp\u00e9rience dans le domaine de la commande publique ou des achats serait appr\u00e9ci\u00e9e.<\/p>\n<p>Vous \u00eates \u00e0 l&rsquo;aise avec les outils bureautiques (Pack Office) et faites preuve de bonnes capacit\u00e9s relationnelles et r\u00e9dactionnelles.<\/p>\n<p>Votre capacit\u00e9 d\u2019\u00e9coute, d\u2019analyse, de r\u00e9activit\u00e9 et d\u2019anticipation des risques sont des atouts majeurs pour ce poste.<\/p>\n<p>Si vous avez le go\u00fbt du challenge, rejoignez alors notre \u00e9quipe et profitez de la Haute Loire, un environnement privil\u00e9gi\u00e9 pour votre d\u00e9veloppement professionnel et personnel.<\/p>\n<p>Avantages :<\/p>\n<p>\u2022 Convention Collective Nationale du personnel des OPH<\/p>\n<p>\u2022 35 heures hebdomadaires avec horaires variables et 6 semaines de CP<\/p>\n<p>\u2022 Int\u00e9ressement<\/p>\n<p>\u2022 Mutuelle de groupe et pr\u00e9voyance d\u00e9c\u00e8s.<\/p>\n<\/p>\n<p>Merci d\u2019adresser votre dossier de candidature et CV par mail a\u0300 l\u2019attention de : laurencepoudevigne@opac43.fr<\/p>\n<h3>Niveau de dipl\u00f4me:<\/h3>\n<p> Niveau II &#8211; Bac+3\/4 (licence, ma\u00eetrise,&#8230;)<\/p>\n<h3>Temps de travail<\/h3>\n<p>Temps plein <\/p>\n<h3> Organisme <\/h3>\n<p> <span id=\"ctl00_ctl00_AspMainContent_MainContent_MasterPageSettingsView_ctl03_ctl01_fldEntityDescriptionFormat_lblContentText\"><span id=\"ctl00_MainContent_DescriptionEntityEdit_SubForm1_ctl01_Field1_ctl00_lblEntityFormat\">OPAC 43 <\/span><br \/><\/span><\/p>\n","protected":false},"author":0,"featured_media":32063,"template":"","meta":{"_promoted":"","_job_location":"France, Auvergne - Rhone-Alpes, Haute Loire (43) 29 avenue de Tonbridge 43000 Le Puy en Velay","_application":"https:\/\/les-hlm-recrutent.talent-soft.com\/offre-de-emploi\/emploi-gestionnaire-de-la-commande-publique-h-f_69783.aspx?utm_source=monbailleur.fr","_company_name":"OPAC 43","_company_website":"","_company_tagline":"","_company_twitter":"","_company_video":"","_filled":0,"_featured":0,"_remote_position":0,"_job_salary":"","_job_salary_currency":"","_job_salary_unit":""},"job-categories":[78],"job-types":[63],"class_list":["post-39520","job_listing","type-job_listing","status-publish","has-post-thumbnail","hentry","job_listing_category-autres","job_listing_type-cdi","job-type-cdi"],"yoast_head":"<!-- This site is optimized with the Yoast SEO Premium plugin v22.4 (Yoast SEO v25.1) - https:\/\/yoast.com\/wordpress\/plugins\/seo\/ -->\n<title>Gestionnaire de la commande publique H\/F - Monbailleur.fr - Emploi<\/title>\n<meta name=\"robots\" content=\"noindex, follow\" \/>\n<meta property=\"og:locale\" content=\"fr_FR\" \/>\n<meta property=\"og:type\" content=\"article\" \/>\n<meta property=\"og:title\" content=\"Gestionnaire de la commande publique H\/F\" \/>\n<meta property=\"og:description\" content=\"L&rsquo;entreprise: L\u2019OPAC 43, gestionnaire d\u2019un patrimoine de pr\u00e8s de 5300 logements et 22 foyers r\u00e9partis sur 113 communes, plus de 100 salari\u00e9s dont une grande majorit\u00e9 en proximit\u00e9 au c\u0153ur du territoire, est un bailleur social majeur dans le d\u00e9partement de la Haute-Loire et un partenaire privil\u00e9gi\u00e9 des collectivit\u00e9s territoriales et des \u00e9tablissements publics pour\" \/>\n<meta property=\"og:url\" content=\"https:\/\/www.monbailleur.fr\/offres-emploi\/poste\/gestionnaire-de-la-commande-publique-h-f\" \/>\n<meta property=\"og:site_name\" content=\"Monbailleur.fr - Emploi\" \/>\n<meta property=\"og:image\" content=\"https:\/\/www.monbailleur.fr\/offres-emploi\/wp-content\/uploads\/2025\/11\/opac-43.png\" \/>\n\t<meta property=\"og:image:width\" content=\"200\" \/>\n\t<meta property=\"og:image:height\" content=\"82\" \/>\n\t<meta property=\"og:image:type\" content=\"image\/png\" \/>\n<meta name=\"twitter:card\" content=\"summary_large_image\" \/>\n<meta name=\"twitter:label1\" content=\"Dur\u00e9e de lecture estim\u00e9e\" \/>\n\t<meta name=\"twitter:data1\" content=\"2 minutes\" \/>\n<script type=\"application\/ld+json\" class=\"yoast-schema-graph\">{\"@context\":\"https:\/\/schema.org\",\"@graph\":[{\"@type\":\"WebPage\",\"@id\":\"https:\/\/www.monbailleur.fr\/offres-emploi\/poste\/gestionnaire-de-la-commande-publique-h-f\",\"url\":\"https:\/\/www.monbailleur.fr\/offres-emploi\/poste\/gestionnaire-de-la-commande-publique-h-f\",\"name\":\"Gestionnaire de la commande publique H\/F - Monbailleur.fr - Emploi\",\"isPartOf\":{\"@id\":\"https:\/\/www.monbailleur.fr\/offres-emploi\/#website\"},\"primaryImageOfPage\":{\"@id\":\"https:\/\/www.monbailleur.fr\/offres-emploi\/poste\/gestionnaire-de-la-commande-publique-h-f#primaryimage\"},\"image\":{\"@id\":\"https:\/\/www.monbailleur.fr\/offres-emploi\/poste\/gestionnaire-de-la-commande-publique-h-f#primaryimage\"},\"thumbnailUrl\":\"https:\/\/www.monbailleur.fr\/offres-emploi\/wp-content\/uploads\/2025\/11\/opac-43.png\",\"datePublished\":\"2026-09-01T06:03:09+00:00\",\"breadcrumb\":{\"@id\":\"https:\/\/www.monbailleur.fr\/offres-emploi\/poste\/gestionnaire-de-la-commande-publique-h-f#breadcrumb\"},\"inLanguage\":\"fr-FR\",\"potentialAction\":[{\"@type\":\"ReadAction\",\"target\":[\"https:\/\/www.monbailleur.fr\/offres-emploi\/poste\/gestionnaire-de-la-commande-publique-h-f\"]}]},{\"@type\":\"ImageObject\",\"inLanguage\":\"fr-FR\",\"@id\":\"https:\/\/www.monbailleur.fr\/offres-emploi\/poste\/gestionnaire-de-la-commande-publique-h-f#primaryimage\",\"url\":\"https:\/\/www.monbailleur.fr\/offres-emploi\/wp-content\/uploads\/2025\/11\/opac-43.png\",\"contentUrl\":\"https:\/\/www.monbailleur.fr\/offres-emploi\/wp-content\/uploads\/2025\/11\/opac-43.png\",\"width\":200,\"height\":82},{\"@type\":\"BreadcrumbList\",\"@id\":\"https:\/\/www.monbailleur.fr\/offres-emploi\/poste\/gestionnaire-de-la-commande-publique-h-f#breadcrumb\",\"itemListElement\":[{\"@type\":\"ListItem\",\"position\":1,\"name\":\"Accueil\",\"item\":\"https:\/\/www.monbailleur.fr\/offres-emploi\/\"},{\"@type\":\"ListItem\",\"position\":2,\"name\":\"offres d\u2019emploi\",\"item\":\"https:\/\/www.monbailleur.fr\/offres-emploi\/job-listings\"},{\"@type\":\"ListItem\",\"position\":3,\"name\":\"Gestionnaire de la commande publique H\/F\"}]},{\"@type\":\"WebSite\",\"@id\":\"https:\/\/www.monbailleur.fr\/offres-emploi\/#website\",\"url\":\"https:\/\/www.monbailleur.fr\/offres-emploi\/\",\"name\":\"Monbailleur.fr - Emploi\",\"description\":\"Les offres d&#039;emploi du logement social\",\"publisher\":{\"@id\":\"https:\/\/www.monbailleur.fr\/offres-emploi\/#organization\"},\"potentialAction\":[{\"@type\":\"SearchAction\",\"target\":{\"@type\":\"EntryPoint\",\"urlTemplate\":\"https:\/\/www.monbailleur.fr\/offres-emploi\/?s={search_term_string}\"},\"query-input\":{\"@type\":\"PropertyValueSpecification\",\"valueRequired\":true,\"valueName\":\"search_term_string\"}}],\"inLanguage\":\"fr-FR\"},{\"@type\":\"Organization\",\"@id\":\"https:\/\/www.monbailleur.fr\/offres-emploi\/#organization\",\"name\":\"Monbailleur.fr - Emploi\",\"url\":\"https:\/\/www.monbailleur.fr\/offres-emploi\/\",\"logo\":{\"@type\":\"ImageObject\",\"inLanguage\":\"fr-FR\",\"@id\":\"https:\/\/www.monbailleur.fr\/offres-emploi\/#\/schema\/logo\/image\/\",\"url\":\"https:\/\/www.monbailleur.fr\/offres-emploi\/wp-content\/uploads\/2023\/06\/MonBailleur-1200x675-1.png\",\"contentUrl\":\"https:\/\/www.monbailleur.fr\/offres-emploi\/wp-content\/uploads\/2023\/06\/MonBailleur-1200x675-1.png\",\"width\":1200,\"height\":675,\"caption\":\"Monbailleur.fr - Emploi\"},\"image\":{\"@id\":\"https:\/\/www.monbailleur.fr\/offres-emploi\/#\/schema\/logo\/image\/\"}}]}<\/script>\n<!-- \/ Yoast SEO Premium plugin. -->","yoast_head_json":{"title":"Gestionnaire de la commande publique H\/F - Monbailleur.fr - Emploi","robots":{"index":"noindex","follow":"follow"},"og_locale":"fr_FR","og_type":"article","og_title":"Gestionnaire de la commande publique H\/F","og_description":"L&rsquo;entreprise: L\u2019OPAC 43, gestionnaire d\u2019un patrimoine de pr\u00e8s de 5300 logements et 22 foyers r\u00e9partis sur 113 communes, plus de 100 salari\u00e9s dont une grande majorit\u00e9 en proximit\u00e9 au c\u0153ur du territoire, est un bailleur social majeur dans le d\u00e9partement de la Haute-Loire et un partenaire privil\u00e9gi\u00e9 des collectivit\u00e9s territoriales et des \u00e9tablissements publics pour","og_url":"https:\/\/www.monbailleur.fr\/offres-emploi\/poste\/gestionnaire-de-la-commande-publique-h-f","og_site_name":"Monbailleur.fr - Emploi","og_image":[{"width":200,"height":82,"url":"https:\/\/www.monbailleur.fr\/offres-emploi\/wp-content\/uploads\/2025\/11\/opac-43.png","type":"image\/png"}],"twitter_card":"summary_large_image","twitter_misc":{"Dur\u00e9e de lecture estim\u00e9e":"2 minutes"},"schema":{"@context":"https:\/\/schema.org","@graph":[{"@type":"WebPage","@id":"https:\/\/www.monbailleur.fr\/offres-emploi\/poste\/gestionnaire-de-la-commande-publique-h-f","url":"https:\/\/www.monbailleur.fr\/offres-emploi\/poste\/gestionnaire-de-la-commande-publique-h-f","name":"Gestionnaire de la commande publique H\/F - Monbailleur.fr - Emploi","isPartOf":{"@id":"https:\/\/www.monbailleur.fr\/offres-emploi\/#website"},"primaryImageOfPage":{"@id":"https:\/\/www.monbailleur.fr\/offres-emploi\/poste\/gestionnaire-de-la-commande-publique-h-f#primaryimage"},"image":{"@id":"https:\/\/www.monbailleur.fr\/offres-emploi\/poste\/gestionnaire-de-la-commande-publique-h-f#primaryimage"},"thumbnailUrl":"https:\/\/www.monbailleur.fr\/offres-emploi\/wp-content\/uploads\/2025\/11\/opac-43.png","datePublished":"2026-09-01T06:03:09+00:00","breadcrumb":{"@id":"https:\/\/www.monbailleur.fr\/offres-emploi\/poste\/gestionnaire-de-la-commande-publique-h-f#breadcrumb"},"inLanguage":"fr-FR","potentialAction":[{"@type":"ReadAction","target":["https:\/\/www.monbailleur.fr\/offres-emploi\/poste\/gestionnaire-de-la-commande-publique-h-f"]}]},{"@type":"ImageObject","inLanguage":"fr-FR","@id":"https:\/\/www.monbailleur.fr\/offres-emploi\/poste\/gestionnaire-de-la-commande-publique-h-f#primaryimage","url":"https:\/\/www.monbailleur.fr\/offres-emploi\/wp-content\/uploads\/2025\/11\/opac-43.png","contentUrl":"https:\/\/www.monbailleur.fr\/offres-emploi\/wp-content\/uploads\/2025\/11\/opac-43.png","width":200,"height":82},{"@type":"BreadcrumbList","@id":"https:\/\/www.monbailleur.fr\/offres-emploi\/poste\/gestionnaire-de-la-commande-publique-h-f#breadcrumb","itemListElement":[{"@type":"ListItem","position":1,"name":"Accueil","item":"https:\/\/www.monbailleur.fr\/offres-emploi\/"},{"@type":"ListItem","position":2,"name":"offres d\u2019emploi","item":"https:\/\/www.monbailleur.fr\/offres-emploi\/job-listings"},{"@type":"ListItem","position":3,"name":"Gestionnaire de la commande publique H\/F"}]},{"@type":"WebSite","@id":"https:\/\/www.monbailleur.fr\/offres-emploi\/#website","url":"https:\/\/www.monbailleur.fr\/offres-emploi\/","name":"Monbailleur.fr - Emploi","description":"Les offres d&#039;emploi du logement social","publisher":{"@id":"https:\/\/www.monbailleur.fr\/offres-emploi\/#organization"},"potentialAction":[{"@type":"SearchAction","target":{"@type":"EntryPoint","urlTemplate":"https:\/\/www.monbailleur.fr\/offres-emploi\/?s={search_term_string}"},"query-input":{"@type":"PropertyValueSpecification","valueRequired":true,"valueName":"search_term_string"}}],"inLanguage":"fr-FR"},{"@type":"Organization","@id":"https:\/\/www.monbailleur.fr\/offres-emploi\/#organization","name":"Monbailleur.fr - Emploi","url":"https:\/\/www.monbailleur.fr\/offres-emploi\/","logo":{"@type":"ImageObject","inLanguage":"fr-FR","@id":"https:\/\/www.monbailleur.fr\/offres-emploi\/#\/schema\/logo\/image\/","url":"https:\/\/www.monbailleur.fr\/offres-emploi\/wp-content\/uploads\/2023\/06\/MonBailleur-1200x675-1.png","contentUrl":"https:\/\/www.monbailleur.fr\/offres-emploi\/wp-content\/uploads\/2023\/06\/MonBailleur-1200x675-1.png","width":1200,"height":675,"caption":"Monbailleur.fr - Emploi"},"image":{"@id":"https:\/\/www.monbailleur.fr\/offres-emploi\/#\/schema\/logo\/image\/"}}]}},"_links":{"self":[{"href":"https:\/\/www.monbailleur.fr\/offres-emploi\/wp-json\/wp\/v2\/job-listings\/39520","targetHints":{"allow":["GET"]}}],"collection":[{"href":"https:\/\/www.monbailleur.fr\/offres-emploi\/wp-json\/wp\/v2\/job-listings"}],"about":[{"href":"https:\/\/www.monbailleur.fr\/offres-emploi\/wp-json\/wp\/v2\/types\/job_listing"}],"wp:featuredmedia":[{"embeddable":true,"href":"https:\/\/www.monbailleur.fr\/offres-emploi\/wp-json\/wp\/v2\/media\/32063"}],"wp:attachment":[{"href":"https:\/\/www.monbailleur.fr\/offres-emploi\/wp-json\/wp\/v2\/media?parent=39520"}],"wp:term":[{"taxonomy":"job_listing_category","embeddable":true,"href":"https:\/\/www.monbailleur.fr\/offres-emploi\/wp-json\/wp\/v2\/job-categories?post=39520"},{"taxonomy":"job_listing_type","embeddable":true,"href":"https:\/\/www.monbailleur.fr\/offres-emploi\/wp-json\/wp\/v2\/job-types?post=39520"}],"curies":[{"name":"wp","href":"https:\/\/api.w.org\/{rel}","templated":true}]}}