{"id":39531,"date":"2026-09-02T08:00:32","date_gmt":"2026-09-02T06:00:32","guid":{"rendered":"https:\/\/www.monbailleur.fr\/offres-emploi\/poste\/conseiller-social-h-f-17"},"modified":"2026-09-02T08:00:32","modified_gmt":"2026-09-02T06:00:32","slug":"conseiller-social-h-f-17","status":"publish","type":"job_listing","link":"https:\/\/www.monbailleur.fr\/offres-emploi\/poste\/conseiller-social-h-f-17","title":{"rendered":"Conseiller social H\/F"},"content":{"rendered":"<h2>L&rsquo;entreprise:<\/h2>\n<\/p>\n<p>Description de l&rsquo;entreprise:<\/p>\n<p>ICF Habitat, filiale logement du groupe SNCF, est un acteur majeur du logement en France avec pr\u00e8s de 105 000 logements, surtout dans les grandes villes. Le groupe remplit une mission d&rsquo;int\u00e9r\u00eat g\u00e9n\u00e9ral en proposant des logements vari\u00e9s pour tous et en favorisant la mixit\u00e9 sociale. Aux c\u00f4t\u00e9s des territoires et des collectivit\u00e9s, il r\u00e9pond aux besoins des habitants. Partenaire de la SNCF, il facilite aussi la mobilit\u00e9 des salari\u00e9s avec des logements proches du travail et des transports. En pleine \u00e9volution, ICF Habitat renforce son organisation et ses expertises. Pr\u00e9sent sur toute la cha\u00eene immobili\u00e8re, il agit du logement social \u00e0 la gestion. Son objectif est d&rsquo;accompagner les parcours de vie et contribuer \u00e0 la transition \u00e9cologique.<\/p>\n<h2>Description:<\/h2>\n<\/p>\n<p>Description de la mission:<\/p>\n<p>ICF Habitat, filiale logement du groupe SNCF, est un acteur majeur du logement en France avec pr\u00e8s de 105 000 logements, principalement implant\u00e9s dans les grandes villes.<\/p>\n<p>Investi d&rsquo;une mission d&rsquo;int\u00e9r\u00eat g\u00e9n\u00e9ral, ICF Habitat propose des logements diversifi\u00e9s et contribue \u00e0 favoriser la mixit\u00e9 sociale. Aux c\u00f4t\u00e9s des territoires et des collectivit\u00e9s, le Groupe r\u00e9pond aux besoins des habitants et accompagne les parcours de vie.<\/p>\n<p>Partenaire de la SNCF, ICF Habitat contribue \u00e9galement \u00e0 faciliter la mobilit\u00e9 des salari\u00e9s gr\u00e2ce \u00e0 des logements situ\u00e9s \u00e0 proximit\u00e9 des lieux de travail et des transports.<\/p>\n<p>Pr\u00e9sent sur l&rsquo;ensemble de la cha\u00eene immobili\u00e8re, le Groupe poursuit son \u00e9volution en renfor\u00e7ant ses organisations et ses expertises, avec une ambition forte : accompagner les parcours de vie et contribuer \u00e0 la transition \u00e9cologique.<\/p>\n<p>Au sein d&rsquo;ICF Habitat en \u00cele-de-France, la Direction Territoriale de Pantin, qui g\u00e8re plus de 14 000 logements, assure une gestion de proximit\u00e9 aupr\u00e8s des locataires.<\/p>\n<p>Dans le cadre de son d\u00e9veloppement, la Direction Territoriale souhaite int\u00e9grer un Conseiller social H\/F afin de contribuer activement \u00e0 la mise en \u0153uvre de la politique d&rsquo;action sociale de l&rsquo;entreprise, tout en participant aux objectifs de pr\u00e9vention des impay\u00e9s et de r\u00e9duction de la vacance.<\/p>\n<p>Vous \u00eates en charge du secteur Seine-Saint-Denis Nord.<\/p>\n<p>Vos missions :<\/p>\n<p>V\u00e9ritable r\u00e9f\u00e9rent en mati\u00e8re d&rsquo;action sociale, vous accompagnez les locataires et contribuez \u00e0 la mise en \u0153uvre de solutions adapt\u00e9es \u00e0 leurs situations.<\/p>\n<p>Conseiller et apporter votre expertise sur les dispositifs et la r\u00e9glementation en mati\u00e8re d&rsquo;action sociale aupr\u00e8s des \u00e9quipes internes.<br \/>Collaborer de mani\u00e8re transverse avec les \u00e9quipes de gestion locative et contentieuse afin de favoriser une prise en charge globale des situations.<br \/>D\u00e9velopper et animer les relations avec les partenaires institutionnels et associatifs : CAF, associations, mairies, etc.<br \/>Accompagner les locataires rencontrant des difficult\u00e9s sociales et mettre en \u0153uvre des actions de pr\u00e9vention des impay\u00e9s de loyers.<br \/>R\u00e9aliser des diagnostics sociaux afin d&rsquo;identifier les difficult\u00e9s rencontr\u00e9es et proposer des solutions adapt\u00e9es.<br \/>Mobiliser les dispositifs et moyens n\u00e9cessaires pour favoriser l&rsquo;acc\u00e8s et le maintien dans le logement tout au long du parcours locatif.<br \/>Assurer le suivi des diff\u00e9rents dispositifs sociaux et r\u00e9glementaires : plans d\u00e9partementaux, accords collectifs ANRU, CIL, DALO, etc.<br \/>Participer \u00e0 la pr\u00e9vention des situations pouvant conduire \u00e0 des impay\u00e9s ou \u00e0 la perte du logement.<br \/>Contribuer aux objectifs de gestion sociale et de r\u00e9duction de la vacance sur votre secteur.<\/p>\n<h2>Profil:<\/h2>\n<\/p>\n<p>Profil:<\/p>\n<p>\u00catre titulaire du dipl\u00f4me d&rsquo;\u00c9tat de Conseiller en \u00e9conomie sociale familiale (DECESF), exig\u00e9 pour le poste.<br \/>Justifier d&rsquo;une exp\u00e9rience d&rsquo;au moins 2 ans dans le domaine de l&rsquo;action sociale, id\u00e9alement acquise dans le secteur du logement social.<br \/>Ma\u00eetriser les probl\u00e9matiques rencontr\u00e9es par les publics en difficult\u00e9 ainsi que les dispositifs administratifs, juridiques et institutionnels.<br \/>D\u00e9velopper et entretenir des relations de confiance avec des interlocuteurs et partenaires vari\u00e9s.<br \/>Disposer de bonnes qualit\u00e9s relationnelles et r\u00e9dactionnelles pour animer et d\u00e9velopper les diff\u00e9rents partenariats.<br \/>Faire preuve d&rsquo;autonomie dans la gestion de vos dossiers et savoir prendre des d\u00e9cisions adapt\u00e9es aux situations rencontr\u00e9es.<br \/>\u00catre force de proposition et de persuasion afin de favoriser la mise en \u0153uvre de solutions concr\u00e8tes pour les locataires.<br \/>Appr\u00e9cier le travail en transversalit\u00e9 et \u00eatre \u00e0 l&rsquo;aise dans un environnement n\u00e9cessitant coordination, \u00e9coute et r\u00e9activit\u00e9.<\/p>\n<p>Vous souhaitez mettre votre expertise sociale au service d&rsquo;une mission d&rsquo;int\u00e9r\u00eat g\u00e9n\u00e9ral et contribuer concr\u00e8tement au maintien dans le logement et \u00e0 l&rsquo;accompagnement des parcours de vie ? Rejoignez ICF Habitat !<\/p>\n<p>  Ce que nous offrons :<\/p>\n<p>R\u00e9mun\u00e9ration attractive : 33 000 \u20ac \u00e0 36 000 \u20ac annuels sur 13,5 mois selon le profil<br \/>Primes d&rsquo;int\u00e9ressement<br \/>22 jours de RTT et 27 jours de cong\u00e9s pay\u00e9s<br \/>Mutuelle (73 % prise en charge)<br \/>Abonnement de transport en commun (60 % prise en charge)<br \/>Carte ticket restaurant : 9,82 \u20ac par jour travaill\u00e9 (60 % prise en charge)<\/p>\n<p>Rejoignez une entreprise engag\u00e9e dans la qualit\u00e9 de service et le bien-\u00eatre de ses collaborateurs !<\/p>\n<h3>Temps de travail<\/h3>\n<p>Temps plein <\/p>\n<h3> Organisme <\/h3>\n<p> <span id=\"ctl00_ctl00_AspMainContent_MainContent_MasterPageSettingsView_ctl03_ctl01_fldEntityDescriptionFormat_lblContentText\"><span id=\"ctl00_MainContent_DescriptionEntityEdit_SubForm1_ctl01_Field1_ctl00_lblEntityFormat\">ICF HABITAT <\/span><br \/><\/span><\/p>\n","protected":false},"author":0,"featured_media":28344,"template":"","meta":{"_promoted":"","_job_location":"France, Ile-de-France, Seine Saint-Denis (93) 140 Avenue Jean Lolive","_application":"https:\/\/les-hlm-recrutent.talent-soft.com\/offre-de-emploi\/emploi-conseiller-social-h-f_70579.aspx?utm_source=monbailleur.fr","_company_name":"ICF HABITAT","_company_website":"","_company_tagline":"","_company_twitter":"","_company_video":"","_filled":0,"_featured":0,"_remote_position":0,"_job_salary":"","_job_salary_currency":"","_job_salary_unit":""},"job-categories":[78],"job-types":[63],"class_list":["post-39531","job_listing","type-job_listing","status-publish","has-post-thumbnail","hentry","job_listing_category-autres","job_listing_type-cdi","job-type-cdi"],"yoast_head":"<!-- This site is optimized with the Yoast SEO Premium plugin v22.4 (Yoast SEO v25.1) - https:\/\/yoast.com\/wordpress\/plugins\/seo\/ -->\n<title>Conseiller social H\/F - Monbailleur.fr - Emploi<\/title>\n<meta name=\"robots\" content=\"noindex, follow\" \/>\n<meta property=\"og:locale\" content=\"fr_FR\" \/>\n<meta property=\"og:type\" content=\"article\" \/>\n<meta property=\"og:title\" content=\"Conseiller social H\/F\" \/>\n<meta property=\"og:description\" content=\"L&rsquo;entreprise: Description de l&rsquo;entreprise: ICF Habitat, filiale logement du groupe SNCF, est un acteur majeur du logement en France avec pr\u00e8s de 105 000 logements, surtout dans les grandes villes. Le groupe remplit une mission d&rsquo;int\u00e9r\u00eat g\u00e9n\u00e9ral en proposant des logements vari\u00e9s pour tous et en favorisant la mixit\u00e9 sociale. Aux c\u00f4t\u00e9s des territoires et\" \/>\n<meta property=\"og:url\" content=\"https:\/\/www.monbailleur.fr\/offres-emploi\/poste\/conseiller-social-h-f-17\" \/>\n<meta property=\"og:site_name\" content=\"Monbailleur.fr - Emploi\" \/>\n<meta property=\"og:image\" content=\"https:\/\/www.monbailleur.fr\/offres-emploi\/wp-content\/uploads\/2025\/07\/icf-habitat.jpg\" \/>\n\t<meta property=\"og:image:width\" content=\"200\" \/>\n\t<meta property=\"og:image:height\" content=\"64\" \/>\n\t<meta property=\"og:image:type\" content=\"image\/jpeg\" \/>\n<meta name=\"twitter:card\" content=\"summary_large_image\" \/>\n<meta name=\"twitter:label1\" content=\"Dur\u00e9e de lecture estim\u00e9e\" \/>\n\t<meta name=\"twitter:data1\" content=\"4 minutes\" \/>\n<script type=\"application\/ld+json\" class=\"yoast-schema-graph\">{\"@context\":\"https:\/\/schema.org\",\"@graph\":[{\"@type\":\"WebPage\",\"@id\":\"https:\/\/www.monbailleur.fr\/offres-emploi\/poste\/conseiller-social-h-f-17\",\"url\":\"https:\/\/www.monbailleur.fr\/offres-emploi\/poste\/conseiller-social-h-f-17\",\"name\":\"Conseiller social H\/F - Monbailleur.fr - Emploi\",\"isPartOf\":{\"@id\":\"https:\/\/www.monbailleur.fr\/offres-emploi\/#website\"},\"primaryImageOfPage\":{\"@id\":\"https:\/\/www.monbailleur.fr\/offres-emploi\/poste\/conseiller-social-h-f-17#primaryimage\"},\"image\":{\"@id\":\"https:\/\/www.monbailleur.fr\/offres-emploi\/poste\/conseiller-social-h-f-17#primaryimage\"},\"thumbnailUrl\":\"https:\/\/www.monbailleur.fr\/offres-emploi\/wp-content\/uploads\/2025\/07\/icf-habitat.jpg\",\"datePublished\":\"2026-09-02T06:00:32+00:00\",\"breadcrumb\":{\"@id\":\"https:\/\/www.monbailleur.fr\/offres-emploi\/poste\/conseiller-social-h-f-17#breadcrumb\"},\"inLanguage\":\"fr-FR\",\"potentialAction\":[{\"@type\":\"ReadAction\",\"target\":[\"https:\/\/www.monbailleur.fr\/offres-emploi\/poste\/conseiller-social-h-f-17\"]}]},{\"@type\":\"ImageObject\",\"inLanguage\":\"fr-FR\",\"@id\":\"https:\/\/www.monbailleur.fr\/offres-emploi\/poste\/conseiller-social-h-f-17#primaryimage\",\"url\":\"https:\/\/www.monbailleur.fr\/offres-emploi\/wp-content\/uploads\/2025\/07\/icf-habitat.jpg\",\"contentUrl\":\"https:\/\/www.monbailleur.fr\/offres-emploi\/wp-content\/uploads\/2025\/07\/icf-habitat.jpg\",\"width\":200,\"height\":64},{\"@type\":\"BreadcrumbList\",\"@id\":\"https:\/\/www.monbailleur.fr\/offres-emploi\/poste\/conseiller-social-h-f-17#breadcrumb\",\"itemListElement\":[{\"@type\":\"ListItem\",\"position\":1,\"name\":\"Accueil\",\"item\":\"https:\/\/www.monbailleur.fr\/offres-emploi\/\"},{\"@type\":\"ListItem\",\"position\":2,\"name\":\"offres d\u2019emploi\",\"item\":\"https:\/\/www.monbailleur.fr\/offres-emploi\/job-listings\"},{\"@type\":\"ListItem\",\"position\":3,\"name\":\"Conseiller social H\/F\"}]},{\"@type\":\"WebSite\",\"@id\":\"https:\/\/www.monbailleur.fr\/offres-emploi\/#website\",\"url\":\"https:\/\/www.monbailleur.fr\/offres-emploi\/\",\"name\":\"Monbailleur.fr - Emploi\",\"description\":\"Les offres d&#039;emploi du logement social\",\"publisher\":{\"@id\":\"https:\/\/www.monbailleur.fr\/offres-emploi\/#organization\"},\"potentialAction\":[{\"@type\":\"SearchAction\",\"target\":{\"@type\":\"EntryPoint\",\"urlTemplate\":\"https:\/\/www.monbailleur.fr\/offres-emploi\/?s={search_term_string}\"},\"query-input\":{\"@type\":\"PropertyValueSpecification\",\"valueRequired\":true,\"valueName\":\"search_term_string\"}}],\"inLanguage\":\"fr-FR\"},{\"@type\":\"Organization\",\"@id\":\"https:\/\/www.monbailleur.fr\/offres-emploi\/#organization\",\"name\":\"Monbailleur.fr - Emploi\",\"url\":\"https:\/\/www.monbailleur.fr\/offres-emploi\/\",\"logo\":{\"@type\":\"ImageObject\",\"inLanguage\":\"fr-FR\",\"@id\":\"https:\/\/www.monbailleur.fr\/offres-emploi\/#\/schema\/logo\/image\/\",\"url\":\"https:\/\/www.monbailleur.fr\/offres-emploi\/wp-content\/uploads\/2023\/06\/MonBailleur-1200x675-1.png\",\"contentUrl\":\"https:\/\/www.monbailleur.fr\/offres-emploi\/wp-content\/uploads\/2023\/06\/MonBailleur-1200x675-1.png\",\"width\":1200,\"height\":675,\"caption\":\"Monbailleur.fr - Emploi\"},\"image\":{\"@id\":\"https:\/\/www.monbailleur.fr\/offres-emploi\/#\/schema\/logo\/image\/\"}}]}<\/script>\n<!-- \/ Yoast SEO Premium plugin. -->","yoast_head_json":{"title":"Conseiller social H\/F - Monbailleur.fr - Emploi","robots":{"index":"noindex","follow":"follow"},"og_locale":"fr_FR","og_type":"article","og_title":"Conseiller social H\/F","og_description":"L&rsquo;entreprise: Description de l&rsquo;entreprise: ICF Habitat, filiale logement du groupe SNCF, est un acteur majeur du logement en France avec pr\u00e8s de 105 000 logements, surtout dans les grandes villes. Le groupe remplit une mission d&rsquo;int\u00e9r\u00eat g\u00e9n\u00e9ral en proposant des logements vari\u00e9s pour tous et en favorisant la mixit\u00e9 sociale. Aux c\u00f4t\u00e9s des territoires et","og_url":"https:\/\/www.monbailleur.fr\/offres-emploi\/poste\/conseiller-social-h-f-17","og_site_name":"Monbailleur.fr - Emploi","og_image":[{"width":200,"height":64,"url":"https:\/\/www.monbailleur.fr\/offres-emploi\/wp-content\/uploads\/2025\/07\/icf-habitat.jpg","type":"image\/jpeg"}],"twitter_card":"summary_large_image","twitter_misc":{"Dur\u00e9e de lecture estim\u00e9e":"4 minutes"},"schema":{"@context":"https:\/\/schema.org","@graph":[{"@type":"WebPage","@id":"https:\/\/www.monbailleur.fr\/offres-emploi\/poste\/conseiller-social-h-f-17","url":"https:\/\/www.monbailleur.fr\/offres-emploi\/poste\/conseiller-social-h-f-17","name":"Conseiller social H\/F - Monbailleur.fr - Emploi","isPartOf":{"@id":"https:\/\/www.monbailleur.fr\/offres-emploi\/#website"},"primaryImageOfPage":{"@id":"https:\/\/www.monbailleur.fr\/offres-emploi\/poste\/conseiller-social-h-f-17#primaryimage"},"image":{"@id":"https:\/\/www.monbailleur.fr\/offres-emploi\/poste\/conseiller-social-h-f-17#primaryimage"},"thumbnailUrl":"https:\/\/www.monbailleur.fr\/offres-emploi\/wp-content\/uploads\/2025\/07\/icf-habitat.jpg","datePublished":"2026-09-02T06:00:32+00:00","breadcrumb":{"@id":"https:\/\/www.monbailleur.fr\/offres-emploi\/poste\/conseiller-social-h-f-17#breadcrumb"},"inLanguage":"fr-FR","potentialAction":[{"@type":"ReadAction","target":["https:\/\/www.monbailleur.fr\/offres-emploi\/poste\/conseiller-social-h-f-17"]}]},{"@type":"ImageObject","inLanguage":"fr-FR","@id":"https:\/\/www.monbailleur.fr\/offres-emploi\/poste\/conseiller-social-h-f-17#primaryimage","url":"https:\/\/www.monbailleur.fr\/offres-emploi\/wp-content\/uploads\/2025\/07\/icf-habitat.jpg","contentUrl":"https:\/\/www.monbailleur.fr\/offres-emploi\/wp-content\/uploads\/2025\/07\/icf-habitat.jpg","width":200,"height":64},{"@type":"BreadcrumbList","@id":"https:\/\/www.monbailleur.fr\/offres-emploi\/poste\/conseiller-social-h-f-17#breadcrumb","itemListElement":[{"@type":"ListItem","position":1,"name":"Accueil","item":"https:\/\/www.monbailleur.fr\/offres-emploi\/"},{"@type":"ListItem","position":2,"name":"offres d\u2019emploi","item":"https:\/\/www.monbailleur.fr\/offres-emploi\/job-listings"},{"@type":"ListItem","position":3,"name":"Conseiller social H\/F"}]},{"@type":"WebSite","@id":"https:\/\/www.monbailleur.fr\/offres-emploi\/#website","url":"https:\/\/www.monbailleur.fr\/offres-emploi\/","name":"Monbailleur.fr - Emploi","description":"Les offres d&#039;emploi du logement social","publisher":{"@id":"https:\/\/www.monbailleur.fr\/offres-emploi\/#organization"},"potentialAction":[{"@type":"SearchAction","target":{"@type":"EntryPoint","urlTemplate":"https:\/\/www.monbailleur.fr\/offres-emploi\/?s={search_term_string}"},"query-input":{"@type":"PropertyValueSpecification","valueRequired":true,"valueName":"search_term_string"}}],"inLanguage":"fr-FR"},{"@type":"Organization","@id":"https:\/\/www.monbailleur.fr\/offres-emploi\/#organization","name":"Monbailleur.fr - Emploi","url":"https:\/\/www.monbailleur.fr\/offres-emploi\/","logo":{"@type":"ImageObject","inLanguage":"fr-FR","@id":"https:\/\/www.monbailleur.fr\/offres-emploi\/#\/schema\/logo\/image\/","url":"https:\/\/www.monbailleur.fr\/offres-emploi\/wp-content\/uploads\/2023\/06\/MonBailleur-1200x675-1.png","contentUrl":"https:\/\/www.monbailleur.fr\/offres-emploi\/wp-content\/uploads\/2023\/06\/MonBailleur-1200x675-1.png","width":1200,"height":675,"caption":"Monbailleur.fr - Emploi"},"image":{"@id":"https:\/\/www.monbailleur.fr\/offres-emploi\/#\/schema\/logo\/image\/"}}]}},"_links":{"self":[{"href":"https:\/\/www.monbailleur.fr\/offres-emploi\/wp-json\/wp\/v2\/job-listings\/39531","targetHints":{"allow":["GET"]}}],"collection":[{"href":"https:\/\/www.monbailleur.fr\/offres-emploi\/wp-json\/wp\/v2\/job-listings"}],"about":[{"href":"https:\/\/www.monbailleur.fr\/offres-emploi\/wp-json\/wp\/v2\/types\/job_listing"}],"wp:featuredmedia":[{"embeddable":true,"href":"https:\/\/www.monbailleur.fr\/offres-emploi\/wp-json\/wp\/v2\/media\/28344"}],"wp:attachment":[{"href":"https:\/\/www.monbailleur.fr\/offres-emploi\/wp-json\/wp\/v2\/media?parent=39531"}],"wp:term":[{"taxonomy":"job_listing_category","embeddable":true,"href":"https:\/\/www.monbailleur.fr\/offres-emploi\/wp-json\/wp\/v2\/job-categories?post=39531"},{"taxonomy":"job_listing_type","embeddable":true,"href":"https:\/\/www.monbailleur.fr\/offres-emploi\/wp-json\/wp\/v2\/job-types?post=39531"}],"curies":[{"name":"wp","href":"https:\/\/api.w.org\/{rel}","templated":true}]}}