{"id":39547,"date":"2026-09-02T08:01:02","date_gmt":"2026-09-02T06:01:02","guid":{"rendered":"https:\/\/www.monbailleur.fr\/offres-emploi\/poste\/chef-de-projet-moa-process-attribution-des-logements-cdd-12-mois-paris-h-f"},"modified":"2026-09-02T08:01:02","modified_gmt":"2026-09-02T06:01:02","slug":"chef-de-projet-moa-process-attribution-des-logements-cdd-12-mois-paris-h-f","status":"publish","type":"job_listing","link":"https:\/\/www.monbailleur.fr\/offres-emploi\/poste\/chef-de-projet-moa-process-attribution-des-logements-cdd-12-mois-paris-h-f","title":{"rendered":"Chef de projet MOA Process Attribution des logements &#8211; CDD 12 mois &#8211; PARIS H\/F"},"content":{"rendered":"<h2>L&rsquo;entreprise:<\/h2>\n<h2>Description:<\/h2>\n<\/p>\n<p style=\"text-align: justify\">Au sein de la Direction des politiques locatives, rattach\u00e9(e) \u00e0 la Cheffe du service Attribution, vous pilotez le projet de transformation digitale c\u00f4t\u00e9 m\u00e9tier. Vous g\u00e9rez le suivi du projet d\u00e9j\u00e0 engag\u00e9, et lancerez les travaux concernant la pr\u00e9-commercialisation des logements, en lien avec les \u00e9quipes m\u00e9tiers, les directions supports internes et l&rsquo;\u00e9diteur\/int\u00e9grateur de la solution, dont vous assurerez l\u2019interface. V\u00e9ritable chef d&rsquo;orchestre du projet, vous contribuez \u00e0 la d\u00e9finition des besoins, \u00e0 leur traduction fonctionnelle et au suivi de leur mise en \u0153uvre jusqu&rsquo;au d\u00e9ploiement op\u00e9rationnel. <\/p>\n<p style=\"text-align: justify\"><span style=\"text-decoration: underline\"><em>A ce titre, vos missions principales seront les suivantes<\/em><\/span><em> : <\/em><\/p>\n<p style=\"text-align: justify\">\n<ul>\n<li style=\"text-align: justify\">Organiser et coordonner les diff\u00e9rentes phases du projet ;<\/li>\n<li style=\"text-align: justify\">\u00c9laborer et suivre le planning, les jalons, les risques et les plans d&rsquo;actions ;<\/li>\n<li style=\"text-align: justify\">Pr\u00e9parer et animer les instances de gouvernance et de suivi ;<\/li>\n<li style=\"text-align: justify\">Assurer le reporting aupr\u00e8s de la direction et des parties prenantes. <\/li>\n<li style=\"text-align: justify\">Analyser les processus existants de pr\u00e9-commercialisation ;<\/li>\n<li style=\"text-align: justify\">Recueillir les besoins des utilisateurs et des \u00e9quipes m\u00e9tiers ;<\/li>\n<li style=\"text-align: justify\">Formaliser les expressions de besoins, sp\u00e9cifications fonctionnelles et r\u00e8gles de gestion ; <\/li>\n<li style=\"text-align: justify\">Contribuer \u00e0 l&rsquo;optimisation et \u00e0 l&rsquo;harmonisation des processus.<\/li>\n<li style=\"text-align: justify\">Assurer l&rsquo;interface entre les \u00e9quipes m\u00e9tiers, la Direction des Syst\u00e8mes d&rsquo;Information et le prestataire ;<\/li>\n<li style=\"text-align: justify\">Faciliter les arbitrages fonctionnels et organisationnels ; <\/li>\n<li style=\"text-align: justify\">Veiller \u00e0 la bonne prise en compte des enjeux m\u00e9tiers dans la solution. <\/li>\n<li style=\"text-align: justify\">Participer \u00e0 la strat\u00e9gie de conduite du changement ; <\/li>\n<li style=\"text-align: justify\">Pr\u00e9parer les supports de communication et de formation ;<\/li>\n<li style=\"text-align: justify\">Accompagner les utilisateurs lors des phases de recette et de d\u00e9ploiement ; <\/li>\n<li style=\"text-align: justify\">Contribuer \u00e0 l&rsquo;appropriation des nouveaux outils et pratiques.<\/li>\n<li style=\"text-align: justify\">D\u00e9finir la strat\u00e9gie de recette fonctionnelle ; <\/li>\n<li style=\"text-align: justify\">Organiser et coordonner les campagnes de tests ; <\/li>\n<li style=\"text-align: justify\">Suivre la correction des anomalies ;<\/li>\n<li style=\"text-align: justify\">Contribuer \u00e0 la pr\u00e9paration des mises en production et au d\u00e9marrage op\u00e9rationnel. <\/li>\n<\/ul>\n<h2>Profil:<\/h2>\n<\/p>\n<p style=\"text-align: justify\"><strong>Vous disposez d&rsquo;une formation sup\u00e9rieure (Bac +4\/5) en gestion de projet, syst\u00e8mes d&rsquo;information, management des organisations ou \u00e9quivalent compl\u00e9t\u00e9e par une exp\u00e9rience confirm\u00e9e en conduite de projets de transformation ou de d\u00e9ploiement de solutions m\u00e9tiers<\/strong&gt; ; Une connaissance des processus d'attribution des logements sociaux et de l'\u00e9cosyst\u00e8me du logement social constitue un v\u00e9ritable atout pour r\u00e9ussir dans ce poste.<\/p>\n<p style=\"text-align: justify\">Vous ma\u00eetrisez les m\u00e9thodes de gestion de projet et savez recueillir, analyser et formaliser les besoins des m\u00e9tiers afin de proposer des solutions adapt\u00e9es. Vous disposez d&rsquo;une exp\u00e9rience confirm\u00e9e dans le pilotage de prestataires et la coordination de multiples parties prenantes, tout en assurant le respect des objectifs, des d\u00e9lais et de la qualit\u00e9 des livrables.<\/p>\n<p style=\"text-align: justify\">Vous \u00eates \u00e9galement familiaris\u00e9(e) avec les d\u00e9marches de conduite du changement et poss\u00e9dez une bonne compr\u00e9hension des enjeux li\u00e9s aux syst\u00e8mes d&rsquo;information.<\/p>\n<p style=\"text-align: justify\">Reconnu(e) pour votre excellent relationnel, vous communiquez avec aisance aupr\u00e8s d&rsquo;interlocuteurs vari\u00e9s. Vos capacit\u00e9s d&rsquo;\u00e9coute, d&rsquo;analyse et de synth\u00e8se vous permettent de comprendre rapidement les enjeux et de formuler des recommandations pertinentes.<\/p>\n<p style=\"text-align: justify\">Rigoureux(se) et organis\u00e9(e), vous faites preuve d&rsquo;autonomie, d&rsquo;initiative et d&rsquo;un fort sens des responsabilit\u00e9s. Vous savez f\u00e9d\u00e9rer les \u00e9quipes autour d&rsquo;objectifs communs et appr\u00e9ciez particuli\u00e8rement les projets de transformation ainsi que les d\u00e9marches d&rsquo;am\u00e9lioration continue.<\/p>\n<h3>Niveau de dipl\u00f4me:<\/h3>\n<p> Niveau I &#8211; Bac+5 et plus<\/p>\n<h3>Temps de travail<\/h3>\n<p>Temps plein <\/p>\n<h3> Organisme <\/h3>\n<p> <span id=\"ctl00_ctl00_AspMainContent_MainContent_MasterPageSettingsView_ctl03_ctl01_fldEntityDescriptionFormat_lblContentText\"><span id=\"ctl00_MainContent_DescriptionEntityEdit_SubForm1_ctl01_Field1_ctl00_lblEntityFormat\">PARIS HABITAT &#8211; OPH <\/span><br \/><\/span><\/p>\n","protected":false},"author":0,"featured_media":5636,"template":"","meta":{"_promoted":"","_job_location":"France, Ile-de-France, Paris (75) 21Bis rue Claude Bernard 75005 PARIS","_application":"https:\/\/les-hlm-recrutent.talent-soft.com\/offre-de-emploi\/emploi-chef-de-projet-moa-process-attribution-des-logements-cdd-12-mois-paris-h-f_70561.aspx?utm_source=monbailleur.fr","_company_name":"PARIS HABITAT - OPH","_company_website":"","_company_tagline":"","_company_twitter":"","_company_video":"","_filled":0,"_featured":0,"_remote_position":0,"_job_salary":"","_job_salary_currency":"","_job_salary_unit":""},"job-categories":[78],"job-types":[52],"class_list":["post-39547","job_listing","type-job_listing","status-publish","has-post-thumbnail","hentry","job_listing_category-autres","job_listing_type-cdd","job-type-cdd"],"yoast_head":"<!-- This site is optimized with the Yoast SEO Premium plugin v22.4 (Yoast SEO v25.1) - https:\/\/yoast.com\/wordpress\/plugins\/seo\/ -->\n<title>Chef de projet MOA Process Attribution des logements - CDD 12 mois - PARIS H\/F - Monbailleur.fr - Emploi<\/title>\n<meta name=\"robots\" content=\"noindex, follow\" \/>\n<meta property=\"og:locale\" content=\"fr_FR\" \/>\n<meta property=\"og:type\" content=\"article\" \/>\n<meta property=\"og:title\" content=\"Chef de projet MOA Process Attribution des logements - CDD 12 mois - PARIS H\/F\" \/>\n<meta property=\"og:description\" content=\"L&rsquo;entreprise: Description: Au sein de la Direction des politiques locatives, rattach\u00e9(e) \u00e0 la Cheffe du service Attribution, vous pilotez le projet de transformation digitale c\u00f4t\u00e9 m\u00e9tier. Vous g\u00e9rez le suivi du projet d\u00e9j\u00e0 engag\u00e9, et lancerez les travaux concernant la pr\u00e9-commercialisation des logements, en lien avec les \u00e9quipes m\u00e9tiers, les directions supports internes et l&rsquo;\u00e9diteur\/int\u00e9grateur\" \/>\n<meta property=\"og:url\" content=\"https:\/\/www.monbailleur.fr\/offres-emploi\/poste\/chef-de-projet-moa-process-attribution-des-logements-cdd-12-mois-paris-h-f\" \/>\n<meta property=\"og:site_name\" content=\"Monbailleur.fr - Emploi\" \/>\n<meta property=\"og:image\" content=\"https:\/\/www.monbailleur.fr\/offres-emploi\/wp-content\/uploads\/2023\/06\/mon_bailleur_emploi_placeholder.png\" \/>\n\t<meta property=\"og:image:width\" content=\"512\" \/>\n\t<meta property=\"og:image:height\" content=\"512\" \/>\n\t<meta property=\"og:image:type\" content=\"image\/png\" \/>\n<meta name=\"twitter:card\" content=\"summary_large_image\" \/>\n<meta name=\"twitter:label1\" content=\"Dur\u00e9e de lecture estim\u00e9e\" \/>\n\t<meta name=\"twitter:data1\" content=\"2 minutes\" \/>\n<script type=\"application\/ld+json\" class=\"yoast-schema-graph\">{\"@context\":\"https:\/\/schema.org\",\"@graph\":[{\"@type\":\"WebPage\",\"@id\":\"https:\/\/www.monbailleur.fr\/offres-emploi\/poste\/chef-de-projet-moa-process-attribution-des-logements-cdd-12-mois-paris-h-f\",\"url\":\"https:\/\/www.monbailleur.fr\/offres-emploi\/poste\/chef-de-projet-moa-process-attribution-des-logements-cdd-12-mois-paris-h-f\",\"name\":\"Chef de projet MOA Process Attribution des logements - CDD 12 mois - PARIS H\/F - Monbailleur.fr - Emploi\",\"isPartOf\":{\"@id\":\"https:\/\/www.monbailleur.fr\/offres-emploi\/#website\"},\"primaryImageOfPage\":{\"@id\":\"https:\/\/www.monbailleur.fr\/offres-emploi\/poste\/chef-de-projet-moa-process-attribution-des-logements-cdd-12-mois-paris-h-f#primaryimage\"},\"image\":{\"@id\":\"https:\/\/www.monbailleur.fr\/offres-emploi\/poste\/chef-de-projet-moa-process-attribution-des-logements-cdd-12-mois-paris-h-f#primaryimage\"},\"thumbnailUrl\":\"https:\/\/www.monbailleur.fr\/offres-emploi\/wp-content\/uploads\/2023\/06\/mon_bailleur_emploi_placeholder.png\",\"datePublished\":\"2026-09-02T06:01:02+00:00\",\"breadcrumb\":{\"@id\":\"https:\/\/www.monbailleur.fr\/offres-emploi\/poste\/chef-de-projet-moa-process-attribution-des-logements-cdd-12-mois-paris-h-f#breadcrumb\"},\"inLanguage\":\"fr-FR\",\"potentialAction\":[{\"@type\":\"ReadAction\",\"target\":[\"https:\/\/www.monbailleur.fr\/offres-emploi\/poste\/chef-de-projet-moa-process-attribution-des-logements-cdd-12-mois-paris-h-f\"]}]},{\"@type\":\"ImageObject\",\"inLanguage\":\"fr-FR\",\"@id\":\"https:\/\/www.monbailleur.fr\/offres-emploi\/poste\/chef-de-projet-moa-process-attribution-des-logements-cdd-12-mois-paris-h-f#primaryimage\",\"url\":\"https:\/\/www.monbailleur.fr\/offres-emploi\/wp-content\/uploads\/2023\/06\/mon_bailleur_emploi_placeholder.png\",\"contentUrl\":\"https:\/\/www.monbailleur.fr\/offres-emploi\/wp-content\/uploads\/2023\/06\/mon_bailleur_emploi_placeholder.png\",\"width\":512,\"height\":512},{\"@type\":\"BreadcrumbList\",\"@id\":\"https:\/\/www.monbailleur.fr\/offres-emploi\/poste\/chef-de-projet-moa-process-attribution-des-logements-cdd-12-mois-paris-h-f#breadcrumb\",\"itemListElement\":[{\"@type\":\"ListItem\",\"position\":1,\"name\":\"Accueil\",\"item\":\"https:\/\/www.monbailleur.fr\/offres-emploi\/\"},{\"@type\":\"ListItem\",\"position\":2,\"name\":\"offres d\u2019emploi\",\"item\":\"https:\/\/www.monbailleur.fr\/offres-emploi\/job-listings\"},{\"@type\":\"ListItem\",\"position\":3,\"name\":\"Chef de projet MOA Process Attribution des logements &#8211; CDD 12 mois &#8211; PARIS H\/F\"}]},{\"@type\":\"WebSite\",\"@id\":\"https:\/\/www.monbailleur.fr\/offres-emploi\/#website\",\"url\":\"https:\/\/www.monbailleur.fr\/offres-emploi\/\",\"name\":\"Monbailleur.fr - Emploi\",\"description\":\"Les offres d&#039;emploi du logement social\",\"publisher\":{\"@id\":\"https:\/\/www.monbailleur.fr\/offres-emploi\/#organization\"},\"potentialAction\":[{\"@type\":\"SearchAction\",\"target\":{\"@type\":\"EntryPoint\",\"urlTemplate\":\"https:\/\/www.monbailleur.fr\/offres-emploi\/?s={search_term_string}\"},\"query-input\":{\"@type\":\"PropertyValueSpecification\",\"valueRequired\":true,\"valueName\":\"search_term_string\"}}],\"inLanguage\":\"fr-FR\"},{\"@type\":\"Organization\",\"@id\":\"https:\/\/www.monbailleur.fr\/offres-emploi\/#organization\",\"name\":\"Monbailleur.fr - Emploi\",\"url\":\"https:\/\/www.monbailleur.fr\/offres-emploi\/\",\"logo\":{\"@type\":\"ImageObject\",\"inLanguage\":\"fr-FR\",\"@id\":\"https:\/\/www.monbailleur.fr\/offres-emploi\/#\/schema\/logo\/image\/\",\"url\":\"https:\/\/www.monbailleur.fr\/offres-emploi\/wp-content\/uploads\/2023\/06\/MonBailleur-1200x675-1.png\",\"contentUrl\":\"https:\/\/www.monbailleur.fr\/offres-emploi\/wp-content\/uploads\/2023\/06\/MonBailleur-1200x675-1.png\",\"width\":1200,\"height\":675,\"caption\":\"Monbailleur.fr - Emploi\"},\"image\":{\"@id\":\"https:\/\/www.monbailleur.fr\/offres-emploi\/#\/schema\/logo\/image\/\"}}]}<\/script>\n<!-- \/ Yoast SEO Premium plugin. -->","yoast_head_json":{"title":"Chef de projet MOA Process Attribution des logements - CDD 12 mois - PARIS H\/F - Monbailleur.fr - Emploi","robots":{"index":"noindex","follow":"follow"},"og_locale":"fr_FR","og_type":"article","og_title":"Chef de projet MOA Process Attribution des logements - CDD 12 mois - PARIS H\/F","og_description":"L&rsquo;entreprise: Description: Au sein de la Direction des politiques locatives, rattach\u00e9(e) \u00e0 la Cheffe du service Attribution, vous pilotez le projet de transformation digitale c\u00f4t\u00e9 m\u00e9tier. Vous g\u00e9rez le suivi du projet d\u00e9j\u00e0 engag\u00e9, et lancerez les travaux concernant la pr\u00e9-commercialisation des logements, en lien avec les \u00e9quipes m\u00e9tiers, les directions supports internes et l&rsquo;\u00e9diteur\/int\u00e9grateur","og_url":"https:\/\/www.monbailleur.fr\/offres-emploi\/poste\/chef-de-projet-moa-process-attribution-des-logements-cdd-12-mois-paris-h-f","og_site_name":"Monbailleur.fr - Emploi","og_image":[{"width":512,"height":512,"url":"https:\/\/www.monbailleur.fr\/offres-emploi\/wp-content\/uploads\/2023\/06\/mon_bailleur_emploi_placeholder.png","type":"image\/png"}],"twitter_card":"summary_large_image","twitter_misc":{"Dur\u00e9e de lecture estim\u00e9e":"2 minutes"},"schema":{"@context":"https:\/\/schema.org","@graph":[{"@type":"WebPage","@id":"https:\/\/www.monbailleur.fr\/offres-emploi\/poste\/chef-de-projet-moa-process-attribution-des-logements-cdd-12-mois-paris-h-f","url":"https:\/\/www.monbailleur.fr\/offres-emploi\/poste\/chef-de-projet-moa-process-attribution-des-logements-cdd-12-mois-paris-h-f","name":"Chef de projet MOA Process Attribution des logements - CDD 12 mois - PARIS H\/F - Monbailleur.fr - Emploi","isPartOf":{"@id":"https:\/\/www.monbailleur.fr\/offres-emploi\/#website"},"primaryImageOfPage":{"@id":"https:\/\/www.monbailleur.fr\/offres-emploi\/poste\/chef-de-projet-moa-process-attribution-des-logements-cdd-12-mois-paris-h-f#primaryimage"},"image":{"@id":"https:\/\/www.monbailleur.fr\/offres-emploi\/poste\/chef-de-projet-moa-process-attribution-des-logements-cdd-12-mois-paris-h-f#primaryimage"},"thumbnailUrl":"https:\/\/www.monbailleur.fr\/offres-emploi\/wp-content\/uploads\/2023\/06\/mon_bailleur_emploi_placeholder.png","datePublished":"2026-09-02T06:01:02+00:00","breadcrumb":{"@id":"https:\/\/www.monbailleur.fr\/offres-emploi\/poste\/chef-de-projet-moa-process-attribution-des-logements-cdd-12-mois-paris-h-f#breadcrumb"},"inLanguage":"fr-FR","potentialAction":[{"@type":"ReadAction","target":["https:\/\/www.monbailleur.fr\/offres-emploi\/poste\/chef-de-projet-moa-process-attribution-des-logements-cdd-12-mois-paris-h-f"]}]},{"@type":"ImageObject","inLanguage":"fr-FR","@id":"https:\/\/www.monbailleur.fr\/offres-emploi\/poste\/chef-de-projet-moa-process-attribution-des-logements-cdd-12-mois-paris-h-f#primaryimage","url":"https:\/\/www.monbailleur.fr\/offres-emploi\/wp-content\/uploads\/2023\/06\/mon_bailleur_emploi_placeholder.png","contentUrl":"https:\/\/www.monbailleur.fr\/offres-emploi\/wp-content\/uploads\/2023\/06\/mon_bailleur_emploi_placeholder.png","width":512,"height":512},{"@type":"BreadcrumbList","@id":"https:\/\/www.monbailleur.fr\/offres-emploi\/poste\/chef-de-projet-moa-process-attribution-des-logements-cdd-12-mois-paris-h-f#breadcrumb","itemListElement":[{"@type":"ListItem","position":1,"name":"Accueil","item":"https:\/\/www.monbailleur.fr\/offres-emploi\/"},{"@type":"ListItem","position":2,"name":"offres d\u2019emploi","item":"https:\/\/www.monbailleur.fr\/offres-emploi\/job-listings"},{"@type":"ListItem","position":3,"name":"Chef de projet MOA Process Attribution des logements &#8211; CDD 12 mois &#8211; PARIS H\/F"}]},{"@type":"WebSite","@id":"https:\/\/www.monbailleur.fr\/offres-emploi\/#website","url":"https:\/\/www.monbailleur.fr\/offres-emploi\/","name":"Monbailleur.fr - Emploi","description":"Les offres d&#039;emploi du logement social","publisher":{"@id":"https:\/\/www.monbailleur.fr\/offres-emploi\/#organization"},"potentialAction":[{"@type":"SearchAction","target":{"@type":"EntryPoint","urlTemplate":"https:\/\/www.monbailleur.fr\/offres-emploi\/?s={search_term_string}"},"query-input":{"@type":"PropertyValueSpecification","valueRequired":true,"valueName":"search_term_string"}}],"inLanguage":"fr-FR"},{"@type":"Organization","@id":"https:\/\/www.monbailleur.fr\/offres-emploi\/#organization","name":"Monbailleur.fr - Emploi","url":"https:\/\/www.monbailleur.fr\/offres-emploi\/","logo":{"@type":"ImageObject","inLanguage":"fr-FR","@id":"https:\/\/www.monbailleur.fr\/offres-emploi\/#\/schema\/logo\/image\/","url":"https:\/\/www.monbailleur.fr\/offres-emploi\/wp-content\/uploads\/2023\/06\/MonBailleur-1200x675-1.png","contentUrl":"https:\/\/www.monbailleur.fr\/offres-emploi\/wp-content\/uploads\/2023\/06\/MonBailleur-1200x675-1.png","width":1200,"height":675,"caption":"Monbailleur.fr - Emploi"},"image":{"@id":"https:\/\/www.monbailleur.fr\/offres-emploi\/#\/schema\/logo\/image\/"}}]}},"_links":{"self":[{"href":"https:\/\/www.monbailleur.fr\/offres-emploi\/wp-json\/wp\/v2\/job-listings\/39547","targetHints":{"allow":["GET"]}}],"collection":[{"href":"https:\/\/www.monbailleur.fr\/offres-emploi\/wp-json\/wp\/v2\/job-listings"}],"about":[{"href":"https:\/\/www.monbailleur.fr\/offres-emploi\/wp-json\/wp\/v2\/types\/job_listing"}],"wp:featuredmedia":[{"embeddable":true,"href":"https:\/\/www.monbailleur.fr\/offres-emploi\/wp-json\/wp\/v2\/media\/5636"}],"wp:attachment":[{"href":"https:\/\/www.monbailleur.fr\/offres-emploi\/wp-json\/wp\/v2\/media?parent=39547"}],"wp:term":[{"taxonomy":"job_listing_category","embeddable":true,"href":"https:\/\/www.monbailleur.fr\/offres-emploi\/wp-json\/wp\/v2\/job-categories?post=39547"},{"taxonomy":"job_listing_type","embeddable":true,"href":"https:\/\/www.monbailleur.fr\/offres-emploi\/wp-json\/wp\/v2\/job-types?post=39547"}],"curies":[{"name":"wp","href":"https:\/\/api.w.org\/{rel}","templated":true}]}}