{"id":39568,"date":"2026-09-03T08:00:31","date_gmt":"2026-09-03T06:00:31","guid":{"rendered":"https:\/\/www.monbailleur.fr\/offres-emploi\/poste\/responsable-controle-de-gestion-h-f"},"modified":"2026-09-03T08:00:31","modified_gmt":"2026-09-03T06:00:31","slug":"responsable-controle-de-gestion-h-f","status":"publish","type":"job_listing","link":"https:\/\/www.monbailleur.fr\/offres-emploi\/poste\/responsable-controle-de-gestion-h-f","title":{"rendered":"Responsable Contr\u00f4le de Gestion H\/F"},"content":{"rendered":"<h2>L&rsquo;entreprise:<\/h2>\n<p>Action Logement Groupe d\u00e9termine les orientations strat\u00e9giques du groupe Action Logement, les conditions d&#8217;emploi des ressources financi\u00e8res, et veille \u00e0 ce que les aides et les services soient distribu\u00e9s avec \u00e9quit\u00e9 entre les personnes \u00e9ligibles, dans tous les territoires.<\/p>\n<h2>Description:<\/h2>\n<\/p>\n<p><strong>Vouloir am\u00e9liorer le logement\u2026 ET LE FAIRE !<\/strong><\/p>\n<\/p>\n<p>Rejoignez un Groupe qui agit concr\u00e8tement pour faciliter le logement des salari\u00e9s et ainsi am\u00e9liorer le quotidien de millions de Fran\u00e7ais.<\/p>\n<p>Le groupe Action Logement, employeur de r\u00e9f\u00e9rence dans son secteur, couvre l&rsquo;ensemble des m\u00e9tiers de service et de l&rsquo;immobilier. \u00c0 ce jour, le Groupe compte plus de 100 m\u00e9tiers r\u00e9partis dans quatre grands domaines d\u2019expertises : l\u2019aide et l\u2019accompagnement des b\u00e9n\u00e9ficiaires, la gestion du parc immobilier, la conception et la construction de logements durables, l\u2019am\u00e9lioration et l\u2019innovation au service de toutes les activit\u00e9s du Groupe.<\/p>\n<\/p>\n<p>Dans ce contexte, nous recherchons <strong>un Responsable Contr\u00f4le de Gestion H\/F<\/strong> pour notre entit\u00e9 Action Logement Services en CDI. <\/p>\n<\/p>\n<p>Avec l&rsquo;appui de votre \u00e9quipe vos principales missions seront:<\/p>\n<\/p>\n<p><strong>Elaborer et suivre les r\u00e9alisations budg\u00e9taires \u00e0 savoir :<\/strong><\/p>\n<\/p>\n<p>Coordonner la campagne budg\u00e9taire en veillant au respect des d\u00e9lais ;<\/p>\n<p>Consolider les besoins des directions, proposer des arbitrages, dialoguer avec les directions (notamment DSI et DRH) afin de r\u00e9aliser un budget en ad\u00e9quation entre les objectifs op\u00e9rationnels et financiers<\/p>\n<p>Produire les documents de synth\u00e8se budg\u00e9taire ;<br \/>Piloter le suivi budg\u00e9taire par :<\/p>\n<ul>\n<li>Le developpement et la mise \u00e0 jour des reporting budg\u00e9taires sous power BI<\/li>\n<li>La r\u00e9alisation de forcast mensuels<\/li>\n<li>L\u2019analyse des donn\u00e9es en expliquant les \u00e9carts et alerter en cas de risques sur l\u2019atteinte des objectifs annuels, proposer des actions correctives ;<\/li>\n<\/ul>\n<p>&#8211; Superviser et contribuer \u00e0 la production des pr\u00e9sentations financi\u00e8res annuelles<\/p>\n<p>&#8211; Accompagner la direction informatique et la direction de la transformation dans le suivi budg\u00e9taire pluri annuels des projets d\u2019Action logement Services<\/p>\n<\/p>\n<p><strong>Participer aux cl\u00f4tures comptables :<\/strong><\/p>\n<p>Calculer les refacturations de prestation de services aux entit\u00e9s du groupe<br \/>Participer aux travaux de cl\u00f4tures (cut off, provisions)<br \/>Contribuer \u00e0 la production des pr\u00e9sentations financi\u00e8res annuelles ;<strong><br \/><\/strong><\/p>\n<\/p>\n<p><strong>Pr\u00e9parer la comptabilit\u00e9 analytique<\/strong> \u00e0 savoir r\u00e9aliser le calcul des prix de revient des aides et services distribu\u00e9s par Action logement Services<\/p>\n<\/p>\n<p>Vous aurez \u00e9galement des missions annexes:<\/p>\n<p>&#8211; Participer \u00e0 l\u2019\u00e9volution des outils internes au contr\u00f4le de gestion et plus g\u00e9n\u00e9ralement aux outils financiers ou RH en lien avec l\u2019activit\u00e9<\/p>\n<p>&#8211; Participer aux demandes d\u2019\u00e9tudes, aux audits internes \/ externe ainsi qu\u2019au contr\u00f4le interne<\/p>\n<\/p>\n<p><strong>Encadrer l\u2019\u00e9quipe contr\u00f4le de gestion compos\u00e9e de 4 collaborateurs. <\/strong><\/p>\n<div id=\"sconnect-is-installed\" style=\"display: none\"><strong>2.16.1.2<\/strong><\/div>\n<div class=\"know_div_element know_div\" lang=\"fr\" style=\"top: 0px; left: 0px; z-index: 210000; font-size: 1rem\"> <\/div>\n<h2>Profil:<\/h2>\n<\/p>\n<p>De formation sup\u00e9rieure du type Bac+5 en finances et contr\u00f4le de gestion, vous b\u00e9n\u00e9ficiez d\u2019au moins 8 ann\u00e9es d\u2019exp\u00e9rience professionnelle \u00e0 des fonctions similaires. Vous maitrisez la comptabilit\u00e9 analytique et vous avez une bonne connaissance en comptabilit\u00e9 g\u00e9n\u00e9rale.<\/p>\n<p>Vous avez une parfaite ma\u00eetrise des syst\u00e8mes d\u2019information : tableurs, bases de donn\u00e9es, et vous maitrisez Power BI.<\/p>\n<\/p>\n<p>Vous vous appuyez sur une solide exp\u00e9rience manag\u00e9riale. Vous disposez d&rsquo;un leadership naturel et d&rsquo;un bon esprit d&rsquo;entreprise.<\/p>\n<\/p>\n<p>Vous \u00eates dot\u00e9 d&rsquo;une aisance relationnelle afin de dialoguer avec diff\u00e9rents types d\u2019interlocuteurs. Diplomate, vous saurez faire entendre votre point de vue face aux responsables fonctionnels et op\u00e9rationnels.<\/p>\n<p>De m\u00eame, vous faite preuve d&rsquo;organisation, de rigueur et d&rsquo;un sens des priorit\u00e9s.<\/p>\n<p>Enfin, vous poss\u00e9dez un bon esprit de synth\u00e8se afin de conceptualiser rapidement des probl\u00e8mes et leurs solutions mais \u00e9galement d&rsquo;une grande curiosit\u00e9 et d&rsquo;un esprit critique qui vous permettront une parfaite analyse des chiffres.<\/p>\n<\/p>\n<p>Le poste est \u00e0 pourvoir en CDI sur Paris (75013).<\/p>\n<\/p>\n<p>Vous vous reconnaissez dans ce descriptif, alors n\u2019h\u00e9sitez plus et venez nous rencontrer !<\/p>\n<\/p>\n<p>Action Logement, soci\u00e9t\u00e9 socialement responsable, s&rsquo;engage au quotidien pour l&#8217;emploi des personnes en situation de handicap<\/p>\n<\/p>\n<div id=\"sconnect-is-installed\" style=\"display: none\">2.16.1.2<\/div>\n<div class=\"know_div_element know_div\" lang=\"fr\" style=\"top: 0px; left: 0px; z-index: 210000; font-size: 1rem\"> <\/div>\n<h3>Niveau de dipl\u00f4me:<\/h3>\n<p> BAC + 5 (Master 2, DESS, DEA)<\/p>\n<h3>Sp\u00e9cialisations:<\/h3>\n<p>Comptabilit\u00e9\/Finance\/Economie Gestion<\/p>\n<h3> Entit\u00e9 <\/h3>\n<p> Action Logement Services porte l&rsquo;une des deux missions d&rsquo;utilit\u00e9 sociale du groupe Action Logement : faciliter l&rsquo;acc\u00e8s au logement des plus fragiles, en d\u00e9livrant des services et des aides financi\u00e8res pour accompagner leur mobilit\u00e9 r\u00e9sidentielle et professionnelle. La soci\u00e9t\u00e9 contribue \u00e9galement au financement des bailleurs sociaux pour la construction et la r\u00e9habilitation de logements. Elle favorise ainsi l&rsquo;acc\u00e8s et le maintien dans l&#8217;emploi, la performance des entreprises, et le d\u00e9veloppement des territoires.<\/p>\n","protected":false},"author":0,"featured_media":3646,"template":"","meta":{"_promoted":"","_job_location":"France, Ile-de-France, 75 - Paris 21 quai d'Austerlitz 75013 Paris","_application":"https:\/\/actionlogement-recrute.talent-soft.com\/offre-de-emploi\/emploi-responsable-controle-de-gestion-h-f_17943.aspx?utm_source=monbailleur.fr","_company_name":"Action Logement","_company_website":"https:\/\/actionlogement-recrute.talent-soft.com\/","_company_tagline":"","_company_twitter":"","_company_video":"","_filled":0,"_featured":0,"_remote_position":0,"_job_salary":"","_job_salary_currency":"","_job_salary_unit":""},"job-categories":[78],"job-types":[63],"class_list":["post-39568","job_listing","type-job_listing","status-publish","has-post-thumbnail","hentry","job_listing_category-autres","job_listing_type-cdi","job-type-cdi"],"yoast_head":"<!-- This site is optimized with the Yoast SEO Premium plugin v22.4 (Yoast SEO v25.1) - https:\/\/yoast.com\/wordpress\/plugins\/seo\/ -->\n<title>Responsable Contr\u00f4le de Gestion H\/F - Monbailleur.fr - Emploi<\/title>\n<meta name=\"robots\" content=\"noindex, follow\" \/>\n<meta property=\"og:locale\" content=\"fr_FR\" \/>\n<meta property=\"og:type\" content=\"article\" \/>\n<meta property=\"og:title\" content=\"Responsable Contr\u00f4le de Gestion H\/F\" \/>\n<meta property=\"og:description\" content=\"L&rsquo;entreprise: Action Logement Groupe d\u00e9termine les orientations strat\u00e9giques du groupe Action Logement, les conditions d&#8217;emploi des ressources financi\u00e8res, et veille \u00e0 ce que les aides et les services soient distribu\u00e9s avec \u00e9quit\u00e9 entre les personnes \u00e9ligibles, dans tous les territoires. Description: Vouloir am\u00e9liorer le logement\u2026 ET LE FAIRE ! Rejoignez un Groupe qui agit concr\u00e8tement\" \/>\n<meta property=\"og:url\" content=\"https:\/\/www.monbailleur.fr\/offres-emploi\/poste\/responsable-controle-de-gestion-h-f\" \/>\n<meta property=\"og:site_name\" content=\"Monbailleur.fr - Emploi\" \/>\n<meta property=\"og:image\" content=\"https:\/\/www.monbailleur.fr\/offres-emploi\/wp-content\/uploads\/2023\/06\/action-logement.png\" \/>\n\t<meta property=\"og:image:width\" content=\"175\" \/>\n\t<meta property=\"og:image:height\" content=\"200\" \/>\n\t<meta property=\"og:image:type\" content=\"image\/png\" \/>\n<meta name=\"twitter:card\" content=\"summary_large_image\" \/>\n<meta name=\"twitter:label1\" content=\"Dur\u00e9e de lecture estim\u00e9e\" \/>\n\t<meta name=\"twitter:data1\" content=\"4 minutes\" \/>\n<script type=\"application\/ld+json\" class=\"yoast-schema-graph\">{\"@context\":\"https:\/\/schema.org\",\"@graph\":[{\"@type\":\"WebPage\",\"@id\":\"https:\/\/www.monbailleur.fr\/offres-emploi\/poste\/responsable-controle-de-gestion-h-f\",\"url\":\"https:\/\/www.monbailleur.fr\/offres-emploi\/poste\/responsable-controle-de-gestion-h-f\",\"name\":\"Responsable Contr\u00f4le de Gestion H\/F - Monbailleur.fr - Emploi\",\"isPartOf\":{\"@id\":\"https:\/\/www.monbailleur.fr\/offres-emploi\/#website\"},\"primaryImageOfPage\":{\"@id\":\"https:\/\/www.monbailleur.fr\/offres-emploi\/poste\/responsable-controle-de-gestion-h-f#primaryimage\"},\"image\":{\"@id\":\"https:\/\/www.monbailleur.fr\/offres-emploi\/poste\/responsable-controle-de-gestion-h-f#primaryimage\"},\"thumbnailUrl\":\"https:\/\/www.monbailleur.fr\/offres-emploi\/wp-content\/uploads\/2023\/06\/action-logement.png\",\"datePublished\":\"2026-09-03T06:00:31+00:00\",\"breadcrumb\":{\"@id\":\"https:\/\/www.monbailleur.fr\/offres-emploi\/poste\/responsable-controle-de-gestion-h-f#breadcrumb\"},\"inLanguage\":\"fr-FR\",\"potentialAction\":[{\"@type\":\"ReadAction\",\"target\":[\"https:\/\/www.monbailleur.fr\/offres-emploi\/poste\/responsable-controle-de-gestion-h-f\"]}]},{\"@type\":\"ImageObject\",\"inLanguage\":\"fr-FR\",\"@id\":\"https:\/\/www.monbailleur.fr\/offres-emploi\/poste\/responsable-controle-de-gestion-h-f#primaryimage\",\"url\":\"https:\/\/www.monbailleur.fr\/offres-emploi\/wp-content\/uploads\/2023\/06\/action-logement.png\",\"contentUrl\":\"https:\/\/www.monbailleur.fr\/offres-emploi\/wp-content\/uploads\/2023\/06\/action-logement.png\",\"width\":175,\"height\":200},{\"@type\":\"BreadcrumbList\",\"@id\":\"https:\/\/www.monbailleur.fr\/offres-emploi\/poste\/responsable-controle-de-gestion-h-f#breadcrumb\",\"itemListElement\":[{\"@type\":\"ListItem\",\"position\":1,\"name\":\"Accueil\",\"item\":\"https:\/\/www.monbailleur.fr\/offres-emploi\/\"},{\"@type\":\"ListItem\",\"position\":2,\"name\":\"offres d\u2019emploi\",\"item\":\"https:\/\/www.monbailleur.fr\/offres-emploi\/job-listings\"},{\"@type\":\"ListItem\",\"position\":3,\"name\":\"Responsable Contr\u00f4le de Gestion H\/F\"}]},{\"@type\":\"WebSite\",\"@id\":\"https:\/\/www.monbailleur.fr\/offres-emploi\/#website\",\"url\":\"https:\/\/www.monbailleur.fr\/offres-emploi\/\",\"name\":\"Monbailleur.fr - Emploi\",\"description\":\"Les offres d&#039;emploi du logement social\",\"publisher\":{\"@id\":\"https:\/\/www.monbailleur.fr\/offres-emploi\/#organization\"},\"potentialAction\":[{\"@type\":\"SearchAction\",\"target\":{\"@type\":\"EntryPoint\",\"urlTemplate\":\"https:\/\/www.monbailleur.fr\/offres-emploi\/?s={search_term_string}\"},\"query-input\":{\"@type\":\"PropertyValueSpecification\",\"valueRequired\":true,\"valueName\":\"search_term_string\"}}],\"inLanguage\":\"fr-FR\"},{\"@type\":\"Organization\",\"@id\":\"https:\/\/www.monbailleur.fr\/offres-emploi\/#organization\",\"name\":\"Monbailleur.fr - Emploi\",\"url\":\"https:\/\/www.monbailleur.fr\/offres-emploi\/\",\"logo\":{\"@type\":\"ImageObject\",\"inLanguage\":\"fr-FR\",\"@id\":\"https:\/\/www.monbailleur.fr\/offres-emploi\/#\/schema\/logo\/image\/\",\"url\":\"https:\/\/www.monbailleur.fr\/offres-emploi\/wp-content\/uploads\/2023\/06\/MonBailleur-1200x675-1.png\",\"contentUrl\":\"https:\/\/www.monbailleur.fr\/offres-emploi\/wp-content\/uploads\/2023\/06\/MonBailleur-1200x675-1.png\",\"width\":1200,\"height\":675,\"caption\":\"Monbailleur.fr - Emploi\"},\"image\":{\"@id\":\"https:\/\/www.monbailleur.fr\/offres-emploi\/#\/schema\/logo\/image\/\"}}]}<\/script>\n<!-- \/ Yoast SEO Premium plugin. -->","yoast_head_json":{"title":"Responsable Contr\u00f4le de Gestion H\/F - Monbailleur.fr - Emploi","robots":{"index":"noindex","follow":"follow"},"og_locale":"fr_FR","og_type":"article","og_title":"Responsable Contr\u00f4le de Gestion H\/F","og_description":"L&rsquo;entreprise: Action Logement Groupe d\u00e9termine les orientations strat\u00e9giques du groupe Action Logement, les conditions d&#8217;emploi des ressources financi\u00e8res, et veille \u00e0 ce que les aides et les services soient distribu\u00e9s avec \u00e9quit\u00e9 entre les personnes \u00e9ligibles, dans tous les territoires. Description: Vouloir am\u00e9liorer le logement\u2026 ET LE FAIRE ! Rejoignez un Groupe qui agit concr\u00e8tement","og_url":"https:\/\/www.monbailleur.fr\/offres-emploi\/poste\/responsable-controle-de-gestion-h-f","og_site_name":"Monbailleur.fr - Emploi","og_image":[{"width":175,"height":200,"url":"https:\/\/www.monbailleur.fr\/offres-emploi\/wp-content\/uploads\/2023\/06\/action-logement.png","type":"image\/png"}],"twitter_card":"summary_large_image","twitter_misc":{"Dur\u00e9e de lecture estim\u00e9e":"4 minutes"},"schema":{"@context":"https:\/\/schema.org","@graph":[{"@type":"WebPage","@id":"https:\/\/www.monbailleur.fr\/offres-emploi\/poste\/responsable-controle-de-gestion-h-f","url":"https:\/\/www.monbailleur.fr\/offres-emploi\/poste\/responsable-controle-de-gestion-h-f","name":"Responsable Contr\u00f4le de Gestion H\/F - Monbailleur.fr - Emploi","isPartOf":{"@id":"https:\/\/www.monbailleur.fr\/offres-emploi\/#website"},"primaryImageOfPage":{"@id":"https:\/\/www.monbailleur.fr\/offres-emploi\/poste\/responsable-controle-de-gestion-h-f#primaryimage"},"image":{"@id":"https:\/\/www.monbailleur.fr\/offres-emploi\/poste\/responsable-controle-de-gestion-h-f#primaryimage"},"thumbnailUrl":"https:\/\/www.monbailleur.fr\/offres-emploi\/wp-content\/uploads\/2023\/06\/action-logement.png","datePublished":"2026-09-03T06:00:31+00:00","breadcrumb":{"@id":"https:\/\/www.monbailleur.fr\/offres-emploi\/poste\/responsable-controle-de-gestion-h-f#breadcrumb"},"inLanguage":"fr-FR","potentialAction":[{"@type":"ReadAction","target":["https:\/\/www.monbailleur.fr\/offres-emploi\/poste\/responsable-controle-de-gestion-h-f"]}]},{"@type":"ImageObject","inLanguage":"fr-FR","@id":"https:\/\/www.monbailleur.fr\/offres-emploi\/poste\/responsable-controle-de-gestion-h-f#primaryimage","url":"https:\/\/www.monbailleur.fr\/offres-emploi\/wp-content\/uploads\/2023\/06\/action-logement.png","contentUrl":"https:\/\/www.monbailleur.fr\/offres-emploi\/wp-content\/uploads\/2023\/06\/action-logement.png","width":175,"height":200},{"@type":"BreadcrumbList","@id":"https:\/\/www.monbailleur.fr\/offres-emploi\/poste\/responsable-controle-de-gestion-h-f#breadcrumb","itemListElement":[{"@type":"ListItem","position":1,"name":"Accueil","item":"https:\/\/www.monbailleur.fr\/offres-emploi\/"},{"@type":"ListItem","position":2,"name":"offres d\u2019emploi","item":"https:\/\/www.monbailleur.fr\/offres-emploi\/job-listings"},{"@type":"ListItem","position":3,"name":"Responsable Contr\u00f4le de Gestion H\/F"}]},{"@type":"WebSite","@id":"https:\/\/www.monbailleur.fr\/offres-emploi\/#website","url":"https:\/\/www.monbailleur.fr\/offres-emploi\/","name":"Monbailleur.fr - Emploi","description":"Les offres d&#039;emploi du logement social","publisher":{"@id":"https:\/\/www.monbailleur.fr\/offres-emploi\/#organization"},"potentialAction":[{"@type":"SearchAction","target":{"@type":"EntryPoint","urlTemplate":"https:\/\/www.monbailleur.fr\/offres-emploi\/?s={search_term_string}"},"query-input":{"@type":"PropertyValueSpecification","valueRequired":true,"valueName":"search_term_string"}}],"inLanguage":"fr-FR"},{"@type":"Organization","@id":"https:\/\/www.monbailleur.fr\/offres-emploi\/#organization","name":"Monbailleur.fr - Emploi","url":"https:\/\/www.monbailleur.fr\/offres-emploi\/","logo":{"@type":"ImageObject","inLanguage":"fr-FR","@id":"https:\/\/www.monbailleur.fr\/offres-emploi\/#\/schema\/logo\/image\/","url":"https:\/\/www.monbailleur.fr\/offres-emploi\/wp-content\/uploads\/2023\/06\/MonBailleur-1200x675-1.png","contentUrl":"https:\/\/www.monbailleur.fr\/offres-emploi\/wp-content\/uploads\/2023\/06\/MonBailleur-1200x675-1.png","width":1200,"height":675,"caption":"Monbailleur.fr - Emploi"},"image":{"@id":"https:\/\/www.monbailleur.fr\/offres-emploi\/#\/schema\/logo\/image\/"}}]}},"_links":{"self":[{"href":"https:\/\/www.monbailleur.fr\/offres-emploi\/wp-json\/wp\/v2\/job-listings\/39568","targetHints":{"allow":["GET"]}}],"collection":[{"href":"https:\/\/www.monbailleur.fr\/offres-emploi\/wp-json\/wp\/v2\/job-listings"}],"about":[{"href":"https:\/\/www.monbailleur.fr\/offres-emploi\/wp-json\/wp\/v2\/types\/job_listing"}],"wp:featuredmedia":[{"embeddable":true,"href":"https:\/\/www.monbailleur.fr\/offres-emploi\/wp-json\/wp\/v2\/media\/3646"}],"wp:attachment":[{"href":"https:\/\/www.monbailleur.fr\/offres-emploi\/wp-json\/wp\/v2\/media?parent=39568"}],"wp:term":[{"taxonomy":"job_listing_category","embeddable":true,"href":"https:\/\/www.monbailleur.fr\/offres-emploi\/wp-json\/wp\/v2\/job-categories?post=39568"},{"taxonomy":"job_listing_type","embeddable":true,"href":"https:\/\/www.monbailleur.fr\/offres-emploi\/wp-json\/wp\/v2\/job-types?post=39568"}],"curies":[{"name":"wp","href":"https:\/\/api.w.org\/{rel}","templated":true}]}}