{"id":39573,"date":"2026-09-03T08:00:41","date_gmt":"2026-09-03T06:00:41","guid":{"rendered":"https:\/\/www.monbailleur.fr\/offres-emploi\/poste\/chef-de-projet-technique-structure-h-f"},"modified":"2026-09-03T08:00:41","modified_gmt":"2026-09-03T06:00:41","slug":"chef-de-projet-technique-structure-h-f","status":"publish","type":"job_listing","link":"https:\/\/www.monbailleur.fr\/offres-emploi\/poste\/chef-de-projet-technique-structure-h-f","title":{"rendered":"Chef de projet technique structure H\/F"},"content":{"rendered":"<h2>L&rsquo;entreprise:<\/h2>\n<\/p>\n<p>La RIVP est un bailleur social qui emploie plus de 1 200 collaborateurs. Notre groupe immobilier a vocation de construire, de r\u00e9habiliter et de g\u00e9rer des logements, des r\u00e9sidences \u00e9tudiantes, des commerces et des bureaux pour start-up et entreprises innovantes (h\u00f4tels d&rsquo;entreprises \/ p\u00e9pini\u00e8res).<\/p>\n<p>A la t\u00eate d&rsquo;un patrimoine de pr\u00e8s de 68 000 logements (habitations &amp; foyers) situ\u00e9s \u00e0 92% dans Paris et 8% en banlieue, la RIVP est un acteur majeur du logement social \u00e0 Paris. Les missions de la RIVP s&rsquo;inscrivent dans une d\u00e9marche volontariste en mati\u00e8re de qualit\u00e9 de service et d&rsquo;accompagnement social des locataires, de d\u00e9veloppement durable et de performance \u00e9nerg\u00e9tique.<\/p>\n<div id=\"sconnect-is-installed\" style=\"display: none\">2.16.1.0<\/div>\n<div id=\"sconnect-is-installed\" style=\"display: none\">2.16.1.0<\/div>\n<div id=\"sconnect-is-installed\" style=\"display: none\">2.16.1.0<\/div>\n<div id=\"sconnect-is-installed\" style=\"display: none\">2.16.1.0<\/div>\n<div id=\"sconnect-is-installed\" style=\"display: none\">2.16.1.0<\/div>\n<div id=\"sconnect-is-installed\" style=\"display: none\">2.16.1.0<\/div>\n<div id=\"sconnect-is-installed\" style=\"display: none\">2.16.1.0<\/div>\n<h2>Description:<\/h2>\n<\/p>\n<p>Rattach\u00e9(e) au sous-directeur travaux et r\u00e9habilitation de la Direction du Patrimoine, vous apportez une expertise technique sur les aspects b\u00e2timentaires et assurez la mise en \u0153uvre et l&rsquo;accompagnement des agences dans la mise en \u0153uvre des travaux.<\/p>\n<\/p>\n<p>Vous assurez le diagnostic technique &#8211; notamment le diagnostic structurel &#8211; du patrimoine en d\u00e9terminant les caract\u00e9ristiques et l&rsquo;\u00e9tat des composants du patrimoine. Sur la base de votre diagnostic qui devra \u00eatre partag\u00e9 et dynamique, vous \u00e9tablirez une base de donn\u00e9es technique et vous proposerez une cartographie des risques b\u00e2timentaires.<\/p>\n<p>Vous proposez une strat\u00e9gie d&rsquo;intervention et vous mettez en \u0153uvre le plan d&rsquo;actions.<\/p>\n<p>Vous assurez la ma\u00eetrise d&rsquo;ouvrage des travaux dont vous avez la charge dont travaux de structure, campagnes de travaux (liste non exhaustive).<\/p>\n<\/p>\n<p>Plus particuli\u00e8rement, vous apportez votre expertise aupr\u00e8s des p\u00f4les travaux et des agences territoriales concernant :<br \/>&#8211; Les sinistres importants impliquant la structure du b\u00e2timent<br \/>&#8211; Les montages d&rsquo;op\u00e9ration complexes<br \/>&#8211; Les contentieux de chantiers<br \/>&#8211; Des \u00e9l\u00e9ments de r\u00e9ponse aux agences pour le traitement des demandes<\/p>\n<\/p>\n<div id=\"sconnect-is-installed\" style=\"display: none\">2.16.1.0<\/div>\n<div id=\"sconnect-is-installed\" style=\"display: none\">2.16.1.0<\/div>\n<div id=\"sconnect-is-installed\" style=\"display: none\">2.16.1.0<\/div>\n<div id=\"sconnect-is-installed\" style=\"display: none\">2.16.1.0<\/div>\n<div id=\"sconnect-is-installed\" style=\"display: none\">2.16.1.0<\/div>\n<div id=\"sconnect-is-installed\" style=\"display: none\">2.16.1.0<\/div>\n<div id=\"sconnect-is-installed\" style=\"display: none\">2.16.1.0<\/div>\n<h2>Profil:<\/h2>\n<\/p>\n<p>De formation bac +3\/4 minimum, type g\u00e9n\u00e9raliste travaux. Vous avez imp\u00e9rativement une premi\u00e8re exp\u00e9rience dans la conduite et coordination de travaux, ainsi que des connaissances dans le montage d&rsquo;op\u00e9ration de ma\u00eetrise d&rsquo;ouvrage complexe.<\/p>\n<\/p>\n<p>Au-del\u00e0 de votre expertise technique, vous alliez rigueur de gestion, respect des proc\u00e9dures et des engagements, qualit\u00e9s relationnelles et r\u00e9dactionnelles.<\/p>\n<p>Parfaite maitrise du pack office<\/p>\n<p>Id\u00e9alement connaissance : ULIS, Marco, AWS <\/p>\n<div id=\"sconnect-is-installed\" style=\"display: none\">2.16.1.0<\/div>\n<div id=\"sconnect-is-installed\" style=\"display: none\">2.16.1.0<\/div>\n<div id=\"sconnect-is-installed\" style=\"display: none\">2.16.1.0<\/div>\n<div id=\"sconnect-is-installed\" style=\"display: none\">2.16.1.0<\/div>\n<div id=\"sconnect-is-installed\" style=\"display: none\">2.16.1.0<\/div>\n<div id=\"sconnect-is-installed\" style=\"display: none\">2.16.1.0<\/div>\n<div id=\"sconnect-is-installed\" style=\"display: none\">2.16.1.0<\/div>\n<h3>Niveau de dipl\u00f4me:<\/h3>\n<p> Niveau II &#8211; Bac+3\/4 (licence, ma\u00eetrise,&#8230;)<\/p>\n<h3>Temps de travail<\/h3>\n<p>Temps plein <\/p>\n<h3> Organisme <\/h3>\n<p> <span id=\"ctl00_ctl00_AspMainContent_MainContent_MasterPageSettingsView_ctl03_ctl01_fldEntityDescriptionFormat_lblContentText\"><span id=\"ctl00_MainContent_DescriptionEntityEdit_SubForm1_ctl01_Field1_ctl00_lblEntityFormat\">RIVP <\/span><br \/><\/span><\/p>\n","protected":false},"author":0,"featured_media":5636,"template":"","meta":{"_promoted":"","_job_location":"France, Ile-de-France, Paris (75) Paris 13","_application":"https:\/\/les-hlm-recrutent.talent-soft.com\/offre-de-emploi\/emploi-chef-de-projet-technique-structure-h-f_70588.aspx?utm_source=monbailleur.fr","_company_name":"RIVP","_company_website":"","_company_tagline":"","_company_twitter":"","_company_video":"","_filled":0,"_featured":0,"_remote_position":0,"_job_salary":"","_job_salary_currency":"","_job_salary_unit":""},"job-categories":[78],"job-types":[63],"class_list":["post-39573","job_listing","type-job_listing","status-publish","has-post-thumbnail","hentry","job_listing_category-autres","job_listing_type-cdi","job-type-cdi"],"yoast_head":"<!-- This site is optimized with the Yoast SEO Premium plugin v22.4 (Yoast SEO v25.1) - https:\/\/yoast.com\/wordpress\/plugins\/seo\/ -->\n<title>Chef de projet technique structure H\/F - Monbailleur.fr - Emploi<\/title>\n<meta name=\"robots\" content=\"noindex, follow\" \/>\n<meta property=\"og:locale\" content=\"fr_FR\" \/>\n<meta property=\"og:type\" content=\"article\" \/>\n<meta property=\"og:title\" content=\"Chef de projet technique structure H\/F\" \/>\n<meta property=\"og:description\" content=\"L&rsquo;entreprise: La RIVP est un bailleur social qui emploie plus de 1 200 collaborateurs. Notre groupe immobilier a vocation de construire, de r\u00e9habiliter et de g\u00e9rer des logements, des r\u00e9sidences \u00e9tudiantes, des commerces et des bureaux pour start-up et entreprises innovantes (h\u00f4tels d&rsquo;entreprises \/ p\u00e9pini\u00e8res). A la t\u00eate d&rsquo;un patrimoine de pr\u00e8s de 68 000\" \/>\n<meta property=\"og:url\" content=\"https:\/\/www.monbailleur.fr\/offres-emploi\/poste\/chef-de-projet-technique-structure-h-f\" \/>\n<meta property=\"og:site_name\" content=\"Monbailleur.fr - Emploi\" \/>\n<meta property=\"og:image\" content=\"https:\/\/www.monbailleur.fr\/offres-emploi\/wp-content\/uploads\/2023\/06\/mon_bailleur_emploi_placeholder.png\" \/>\n\t<meta property=\"og:image:width\" content=\"512\" \/>\n\t<meta property=\"og:image:height\" content=\"512\" \/>\n\t<meta property=\"og:image:type\" content=\"image\/png\" \/>\n<meta name=\"twitter:card\" content=\"summary_large_image\" \/>\n<meta name=\"twitter:label1\" content=\"Dur\u00e9e de lecture estim\u00e9e\" \/>\n\t<meta name=\"twitter:data1\" content=\"2 minutes\" \/>\n<script type=\"application\/ld+json\" class=\"yoast-schema-graph\">{\"@context\":\"https:\/\/schema.org\",\"@graph\":[{\"@type\":\"WebPage\",\"@id\":\"https:\/\/www.monbailleur.fr\/offres-emploi\/poste\/chef-de-projet-technique-structure-h-f\",\"url\":\"https:\/\/www.monbailleur.fr\/offres-emploi\/poste\/chef-de-projet-technique-structure-h-f\",\"name\":\"Chef de projet technique structure H\/F - Monbailleur.fr - Emploi\",\"isPartOf\":{\"@id\":\"https:\/\/www.monbailleur.fr\/offres-emploi\/#website\"},\"primaryImageOfPage\":{\"@id\":\"https:\/\/www.monbailleur.fr\/offres-emploi\/poste\/chef-de-projet-technique-structure-h-f#primaryimage\"},\"image\":{\"@id\":\"https:\/\/www.monbailleur.fr\/offres-emploi\/poste\/chef-de-projet-technique-structure-h-f#primaryimage\"},\"thumbnailUrl\":\"https:\/\/www.monbailleur.fr\/offres-emploi\/wp-content\/uploads\/2023\/06\/mon_bailleur_emploi_placeholder.png\",\"datePublished\":\"2026-09-03T06:00:41+00:00\",\"breadcrumb\":{\"@id\":\"https:\/\/www.monbailleur.fr\/offres-emploi\/poste\/chef-de-projet-technique-structure-h-f#breadcrumb\"},\"inLanguage\":\"fr-FR\",\"potentialAction\":[{\"@type\":\"ReadAction\",\"target\":[\"https:\/\/www.monbailleur.fr\/offres-emploi\/poste\/chef-de-projet-technique-structure-h-f\"]}]},{\"@type\":\"ImageObject\",\"inLanguage\":\"fr-FR\",\"@id\":\"https:\/\/www.monbailleur.fr\/offres-emploi\/poste\/chef-de-projet-technique-structure-h-f#primaryimage\",\"url\":\"https:\/\/www.monbailleur.fr\/offres-emploi\/wp-content\/uploads\/2023\/06\/mon_bailleur_emploi_placeholder.png\",\"contentUrl\":\"https:\/\/www.monbailleur.fr\/offres-emploi\/wp-content\/uploads\/2023\/06\/mon_bailleur_emploi_placeholder.png\",\"width\":512,\"height\":512},{\"@type\":\"BreadcrumbList\",\"@id\":\"https:\/\/www.monbailleur.fr\/offres-emploi\/poste\/chef-de-projet-technique-structure-h-f#breadcrumb\",\"itemListElement\":[{\"@type\":\"ListItem\",\"position\":1,\"name\":\"Accueil\",\"item\":\"https:\/\/www.monbailleur.fr\/offres-emploi\/\"},{\"@type\":\"ListItem\",\"position\":2,\"name\":\"offres d\u2019emploi\",\"item\":\"https:\/\/www.monbailleur.fr\/offres-emploi\/job-listings\"},{\"@type\":\"ListItem\",\"position\":3,\"name\":\"Chef de projet technique structure H\/F\"}]},{\"@type\":\"WebSite\",\"@id\":\"https:\/\/www.monbailleur.fr\/offres-emploi\/#website\",\"url\":\"https:\/\/www.monbailleur.fr\/offres-emploi\/\",\"name\":\"Monbailleur.fr - Emploi\",\"description\":\"Les offres d&#039;emploi du logement social\",\"publisher\":{\"@id\":\"https:\/\/www.monbailleur.fr\/offres-emploi\/#organization\"},\"potentialAction\":[{\"@type\":\"SearchAction\",\"target\":{\"@type\":\"EntryPoint\",\"urlTemplate\":\"https:\/\/www.monbailleur.fr\/offres-emploi\/?s={search_term_string}\"},\"query-input\":{\"@type\":\"PropertyValueSpecification\",\"valueRequired\":true,\"valueName\":\"search_term_string\"}}],\"inLanguage\":\"fr-FR\"},{\"@type\":\"Organization\",\"@id\":\"https:\/\/www.monbailleur.fr\/offres-emploi\/#organization\",\"name\":\"Monbailleur.fr - Emploi\",\"url\":\"https:\/\/www.monbailleur.fr\/offres-emploi\/\",\"logo\":{\"@type\":\"ImageObject\",\"inLanguage\":\"fr-FR\",\"@id\":\"https:\/\/www.monbailleur.fr\/offres-emploi\/#\/schema\/logo\/image\/\",\"url\":\"https:\/\/www.monbailleur.fr\/offres-emploi\/wp-content\/uploads\/2023\/06\/MonBailleur-1200x675-1.png\",\"contentUrl\":\"https:\/\/www.monbailleur.fr\/offres-emploi\/wp-content\/uploads\/2023\/06\/MonBailleur-1200x675-1.png\",\"width\":1200,\"height\":675,\"caption\":\"Monbailleur.fr - Emploi\"},\"image\":{\"@id\":\"https:\/\/www.monbailleur.fr\/offres-emploi\/#\/schema\/logo\/image\/\"}}]}<\/script>\n<!-- \/ Yoast SEO Premium plugin. -->","yoast_head_json":{"title":"Chef de projet technique structure H\/F - Monbailleur.fr - Emploi","robots":{"index":"noindex","follow":"follow"},"og_locale":"fr_FR","og_type":"article","og_title":"Chef de projet technique structure H\/F","og_description":"L&rsquo;entreprise: La RIVP est un bailleur social qui emploie plus de 1 200 collaborateurs. Notre groupe immobilier a vocation de construire, de r\u00e9habiliter et de g\u00e9rer des logements, des r\u00e9sidences \u00e9tudiantes, des commerces et des bureaux pour start-up et entreprises innovantes (h\u00f4tels d&rsquo;entreprises \/ p\u00e9pini\u00e8res). A la t\u00eate d&rsquo;un patrimoine de pr\u00e8s de 68 000","og_url":"https:\/\/www.monbailleur.fr\/offres-emploi\/poste\/chef-de-projet-technique-structure-h-f","og_site_name":"Monbailleur.fr - Emploi","og_image":[{"width":512,"height":512,"url":"https:\/\/www.monbailleur.fr\/offres-emploi\/wp-content\/uploads\/2023\/06\/mon_bailleur_emploi_placeholder.png","type":"image\/png"}],"twitter_card":"summary_large_image","twitter_misc":{"Dur\u00e9e de lecture estim\u00e9e":"2 minutes"},"schema":{"@context":"https:\/\/schema.org","@graph":[{"@type":"WebPage","@id":"https:\/\/www.monbailleur.fr\/offres-emploi\/poste\/chef-de-projet-technique-structure-h-f","url":"https:\/\/www.monbailleur.fr\/offres-emploi\/poste\/chef-de-projet-technique-structure-h-f","name":"Chef de projet technique structure H\/F - Monbailleur.fr - Emploi","isPartOf":{"@id":"https:\/\/www.monbailleur.fr\/offres-emploi\/#website"},"primaryImageOfPage":{"@id":"https:\/\/www.monbailleur.fr\/offres-emploi\/poste\/chef-de-projet-technique-structure-h-f#primaryimage"},"image":{"@id":"https:\/\/www.monbailleur.fr\/offres-emploi\/poste\/chef-de-projet-technique-structure-h-f#primaryimage"},"thumbnailUrl":"https:\/\/www.monbailleur.fr\/offres-emploi\/wp-content\/uploads\/2023\/06\/mon_bailleur_emploi_placeholder.png","datePublished":"2026-09-03T06:00:41+00:00","breadcrumb":{"@id":"https:\/\/www.monbailleur.fr\/offres-emploi\/poste\/chef-de-projet-technique-structure-h-f#breadcrumb"},"inLanguage":"fr-FR","potentialAction":[{"@type":"ReadAction","target":["https:\/\/www.monbailleur.fr\/offres-emploi\/poste\/chef-de-projet-technique-structure-h-f"]}]},{"@type":"ImageObject","inLanguage":"fr-FR","@id":"https:\/\/www.monbailleur.fr\/offres-emploi\/poste\/chef-de-projet-technique-structure-h-f#primaryimage","url":"https:\/\/www.monbailleur.fr\/offres-emploi\/wp-content\/uploads\/2023\/06\/mon_bailleur_emploi_placeholder.png","contentUrl":"https:\/\/www.monbailleur.fr\/offres-emploi\/wp-content\/uploads\/2023\/06\/mon_bailleur_emploi_placeholder.png","width":512,"height":512},{"@type":"BreadcrumbList","@id":"https:\/\/www.monbailleur.fr\/offres-emploi\/poste\/chef-de-projet-technique-structure-h-f#breadcrumb","itemListElement":[{"@type":"ListItem","position":1,"name":"Accueil","item":"https:\/\/www.monbailleur.fr\/offres-emploi\/"},{"@type":"ListItem","position":2,"name":"offres d\u2019emploi","item":"https:\/\/www.monbailleur.fr\/offres-emploi\/job-listings"},{"@type":"ListItem","position":3,"name":"Chef de projet technique structure H\/F"}]},{"@type":"WebSite","@id":"https:\/\/www.monbailleur.fr\/offres-emploi\/#website","url":"https:\/\/www.monbailleur.fr\/offres-emploi\/","name":"Monbailleur.fr - Emploi","description":"Les offres d&#039;emploi du logement social","publisher":{"@id":"https:\/\/www.monbailleur.fr\/offres-emploi\/#organization"},"potentialAction":[{"@type":"SearchAction","target":{"@type":"EntryPoint","urlTemplate":"https:\/\/www.monbailleur.fr\/offres-emploi\/?s={search_term_string}"},"query-input":{"@type":"PropertyValueSpecification","valueRequired":true,"valueName":"search_term_string"}}],"inLanguage":"fr-FR"},{"@type":"Organization","@id":"https:\/\/www.monbailleur.fr\/offres-emploi\/#organization","name":"Monbailleur.fr - Emploi","url":"https:\/\/www.monbailleur.fr\/offres-emploi\/","logo":{"@type":"ImageObject","inLanguage":"fr-FR","@id":"https:\/\/www.monbailleur.fr\/offres-emploi\/#\/schema\/logo\/image\/","url":"https:\/\/www.monbailleur.fr\/offres-emploi\/wp-content\/uploads\/2023\/06\/MonBailleur-1200x675-1.png","contentUrl":"https:\/\/www.monbailleur.fr\/offres-emploi\/wp-content\/uploads\/2023\/06\/MonBailleur-1200x675-1.png","width":1200,"height":675,"caption":"Monbailleur.fr - Emploi"},"image":{"@id":"https:\/\/www.monbailleur.fr\/offres-emploi\/#\/schema\/logo\/image\/"}}]}},"_links":{"self":[{"href":"https:\/\/www.monbailleur.fr\/offres-emploi\/wp-json\/wp\/v2\/job-listings\/39573","targetHints":{"allow":["GET"]}}],"collection":[{"href":"https:\/\/www.monbailleur.fr\/offres-emploi\/wp-json\/wp\/v2\/job-listings"}],"about":[{"href":"https:\/\/www.monbailleur.fr\/offres-emploi\/wp-json\/wp\/v2\/types\/job_listing"}],"wp:featuredmedia":[{"embeddable":true,"href":"https:\/\/www.monbailleur.fr\/offres-emploi\/wp-json\/wp\/v2\/media\/5636"}],"wp:attachment":[{"href":"https:\/\/www.monbailleur.fr\/offres-emploi\/wp-json\/wp\/v2\/media?parent=39573"}],"wp:term":[{"taxonomy":"job_listing_category","embeddable":true,"href":"https:\/\/www.monbailleur.fr\/offres-emploi\/wp-json\/wp\/v2\/job-categories?post=39573"},{"taxonomy":"job_listing_type","embeddable":true,"href":"https:\/\/www.monbailleur.fr\/offres-emploi\/wp-json\/wp\/v2\/job-types?post=39573"}],"curies":[{"name":"wp","href":"https:\/\/api.w.org\/{rel}","templated":true}]}}