{"id":39576,"date":"2026-09-03T08:00:45","date_gmt":"2026-09-03T06:00:45","guid":{"rendered":"https:\/\/www.monbailleur.fr\/offres-emploi\/poste\/conseiller-charge-de-clientele-f-h-h-f"},"modified":"2026-09-03T08:00:45","modified_gmt":"2026-09-03T06:00:45","slug":"conseiller-charge-de-clientele-f-h-h-f","status":"publish","type":"job_listing","link":"https:\/\/www.monbailleur.fr\/offres-emploi\/poste\/conseiller-charge-de-clientele-f-h-h-f","title":{"rendered":"Conseiller \/ Charg\u00e9 de client\u00e8le F\/H H\/F"},"content":{"rendered":"<h2>L&rsquo;entreprise:<\/h2>\n<\/p>\n<p>MORBIHAN HABITAT RECHERCHE UN(E) EMPLOYE(E) D\u2019IMMEUBLES (H\/F) \u2013 CDI<\/p>\n<p>Le Morbihan est un territoire attractif, \u00e0 fort potentiel et aux enjeux majeurs.<\/p>\n<p> Pour relever les d\u00e9fis sociaux, \u00e9cologiques et d\u00e9mographiques des prochaines d\u00e9cennies, Morbihan Habitat, apporte au quotidien, au plus proche du terrain, et en respectant les sp\u00e9cificit\u00e9s de chaque territoire, des r\u00e9ponses op\u00e9rationnelles en mati\u00e8re de construction de logements sociaux, gestion locative, services de proximit\u00e9 et accompagnement social, entretien et r\u00e9habilitation du patrimoine, accession \u00e0 la propri\u00e9t\u00e9, am\u00e9nagement urbain et construction d\u2019\u00e9quipements publics.<\/p>\n<p>Notre vocation est d\u2019apporter des r\u00e9ponses innovantes en construisant mieux et plus pour le territoire.<\/p>\n<h2>Description:<\/h2>\n<\/p>\n<p>Commercialiser les logements <br \/>\uf0b7 Analyse les dossiers des demandeurs et leur situation sociale et \u00e9conomique en lien avec <br \/>le service accompagnement social de l\u2019organisme si besoin. <br \/>\uf0b7 N\u00e9gocie avec les institutionnels (communes, CCAS, Action Logement ; \u2026) pour la s\u00e9lection <br \/>des candidats <br \/>\uf0b7 S\u2019assure du respect de la r\u00e9glementation (gestion en flux, cotation\u2026). <br \/>\uf0b7 Assure les visites pr\u00e9 ou post CAL, en lien selon les secteurs avec un relai en proximit\u00e9 <br \/>(gardien.ne, responsable gardiens\u2026), <br \/>\uf0b7 Recherche, en cas de vacance de logements, des demandeurs, \u00e0 partir des informations <br \/>disponibles sur la base de donn\u00e9es commune, en mettant en ad\u00e9quation l\u2019offre et la <br \/>demande. <br \/>\uf0b7 Propose ou met en place des actions commerciales et\/ou de communication <br \/>\uf0b7 Dans le cadre des op\u00e9rations de d\u00e9molition et de relogement, communique sur la <br \/>d\u00e9marche relogement aupr\u00e8s des locataires (visite \u00e0 domicile ou petites r\u00e9unions, <br \/>coordination du calendrier : date de remise des cl\u00e9s du logement, date du <br \/>d\u00e9m\u00e9nagement), organise le lien avec les partenaires locaux et leur intervention, rend <br \/>compte au Conseil de Concertation Locative et en Commission de Coordination. <br \/>\uf0b7 Actualise et valide le maintien des demandes de logements. <br \/>Pr\u00e9parer les Commissions d\u2019Attribution de Logements (CAL) et assure la gestion locative <br \/>qui d\u00e9coule des d\u00e9cisions de la CAL de la signature du bail jusqu\u2019au d\u00e9part du locataire <br \/>\uf0b7 Pr\u00e9pare les dossiers pr\u00e9sent\u00e9s en Commission d\u2019Attribution des logements, en fonction des <br \/>crit\u00e8res pr\u00e9d\u00e9termin\u00e9s et les documents n\u00e9cessaires \u00e0 l\u2019attribution du logement. R\u00e9pond <br \/>aux candidats non retenus. <br \/>\uf0b7 Assure la signature du bail, coordonne la proc\u00e9dure d\u2019entr\u00e9e en lien avec l\u2019\u00e9quipe <br \/>proximit\u00e9 (planification des dates d\u2019\u00e9tat des lieux), et le suivi administratif li\u00e9 \u00e0 l\u2019entr\u00e9e dans les lieux : dossiers d&rsquo;Aide Personnalis\u00e9e au Logement (APL), assurances, FSL, <br \/>encaissement du d\u00e9p\u00f4t de garantie\u2026.. <br \/>\uf0b7 G\u00e8re directement les r\u00e9servations (gestion des logements prioritaires avec des organismes <br \/>r\u00e9servataires) et l&rsquo;attribution des garages et des parkings, <br \/>\uf0b7 En cas de d\u00e9part du locataire, coordonne la proc\u00e9dure de sortie en lien avec l\u2019\u00e9quipe <br \/>proximit\u00e9 (planification des dates d\u2019\u00e9tat des lieux) et s\u2019assure du d\u00e9compte d\u00e9finitif du <br \/>locataire. <br \/>\uf0b7 Renseigne les tableaux de bord de suivi des indicateurs. <br \/>Accompagne les familles dans le processus de relogement d\u00e9finitif : <br \/>\uf0b7 Contribue et\/ou accompagne les locataires en cas de relogement dans le cadre des <br \/>op\u00e9rations de Renouvellement urbain et des projets de r\u00e9habilitation : enqu\u00eate sociale, <br \/>relogement, pr\u00e9paration de la CAL pour le relogement, propositions de logement et visites, <br \/>\u00e9tats des lieux de sortie, signature de baux, accompagnement du locataire pour le <br \/>d\u00e9m\u00e9nagement. <\/p>\n<h2>Profil:<\/h2>\n<\/p>\n<p>&#8211; Maitriser les r\u00e8gles de la gestion locative.<br \/>&#8211; Connait l&rsquo;organisation de l\u2019entreprise et de ses m\u00e9tiers.<br \/>&#8211; Connait le patrimoine. <br \/>&#8211; Connait les proc\u00e9dures professionnelles li\u00e9es \u00e0 son m\u00e9tier. <br \/>&#8211; Fait preuve de discernement dans le traitement de la demande en fonction de sa nature et de <br \/>l\u2019interlocuteur interne et externe.<br \/>&#8211; Sait formaliser l\u2019information dans un cadre professionnel (au sein du service ou de la <br \/>direction et avec les interlocuteurs internes et externes).<br \/>&#8211; Savoir adapter sa communication \u00e0 son interlocuteur. <br \/>&#8211; Utiliser des applicatifs informatiques.<\/p>\n<h3>Temps de travail<\/h3>\n<p>Temps plein <\/p>\n<h3> Organisme <\/h3>\n<p> <span id=\"ctl00_ctl00_AspMainContent_MainContent_MasterPageSettingsView_ctl03_ctl01_fldEntityDescriptionFormat_lblContentText\"><span id=\"ctl00_MainContent_DescriptionEntityEdit_SubForm1_ctl01_Field1_ctl00_lblEntityFormat\">MORBIHAN HABITAT <\/span><br \/><\/span><\/p>\n","protected":false},"author":0,"featured_media":5636,"template":"","meta":{"_promoted":"","_job_location":"France, Bretagne, Morbihan (56) VANNES","_application":"https:\/\/les-hlm-recrutent.talent-soft.com\/offre-de-emploi\/emploi-conseiller-charge-de-clientele-f-h-h-f_70593.aspx?utm_source=monbailleur.fr","_company_name":"MORBIHAN HABITAT","_company_website":"","_company_tagline":"","_company_twitter":"","_company_video":"","_filled":0,"_featured":0,"_remote_position":0,"_job_salary":"","_job_salary_currency":"","_job_salary_unit":""},"job-categories":[78],"job-types":[63],"class_list":["post-39576","job_listing","type-job_listing","status-publish","has-post-thumbnail","hentry","job_listing_category-autres","job_listing_type-cdi","job-type-cdi"],"yoast_head":"<!-- This site is optimized with the Yoast SEO Premium plugin v22.4 (Yoast SEO v25.1) - https:\/\/yoast.com\/wordpress\/plugins\/seo\/ -->\n<title>Conseiller \/ Charg\u00e9 de client\u00e8le F\/H H\/F - Monbailleur.fr - Emploi<\/title>\n<meta name=\"robots\" content=\"noindex, follow\" \/>\n<meta property=\"og:locale\" content=\"fr_FR\" \/>\n<meta property=\"og:type\" content=\"article\" \/>\n<meta property=\"og:title\" content=\"Conseiller \/ Charg\u00e9 de client\u00e8le F\/H H\/F\" \/>\n<meta property=\"og:description\" content=\"L&rsquo;entreprise: MORBIHAN HABITAT RECHERCHE UN(E) EMPLOYE(E) D\u2019IMMEUBLES (H\/F) \u2013 CDI Le Morbihan est un territoire attractif, \u00e0 fort potentiel et aux enjeux majeurs. Pour relever les d\u00e9fis sociaux, \u00e9cologiques et d\u00e9mographiques des prochaines d\u00e9cennies, Morbihan Habitat, apporte au quotidien, au plus proche du terrain, et en respectant les sp\u00e9cificit\u00e9s de chaque territoire, des r\u00e9ponses op\u00e9rationnelles\" \/>\n<meta property=\"og:url\" content=\"https:\/\/www.monbailleur.fr\/offres-emploi\/poste\/conseiller-charge-de-clientele-f-h-h-f\" \/>\n<meta property=\"og:site_name\" content=\"Monbailleur.fr - Emploi\" \/>\n<meta property=\"og:image\" content=\"https:\/\/www.monbailleur.fr\/offres-emploi\/wp-content\/uploads\/2023\/06\/mon_bailleur_emploi_placeholder.png\" \/>\n\t<meta property=\"og:image:width\" content=\"512\" \/>\n\t<meta property=\"og:image:height\" content=\"512\" \/>\n\t<meta property=\"og:image:type\" content=\"image\/png\" \/>\n<meta name=\"twitter:card\" content=\"summary_large_image\" \/>\n<meta name=\"twitter:label1\" content=\"Dur\u00e9e de lecture estim\u00e9e\" \/>\n\t<meta name=\"twitter:data1\" content=\"3 minutes\" \/>\n<script type=\"application\/ld+json\" class=\"yoast-schema-graph\">{\"@context\":\"https:\/\/schema.org\",\"@graph\":[{\"@type\":\"WebPage\",\"@id\":\"https:\/\/www.monbailleur.fr\/offres-emploi\/poste\/conseiller-charge-de-clientele-f-h-h-f\",\"url\":\"https:\/\/www.monbailleur.fr\/offres-emploi\/poste\/conseiller-charge-de-clientele-f-h-h-f\",\"name\":\"Conseiller \/ Charg\u00e9 de client\u00e8le F\/H H\/F - Monbailleur.fr - Emploi\",\"isPartOf\":{\"@id\":\"https:\/\/www.monbailleur.fr\/offres-emploi\/#website\"},\"primaryImageOfPage\":{\"@id\":\"https:\/\/www.monbailleur.fr\/offres-emploi\/poste\/conseiller-charge-de-clientele-f-h-h-f#primaryimage\"},\"image\":{\"@id\":\"https:\/\/www.monbailleur.fr\/offres-emploi\/poste\/conseiller-charge-de-clientele-f-h-h-f#primaryimage\"},\"thumbnailUrl\":\"https:\/\/www.monbailleur.fr\/offres-emploi\/wp-content\/uploads\/2023\/06\/mon_bailleur_emploi_placeholder.png\",\"datePublished\":\"2026-09-03T06:00:45+00:00\",\"breadcrumb\":{\"@id\":\"https:\/\/www.monbailleur.fr\/offres-emploi\/poste\/conseiller-charge-de-clientele-f-h-h-f#breadcrumb\"},\"inLanguage\":\"fr-FR\",\"potentialAction\":[{\"@type\":\"ReadAction\",\"target\":[\"https:\/\/www.monbailleur.fr\/offres-emploi\/poste\/conseiller-charge-de-clientele-f-h-h-f\"]}]},{\"@type\":\"ImageObject\",\"inLanguage\":\"fr-FR\",\"@id\":\"https:\/\/www.monbailleur.fr\/offres-emploi\/poste\/conseiller-charge-de-clientele-f-h-h-f#primaryimage\",\"url\":\"https:\/\/www.monbailleur.fr\/offres-emploi\/wp-content\/uploads\/2023\/06\/mon_bailleur_emploi_placeholder.png\",\"contentUrl\":\"https:\/\/www.monbailleur.fr\/offres-emploi\/wp-content\/uploads\/2023\/06\/mon_bailleur_emploi_placeholder.png\",\"width\":512,\"height\":512},{\"@type\":\"BreadcrumbList\",\"@id\":\"https:\/\/www.monbailleur.fr\/offres-emploi\/poste\/conseiller-charge-de-clientele-f-h-h-f#breadcrumb\",\"itemListElement\":[{\"@type\":\"ListItem\",\"position\":1,\"name\":\"Accueil\",\"item\":\"https:\/\/www.monbailleur.fr\/offres-emploi\/\"},{\"@type\":\"ListItem\",\"position\":2,\"name\":\"offres d\u2019emploi\",\"item\":\"https:\/\/www.monbailleur.fr\/offres-emploi\/job-listings\"},{\"@type\":\"ListItem\",\"position\":3,\"name\":\"Conseiller \/ Charg\u00e9 de client\u00e8le F\/H H\/F\"}]},{\"@type\":\"WebSite\",\"@id\":\"https:\/\/www.monbailleur.fr\/offres-emploi\/#website\",\"url\":\"https:\/\/www.monbailleur.fr\/offres-emploi\/\",\"name\":\"Monbailleur.fr - Emploi\",\"description\":\"Les offres d&#039;emploi du logement social\",\"publisher\":{\"@id\":\"https:\/\/www.monbailleur.fr\/offres-emploi\/#organization\"},\"potentialAction\":[{\"@type\":\"SearchAction\",\"target\":{\"@type\":\"EntryPoint\",\"urlTemplate\":\"https:\/\/www.monbailleur.fr\/offres-emploi\/?s={search_term_string}\"},\"query-input\":{\"@type\":\"PropertyValueSpecification\",\"valueRequired\":true,\"valueName\":\"search_term_string\"}}],\"inLanguage\":\"fr-FR\"},{\"@type\":\"Organization\",\"@id\":\"https:\/\/www.monbailleur.fr\/offres-emploi\/#organization\",\"name\":\"Monbailleur.fr - Emploi\",\"url\":\"https:\/\/www.monbailleur.fr\/offres-emploi\/\",\"logo\":{\"@type\":\"ImageObject\",\"inLanguage\":\"fr-FR\",\"@id\":\"https:\/\/www.monbailleur.fr\/offres-emploi\/#\/schema\/logo\/image\/\",\"url\":\"https:\/\/www.monbailleur.fr\/offres-emploi\/wp-content\/uploads\/2023\/06\/MonBailleur-1200x675-1.png\",\"contentUrl\":\"https:\/\/www.monbailleur.fr\/offres-emploi\/wp-content\/uploads\/2023\/06\/MonBailleur-1200x675-1.png\",\"width\":1200,\"height\":675,\"caption\":\"Monbailleur.fr - Emploi\"},\"image\":{\"@id\":\"https:\/\/www.monbailleur.fr\/offres-emploi\/#\/schema\/logo\/image\/\"}}]}<\/script>\n<!-- \/ Yoast SEO Premium plugin. -->","yoast_head_json":{"title":"Conseiller \/ Charg\u00e9 de client\u00e8le F\/H H\/F - Monbailleur.fr - Emploi","robots":{"index":"noindex","follow":"follow"},"og_locale":"fr_FR","og_type":"article","og_title":"Conseiller \/ Charg\u00e9 de client\u00e8le F\/H H\/F","og_description":"L&rsquo;entreprise: MORBIHAN HABITAT RECHERCHE UN(E) EMPLOYE(E) D\u2019IMMEUBLES (H\/F) \u2013 CDI Le Morbihan est un territoire attractif, \u00e0 fort potentiel et aux enjeux majeurs. Pour relever les d\u00e9fis sociaux, \u00e9cologiques et d\u00e9mographiques des prochaines d\u00e9cennies, Morbihan Habitat, apporte au quotidien, au plus proche du terrain, et en respectant les sp\u00e9cificit\u00e9s de chaque territoire, des r\u00e9ponses op\u00e9rationnelles","og_url":"https:\/\/www.monbailleur.fr\/offres-emploi\/poste\/conseiller-charge-de-clientele-f-h-h-f","og_site_name":"Monbailleur.fr - Emploi","og_image":[{"width":512,"height":512,"url":"https:\/\/www.monbailleur.fr\/offres-emploi\/wp-content\/uploads\/2023\/06\/mon_bailleur_emploi_placeholder.png","type":"image\/png"}],"twitter_card":"summary_large_image","twitter_misc":{"Dur\u00e9e de lecture estim\u00e9e":"3 minutes"},"schema":{"@context":"https:\/\/schema.org","@graph":[{"@type":"WebPage","@id":"https:\/\/www.monbailleur.fr\/offres-emploi\/poste\/conseiller-charge-de-clientele-f-h-h-f","url":"https:\/\/www.monbailleur.fr\/offres-emploi\/poste\/conseiller-charge-de-clientele-f-h-h-f","name":"Conseiller \/ Charg\u00e9 de client\u00e8le F\/H H\/F - Monbailleur.fr - Emploi","isPartOf":{"@id":"https:\/\/www.monbailleur.fr\/offres-emploi\/#website"},"primaryImageOfPage":{"@id":"https:\/\/www.monbailleur.fr\/offres-emploi\/poste\/conseiller-charge-de-clientele-f-h-h-f#primaryimage"},"image":{"@id":"https:\/\/www.monbailleur.fr\/offres-emploi\/poste\/conseiller-charge-de-clientele-f-h-h-f#primaryimage"},"thumbnailUrl":"https:\/\/www.monbailleur.fr\/offres-emploi\/wp-content\/uploads\/2023\/06\/mon_bailleur_emploi_placeholder.png","datePublished":"2026-09-03T06:00:45+00:00","breadcrumb":{"@id":"https:\/\/www.monbailleur.fr\/offres-emploi\/poste\/conseiller-charge-de-clientele-f-h-h-f#breadcrumb"},"inLanguage":"fr-FR","potentialAction":[{"@type":"ReadAction","target":["https:\/\/www.monbailleur.fr\/offres-emploi\/poste\/conseiller-charge-de-clientele-f-h-h-f"]}]},{"@type":"ImageObject","inLanguage":"fr-FR","@id":"https:\/\/www.monbailleur.fr\/offres-emploi\/poste\/conseiller-charge-de-clientele-f-h-h-f#primaryimage","url":"https:\/\/www.monbailleur.fr\/offres-emploi\/wp-content\/uploads\/2023\/06\/mon_bailleur_emploi_placeholder.png","contentUrl":"https:\/\/www.monbailleur.fr\/offres-emploi\/wp-content\/uploads\/2023\/06\/mon_bailleur_emploi_placeholder.png","width":512,"height":512},{"@type":"BreadcrumbList","@id":"https:\/\/www.monbailleur.fr\/offres-emploi\/poste\/conseiller-charge-de-clientele-f-h-h-f#breadcrumb","itemListElement":[{"@type":"ListItem","position":1,"name":"Accueil","item":"https:\/\/www.monbailleur.fr\/offres-emploi\/"},{"@type":"ListItem","position":2,"name":"offres d\u2019emploi","item":"https:\/\/www.monbailleur.fr\/offres-emploi\/job-listings"},{"@type":"ListItem","position":3,"name":"Conseiller \/ Charg\u00e9 de client\u00e8le F\/H H\/F"}]},{"@type":"WebSite","@id":"https:\/\/www.monbailleur.fr\/offres-emploi\/#website","url":"https:\/\/www.monbailleur.fr\/offres-emploi\/","name":"Monbailleur.fr - Emploi","description":"Les offres d&#039;emploi du logement social","publisher":{"@id":"https:\/\/www.monbailleur.fr\/offres-emploi\/#organization"},"potentialAction":[{"@type":"SearchAction","target":{"@type":"EntryPoint","urlTemplate":"https:\/\/www.monbailleur.fr\/offres-emploi\/?s={search_term_string}"},"query-input":{"@type":"PropertyValueSpecification","valueRequired":true,"valueName":"search_term_string"}}],"inLanguage":"fr-FR"},{"@type":"Organization","@id":"https:\/\/www.monbailleur.fr\/offres-emploi\/#organization","name":"Monbailleur.fr - Emploi","url":"https:\/\/www.monbailleur.fr\/offres-emploi\/","logo":{"@type":"ImageObject","inLanguage":"fr-FR","@id":"https:\/\/www.monbailleur.fr\/offres-emploi\/#\/schema\/logo\/image\/","url":"https:\/\/www.monbailleur.fr\/offres-emploi\/wp-content\/uploads\/2023\/06\/MonBailleur-1200x675-1.png","contentUrl":"https:\/\/www.monbailleur.fr\/offres-emploi\/wp-content\/uploads\/2023\/06\/MonBailleur-1200x675-1.png","width":1200,"height":675,"caption":"Monbailleur.fr - Emploi"},"image":{"@id":"https:\/\/www.monbailleur.fr\/offres-emploi\/#\/schema\/logo\/image\/"}}]}},"_links":{"self":[{"href":"https:\/\/www.monbailleur.fr\/offres-emploi\/wp-json\/wp\/v2\/job-listings\/39576","targetHints":{"allow":["GET"]}}],"collection":[{"href":"https:\/\/www.monbailleur.fr\/offres-emploi\/wp-json\/wp\/v2\/job-listings"}],"about":[{"href":"https:\/\/www.monbailleur.fr\/offres-emploi\/wp-json\/wp\/v2\/types\/job_listing"}],"wp:featuredmedia":[{"embeddable":true,"href":"https:\/\/www.monbailleur.fr\/offres-emploi\/wp-json\/wp\/v2\/media\/5636"}],"wp:attachment":[{"href":"https:\/\/www.monbailleur.fr\/offres-emploi\/wp-json\/wp\/v2\/media?parent=39576"}],"wp:term":[{"taxonomy":"job_listing_category","embeddable":true,"href":"https:\/\/www.monbailleur.fr\/offres-emploi\/wp-json\/wp\/v2\/job-categories?post=39576"},{"taxonomy":"job_listing_type","embeddable":true,"href":"https:\/\/www.monbailleur.fr\/offres-emploi\/wp-json\/wp\/v2\/job-types?post=39576"}],"curies":[{"name":"wp","href":"https:\/\/api.w.org\/{rel}","templated":true}]}}