{"id":39616,"date":"2026-09-05T08:00:09","date_gmt":"2026-09-05T06:00:09","guid":{"rendered":"https:\/\/www.monbailleur.fr\/offres-emploi\/poste\/responsable-du-pole-exploitation-maintenance-h-f"},"modified":"2026-09-05T08:00:09","modified_gmt":"2026-09-05T06:00:09","slug":"responsable-du-pole-exploitation-maintenance-h-f","status":"publish","type":"job_listing","link":"https:\/\/www.monbailleur.fr\/offres-emploi\/poste\/responsable-du-pole-exploitation-maintenance-h-f","title":{"rendered":"Responsable du p\u00f4le Exploitation \u2013 Maintenance H\/F"},"content":{"rendered":"<h2>L&rsquo;entreprise:<\/h2>\n<p>Action Logement Groupe d\u00e9termine les orientations strat\u00e9giques du groupe Action Logement, les conditions d&#8217;emploi des ressources financi\u00e8res, et veille \u00e0 ce que les aides et les services soient distribu\u00e9s avec \u00e9quit\u00e9 entre les personnes \u00e9ligibles, dans tous les territoires.<\/p>\n<h2>Description:<\/h2>\n<\/p>\n<p style=\"text-align: justify\">Alliade Habitat, Entreprise Sociale pour l\u2019Habitat, filiale du groupe Action Logement, est le premier bailleur en r\u00e9gion Auvergne Rh\u00f4ne-Alpes avec un patrimoine de pr\u00e8s de 60 000 logements, une production annuelle de pr\u00e8s de 2 000 logements et 1 000 collaborateurs qui \u0153uvrent chaque jour au mieux vivre ensemble.<\/p>\n<p style=\"text-align: justify\">\n<p style=\"text-align: justify\">Rattach\u00e9 au Directeur Patrimoine et Maitrise d\u2019ouvrage, vous pilotez la performance technique, contractuelle et \u00e9conomique de l\u2019exploitation et de la maintenance du patrimoine, dans une logique de pilotage de prestataires et de contrats.<\/p>\n<p style=\"text-align: justify\">\n<p style=\"text-align: justify\">Vos missions seront les suivantes :<\/p>\n<p style=\"text-align: justify\">\n<p style=\"text-align: justify\"><strong>  Pilotage des contrats d\u2019exploitation des \u00e9quipements<\/strong><\/p>\n<ul>\n<li style=\"text-align: justify\">Piloter les prestataires titulaires des contrats d\u2019exploitation et de maintenance<br \/>(chauffage\/ECS\/VMC, ascenseurs, comptage et fluides\u2026).<\/li>\n<li style=\"text-align: justify\">Garantir le respect des engagements contractuels<\/li>\n<li style=\"text-align: justify\">Animer les comit\u00e9s de pilotage des contrats et les relations avec les prestataires.<\/li>\n<li style=\"text-align: justify\">Participer \u00e0 la d\u00e9finition, \u00e0 l\u2019\u00e9volution et au renouvellement des march\u00e9s <\/li>\n<\/ul>\n<p style=\"text-align: justify\"><strong> \ufe0f Pilotage des contrats de maintenance et march\u00e9s \u00e0 bon de commande<\/strong><\/p>\n<ul>\n<li style=\"text-align: justify\">Piloter les march\u00e9s de maintenance<\/li>\n<li style=\"text-align: justify\">Suivre les indicateurs de performance <\/li>\n<\/ul>\n<p style=\"text-align: justify\"><strong>  Lien avec les agences de gestion locative<\/strong><\/p>\n<ul>\n<li style=\"text-align: justify\">Assurer un pilotage fonctionnel des contrats utilis\u00e9s au quotidien par les agences,<\/li>\n<li style=\"text-align: justify\">D\u00e9finir et diffuser les r\u00e8gles d\u2019usage des march\u00e9s<\/li>\n<li style=\"text-align: justify\">Appuyer les \u00e9quipes de proximit\u00e9 sur les situations complexes ou sensibles. <\/li>\n<\/ul>\n<p style=\"text-align: justify\"><strong>  Pilotage des outils de suivi et de reporting<\/strong><\/p>\n<ul>\n<li style=\"text-align: justify\">Garantir la fiabilit\u00e9 et la coh\u00e9rence des donn\u00e9es techniques et \u00e9nerg\u00e9tiques.<\/li>\n<li style=\"text-align: justify\">Produire et analyser les indicateurs n\u00e9cessaires au pilotage de l\u2019activit\u00e9 <\/li>\n<\/ul>\n<p style=\"text-align: justify\">\n<p style=\"text-align: justify\"><strong>  Management, organisation et am\u00e9lioration continue<\/strong><\/p>\n<ul>\n<li style=\"text-align: justify\">Encadrer et animer l\u2019\u00e9quipe du p\u00f4le (experts, techniciens, assistants, charg\u00e9 de<br \/>mission).<\/li>\n<li style=\"text-align: justify\">Contribuer \u00e0 l\u2019am\u00e9lioration continue des processus,<\/li>\n<li style=\"text-align: justify\">Participer \u00e0 la structuration et \u00e0 la s\u00e9curisation des pratiques d\u2019exploitation au sein d\u2019Alliade Habitat<\/li>\n<\/ul>\n<h2>Profil:<\/h2>\n<\/p>\n<p>Vous disposez d\u2019une solide expertise en pilotage de contrats techniques et de prestataires, id\u00e9alement dans les domaines de la maintenance, du CVC, des ascenseurs ou de l\u2019\u00e9nergie.<\/p>\n<\/p>\n<p>\u00c0 l\u2019aise avec les march\u00e9s \u00e0 bons de commande, les indicateurs de performance et l\u2019analyse technico-\u00e9conomique, vous savez structurer les pratiques et s\u00e9curiser la qualit\u00e9 de service.<\/p>\n<\/p>\n<p>Reconnu(e) pour votre rigueur, votre leadership et votre sens du service, vous savez f\u00e9d\u00e9rer les \u00e9quipes, travailler en transverse avec les agences et prestataires, et arbitrer avec justesse dans une logique d\u2019am\u00e9lioration continue.<\/p>\n<\/p>\n<p>Permis B obligatoire <\/p>\n<h3>Niveau de dipl\u00f4me:<\/h3>\n<p> BAC + 3 (Licence, Pr\u00e9pa)<\/p>\n<h3>Sp\u00e9cialisations:<\/h3>\n<p>G\u00e9nie civil\/B\u00e2timent et Travaux Publics<\/p>\n","protected":false},"author":0,"featured_media":3646,"template":"","meta":{"_promoted":"","_job_location":"France, Auvergne-Rh\u00f4ne-Alpes, 69 - Rh\u00f4ne Lyon 7","_application":"https:\/\/actionlogement-recrute.talent-soft.com\/offre-de-emploi\/emploi-responsable-du-pole-exploitation-maintenance-h-f_18007.aspx?utm_source=monbailleur.fr","_company_name":"Action Logement","_company_website":"https:\/\/actionlogement-recrute.talent-soft.com\/","_company_tagline":"","_company_twitter":"","_company_video":"","_filled":0,"_featured":0,"_remote_position":0,"_job_salary":"","_job_salary_currency":"","_job_salary_unit":""},"job-categories":[78],"job-types":[63],"class_list":["post-39616","job_listing","type-job_listing","status-publish","has-post-thumbnail","hentry","job_listing_category-autres","job_listing_type-cdi","job-type-cdi"],"yoast_head":"<!-- This site is optimized with the Yoast SEO Premium plugin v22.4 (Yoast SEO v25.1) - https:\/\/yoast.com\/wordpress\/plugins\/seo\/ -->\n<title>Responsable du p\u00f4le Exploitation \u2013 Maintenance H\/F - Monbailleur.fr - Emploi<\/title>\n<meta name=\"robots\" content=\"noindex, follow\" \/>\n<meta property=\"og:locale\" content=\"fr_FR\" \/>\n<meta property=\"og:type\" content=\"article\" \/>\n<meta property=\"og:title\" content=\"Responsable du p\u00f4le Exploitation \u2013 Maintenance H\/F\" \/>\n<meta property=\"og:description\" content=\"L&rsquo;entreprise: Action Logement Groupe d\u00e9termine les orientations strat\u00e9giques du groupe Action Logement, les conditions d&#8217;emploi des ressources financi\u00e8res, et veille \u00e0 ce que les aides et les services soient distribu\u00e9s avec \u00e9quit\u00e9 entre les personnes \u00e9ligibles, dans tous les territoires. Description: Alliade Habitat, Entreprise Sociale pour l\u2019Habitat, filiale du groupe Action Logement, est le premier\" \/>\n<meta property=\"og:url\" content=\"https:\/\/www.monbailleur.fr\/offres-emploi\/poste\/responsable-du-pole-exploitation-maintenance-h-f\" \/>\n<meta property=\"og:site_name\" content=\"Monbailleur.fr - Emploi\" \/>\n<meta property=\"og:image\" content=\"https:\/\/www.monbailleur.fr\/offres-emploi\/wp-content\/uploads\/2023\/06\/action-logement.png\" \/>\n\t<meta property=\"og:image:width\" content=\"175\" \/>\n\t<meta property=\"og:image:height\" content=\"200\" \/>\n\t<meta property=\"og:image:type\" content=\"image\/png\" \/>\n<meta name=\"twitter:card\" content=\"summary_large_image\" \/>\n<meta name=\"twitter:label1\" content=\"Dur\u00e9e de lecture estim\u00e9e\" \/>\n\t<meta name=\"twitter:data1\" content=\"2 minutes\" \/>\n<script type=\"application\/ld+json\" class=\"yoast-schema-graph\">{\"@context\":\"https:\/\/schema.org\",\"@graph\":[{\"@type\":\"WebPage\",\"@id\":\"https:\/\/www.monbailleur.fr\/offres-emploi\/poste\/responsable-du-pole-exploitation-maintenance-h-f\",\"url\":\"https:\/\/www.monbailleur.fr\/offres-emploi\/poste\/responsable-du-pole-exploitation-maintenance-h-f\",\"name\":\"Responsable du p\u00f4le Exploitation \u2013 Maintenance H\/F - Monbailleur.fr - Emploi\",\"isPartOf\":{\"@id\":\"https:\/\/www.monbailleur.fr\/offres-emploi\/#website\"},\"primaryImageOfPage\":{\"@id\":\"https:\/\/www.monbailleur.fr\/offres-emploi\/poste\/responsable-du-pole-exploitation-maintenance-h-f#primaryimage\"},\"image\":{\"@id\":\"https:\/\/www.monbailleur.fr\/offres-emploi\/poste\/responsable-du-pole-exploitation-maintenance-h-f#primaryimage\"},\"thumbnailUrl\":\"https:\/\/www.monbailleur.fr\/offres-emploi\/wp-content\/uploads\/2023\/06\/action-logement.png\",\"datePublished\":\"2026-09-05T06:00:09+00:00\",\"breadcrumb\":{\"@id\":\"https:\/\/www.monbailleur.fr\/offres-emploi\/poste\/responsable-du-pole-exploitation-maintenance-h-f#breadcrumb\"},\"inLanguage\":\"fr-FR\",\"potentialAction\":[{\"@type\":\"ReadAction\",\"target\":[\"https:\/\/www.monbailleur.fr\/offres-emploi\/poste\/responsable-du-pole-exploitation-maintenance-h-f\"]}]},{\"@type\":\"ImageObject\",\"inLanguage\":\"fr-FR\",\"@id\":\"https:\/\/www.monbailleur.fr\/offres-emploi\/poste\/responsable-du-pole-exploitation-maintenance-h-f#primaryimage\",\"url\":\"https:\/\/www.monbailleur.fr\/offres-emploi\/wp-content\/uploads\/2023\/06\/action-logement.png\",\"contentUrl\":\"https:\/\/www.monbailleur.fr\/offres-emploi\/wp-content\/uploads\/2023\/06\/action-logement.png\",\"width\":175,\"height\":200},{\"@type\":\"BreadcrumbList\",\"@id\":\"https:\/\/www.monbailleur.fr\/offres-emploi\/poste\/responsable-du-pole-exploitation-maintenance-h-f#breadcrumb\",\"itemListElement\":[{\"@type\":\"ListItem\",\"position\":1,\"name\":\"Accueil\",\"item\":\"https:\/\/www.monbailleur.fr\/offres-emploi\/\"},{\"@type\":\"ListItem\",\"position\":2,\"name\":\"offres d\u2019emploi\",\"item\":\"https:\/\/www.monbailleur.fr\/offres-emploi\/job-listings\"},{\"@type\":\"ListItem\",\"position\":3,\"name\":\"Responsable du p\u00f4le Exploitation \u2013 Maintenance H\/F\"}]},{\"@type\":\"WebSite\",\"@id\":\"https:\/\/www.monbailleur.fr\/offres-emploi\/#website\",\"url\":\"https:\/\/www.monbailleur.fr\/offres-emploi\/\",\"name\":\"Monbailleur.fr - Emploi\",\"description\":\"Les offres d&#039;emploi du logement social\",\"publisher\":{\"@id\":\"https:\/\/www.monbailleur.fr\/offres-emploi\/#organization\"},\"potentialAction\":[{\"@type\":\"SearchAction\",\"target\":{\"@type\":\"EntryPoint\",\"urlTemplate\":\"https:\/\/www.monbailleur.fr\/offres-emploi\/?s={search_term_string}\"},\"query-input\":{\"@type\":\"PropertyValueSpecification\",\"valueRequired\":true,\"valueName\":\"search_term_string\"}}],\"inLanguage\":\"fr-FR\"},{\"@type\":\"Organization\",\"@id\":\"https:\/\/www.monbailleur.fr\/offres-emploi\/#organization\",\"name\":\"Monbailleur.fr - Emploi\",\"url\":\"https:\/\/www.monbailleur.fr\/offres-emploi\/\",\"logo\":{\"@type\":\"ImageObject\",\"inLanguage\":\"fr-FR\",\"@id\":\"https:\/\/www.monbailleur.fr\/offres-emploi\/#\/schema\/logo\/image\/\",\"url\":\"https:\/\/www.monbailleur.fr\/offres-emploi\/wp-content\/uploads\/2023\/06\/MonBailleur-1200x675-1.png\",\"contentUrl\":\"https:\/\/www.monbailleur.fr\/offres-emploi\/wp-content\/uploads\/2023\/06\/MonBailleur-1200x675-1.png\",\"width\":1200,\"height\":675,\"caption\":\"Monbailleur.fr - Emploi\"},\"image\":{\"@id\":\"https:\/\/www.monbailleur.fr\/offres-emploi\/#\/schema\/logo\/image\/\"}}]}<\/script>\n<!-- \/ Yoast SEO Premium plugin. -->","yoast_head_json":{"title":"Responsable du p\u00f4le Exploitation \u2013 Maintenance H\/F - Monbailleur.fr - Emploi","robots":{"index":"noindex","follow":"follow"},"og_locale":"fr_FR","og_type":"article","og_title":"Responsable du p\u00f4le Exploitation \u2013 Maintenance H\/F","og_description":"L&rsquo;entreprise: Action Logement Groupe d\u00e9termine les orientations strat\u00e9giques du groupe Action Logement, les conditions d&#8217;emploi des ressources financi\u00e8res, et veille \u00e0 ce que les aides et les services soient distribu\u00e9s avec \u00e9quit\u00e9 entre les personnes \u00e9ligibles, dans tous les territoires. Description: Alliade Habitat, Entreprise Sociale pour l\u2019Habitat, filiale du groupe Action Logement, est le premier","og_url":"https:\/\/www.monbailleur.fr\/offres-emploi\/poste\/responsable-du-pole-exploitation-maintenance-h-f","og_site_name":"Monbailleur.fr - Emploi","og_image":[{"width":175,"height":200,"url":"https:\/\/www.monbailleur.fr\/offres-emploi\/wp-content\/uploads\/2023\/06\/action-logement.png","type":"image\/png"}],"twitter_card":"summary_large_image","twitter_misc":{"Dur\u00e9e de lecture estim\u00e9e":"2 minutes"},"schema":{"@context":"https:\/\/schema.org","@graph":[{"@type":"WebPage","@id":"https:\/\/www.monbailleur.fr\/offres-emploi\/poste\/responsable-du-pole-exploitation-maintenance-h-f","url":"https:\/\/www.monbailleur.fr\/offres-emploi\/poste\/responsable-du-pole-exploitation-maintenance-h-f","name":"Responsable du p\u00f4le Exploitation \u2013 Maintenance H\/F - Monbailleur.fr - Emploi","isPartOf":{"@id":"https:\/\/www.monbailleur.fr\/offres-emploi\/#website"},"primaryImageOfPage":{"@id":"https:\/\/www.monbailleur.fr\/offres-emploi\/poste\/responsable-du-pole-exploitation-maintenance-h-f#primaryimage"},"image":{"@id":"https:\/\/www.monbailleur.fr\/offres-emploi\/poste\/responsable-du-pole-exploitation-maintenance-h-f#primaryimage"},"thumbnailUrl":"https:\/\/www.monbailleur.fr\/offres-emploi\/wp-content\/uploads\/2023\/06\/action-logement.png","datePublished":"2026-09-05T06:00:09+00:00","breadcrumb":{"@id":"https:\/\/www.monbailleur.fr\/offres-emploi\/poste\/responsable-du-pole-exploitation-maintenance-h-f#breadcrumb"},"inLanguage":"fr-FR","potentialAction":[{"@type":"ReadAction","target":["https:\/\/www.monbailleur.fr\/offres-emploi\/poste\/responsable-du-pole-exploitation-maintenance-h-f"]}]},{"@type":"ImageObject","inLanguage":"fr-FR","@id":"https:\/\/www.monbailleur.fr\/offres-emploi\/poste\/responsable-du-pole-exploitation-maintenance-h-f#primaryimage","url":"https:\/\/www.monbailleur.fr\/offres-emploi\/wp-content\/uploads\/2023\/06\/action-logement.png","contentUrl":"https:\/\/www.monbailleur.fr\/offres-emploi\/wp-content\/uploads\/2023\/06\/action-logement.png","width":175,"height":200},{"@type":"BreadcrumbList","@id":"https:\/\/www.monbailleur.fr\/offres-emploi\/poste\/responsable-du-pole-exploitation-maintenance-h-f#breadcrumb","itemListElement":[{"@type":"ListItem","position":1,"name":"Accueil","item":"https:\/\/www.monbailleur.fr\/offres-emploi\/"},{"@type":"ListItem","position":2,"name":"offres d\u2019emploi","item":"https:\/\/www.monbailleur.fr\/offres-emploi\/job-listings"},{"@type":"ListItem","position":3,"name":"Responsable du p\u00f4le Exploitation \u2013 Maintenance H\/F"}]},{"@type":"WebSite","@id":"https:\/\/www.monbailleur.fr\/offres-emploi\/#website","url":"https:\/\/www.monbailleur.fr\/offres-emploi\/","name":"Monbailleur.fr - Emploi","description":"Les offres d&#039;emploi du logement social","publisher":{"@id":"https:\/\/www.monbailleur.fr\/offres-emploi\/#organization"},"potentialAction":[{"@type":"SearchAction","target":{"@type":"EntryPoint","urlTemplate":"https:\/\/www.monbailleur.fr\/offres-emploi\/?s={search_term_string}"},"query-input":{"@type":"PropertyValueSpecification","valueRequired":true,"valueName":"search_term_string"}}],"inLanguage":"fr-FR"},{"@type":"Organization","@id":"https:\/\/www.monbailleur.fr\/offres-emploi\/#organization","name":"Monbailleur.fr - Emploi","url":"https:\/\/www.monbailleur.fr\/offres-emploi\/","logo":{"@type":"ImageObject","inLanguage":"fr-FR","@id":"https:\/\/www.monbailleur.fr\/offres-emploi\/#\/schema\/logo\/image\/","url":"https:\/\/www.monbailleur.fr\/offres-emploi\/wp-content\/uploads\/2023\/06\/MonBailleur-1200x675-1.png","contentUrl":"https:\/\/www.monbailleur.fr\/offres-emploi\/wp-content\/uploads\/2023\/06\/MonBailleur-1200x675-1.png","width":1200,"height":675,"caption":"Monbailleur.fr - Emploi"},"image":{"@id":"https:\/\/www.monbailleur.fr\/offres-emploi\/#\/schema\/logo\/image\/"}}]}},"_links":{"self":[{"href":"https:\/\/www.monbailleur.fr\/offres-emploi\/wp-json\/wp\/v2\/job-listings\/39616","targetHints":{"allow":["GET"]}}],"collection":[{"href":"https:\/\/www.monbailleur.fr\/offres-emploi\/wp-json\/wp\/v2\/job-listings"}],"about":[{"href":"https:\/\/www.monbailleur.fr\/offres-emploi\/wp-json\/wp\/v2\/types\/job_listing"}],"wp:featuredmedia":[{"embeddable":true,"href":"https:\/\/www.monbailleur.fr\/offres-emploi\/wp-json\/wp\/v2\/media\/3646"}],"wp:attachment":[{"href":"https:\/\/www.monbailleur.fr\/offres-emploi\/wp-json\/wp\/v2\/media?parent=39616"}],"wp:term":[{"taxonomy":"job_listing_category","embeddable":true,"href":"https:\/\/www.monbailleur.fr\/offres-emploi\/wp-json\/wp\/v2\/job-categories?post=39616"},{"taxonomy":"job_listing_type","embeddable":true,"href":"https:\/\/www.monbailleur.fr\/offres-emploi\/wp-json\/wp\/v2\/job-types?post=39616"}],"curies":[{"name":"wp","href":"https:\/\/api.w.org\/{rel}","templated":true}]}}